{"version":"1.0","provider_name":"Memurun Sesi","provider_url":"https:\/\/memurunsesi.net","author_name":"Memurun Sesi Haber Merkezi","author_url":"https:\/\/memurunsesi.net\/index.php\/author\/uniper\/","title":"Elaz\u0131\u011f\u2019da okul sporlar\u0131nda birincilik heyecan\u0131 - Memurun Sesi","type":"rich","width":600,"height":338,"html":"<blockquote class=\"wp-embedded-content\" data-secret=\"Hd6gYdNQHp\"><a href=\"https:\/\/memurunsesi.net\/index.php\/2025\/03\/02\/elazigda-okul-sporlarinda-birincilik-heyecani\/\">Elaz\u0131\u011f\u2019da okul sporlar\u0131nda birincilik heyecan\u0131<\/a><\/blockquote><iframe sandbox=\"allow-scripts\" security=\"restricted\" src=\"https:\/\/memurunsesi.net\/index.php\/2025\/03\/02\/elazigda-okul-sporlarinda-birincilik-heyecani\/embed\/#?secret=Hd6gYdNQHp\" width=\"600\" height=\"338\" title=\"&#8220;Elaz\u0131\u011f\u2019da okul sporlar\u0131nda birincilik heyecan\u0131&#8221; &#8212; Memurun Sesi\" data-secret=\"Hd6gYdNQHp\" frameborder=\"0\" marginwidth=\"0\" marginheight=\"0\" scrolling=\"no\" class=\"wp-embedded-content\"><\/iframe><script type=\"text\/javascript\">\n\/* <![CDATA[ *\/\n\/*! This file is auto-generated *\/\n!function(d,l){\"use strict\";l.querySelector&&d.addEventListener&&\"undefined\"!=typeof URL&&(d.wp=d.wp||{},d.wp.receiveEmbedMessage||(d.wp.receiveEmbedMessage=function(e){var t=e.data;if((t||t.secret||t.message||t.value)&&!\/[^a-zA-Z0-9]\/.test(t.secret)){for(var s,r,n,a=l.querySelectorAll('iframe[data-secret=\"'+t.secret+'\"]'),o=l.querySelectorAll('blockquote[data-secret=\"'+t.secret+'\"]'),c=new RegExp(\"^https?:$\",\"i\"),i=0;i<o.length;i++)o[i].style.display=\"none\";for(i=0;i<a.length;i++)s=a[i],e.source===s.contentWindow&&(s.removeAttribute(\"style\"),\"height\"===t.message?(1e3<(r=parseInt(t.value,10))?r=1e3:~~r<200&&(r=200),s.height=r):\"link\"===t.message&&(r=new URL(s.getAttribute(\"src\")),n=new URL(t.value),c.test(n.protocol))&&n.host===r.host&&l.activeElement===s&&(d.top.location.href=t.value))}},d.addEventListener(\"message\",d.wp.receiveEmbedMessage,!1),l.addEventListener(\"DOMContentLoaded\",function(){for(var e,t,s=l.querySelectorAll(\"iframe.wp-embedded-content\"),r=0;r<s.length;r++)(t=(e=s[r]).getAttribute(\"data-secret\"))||(t=Math.random().toString(36).substring(2,12),e.src+=\"#?secret=\"+t,e.setAttribute(\"data-secret\",t)),e.contentWindow.postMessage({message:\"ready\",secret:t},\"*\")},!1)))}(window,document);\n\/\/# sourceURL=https:\/\/memurunsesi.net\/wp-includes\/js\/wp-embed.min.js\n\/* ]]> *\/\n<\/script>\n","thumbnail_url":"https:\/\/memurunsesi.net\/wp-content\/uploads\/2025\/03\/AW403554_01-1.jpg","thumbnail_width":2048,"thumbnail_height":1364,"description":"Elaz\u0131\u011f\u2019da Okul Sporlar\u0131 kapsam\u0131nda Elaz\u0131\u011f\u2019da d\u00fczenlenen Voleybol T\u00fcrkiye Yar\u0131 Finali, Judo \u0130l Birincili\u011fi ve Futsal Gen\u00e7 Erkek-K\u0131z m\u00fcsabakalar\u0131 sona erdi. Okul Sporlar\u0131 kapsam\u0131nda d\u00fczenlenen Voleybol T\u00fcrkiye Yar\u0131 Finali, Judo \u0130l Birincili\u011fi ve Futsal Gen\u00e7 Erkek-K\u0131z m\u00fcsabakas\u0131, Elaz\u0131\u011f Gen\u00e7lik ve Spor \u0130l M\u00fcd\u00fcrl\u00fc\u011f\u00fc\u2019n\u00fcn ev sahipli\u011finde ger\u00e7ekle\u015ftirildi Voleybol T\u00fcrkiye Yar\u0131 Finali m\u00fcsabakas\u0131na 11 ilden 8 k\u0131z 8 [&hellip;]"}