{"version":"1.0","provider_name":"Memurun Sesi","provider_url":"https:\/\/memurunsesi.net","author_name":"Memurun Sesi Haber Merkezi","author_url":"https:\/\/memurunsesi.net\/index.php\/author\/uniper\/","title":"- Akrabalar aras\u0131ndaki kavgada kan akt\u0131: 2 yaral\u0131 - Memurun Sesi","type":"rich","width":600,"height":338,"html":"<blockquote class=\"wp-embedded-content\" data-secret=\"v9IkdOqQo6\"><a href=\"https:\/\/memurunsesi.net\/index.php\/2025\/03\/04\/akrabalar-arasindaki-kavgada-kan-akti-2-yarali\/\">&#8211; Akrabalar aras\u0131ndaki kavgada kan akt\u0131: 2 yaral\u0131<\/a><\/blockquote><iframe sandbox=\"allow-scripts\" security=\"restricted\" src=\"https:\/\/memurunsesi.net\/index.php\/2025\/03\/04\/akrabalar-arasindaki-kavgada-kan-akti-2-yarali\/embed\/#?secret=v9IkdOqQo6\" width=\"600\" height=\"338\" title=\"&#8220;&#8211; Akrabalar aras\u0131ndaki kavgada kan akt\u0131: 2 yaral\u0131&#8221; &#8212; Memurun Sesi\" data-secret=\"v9IkdOqQo6\" frameborder=\"0\" marginwidth=\"0\" marginheight=\"0\" scrolling=\"no\" class=\"wp-embedded-content\"><\/iframe><script type=\"text\/javascript\">\n\/* <![CDATA[ *\/\n\/*! This file is auto-generated *\/\n!function(d,l){\"use strict\";l.querySelector&&d.addEventListener&&\"undefined\"!=typeof URL&&(d.wp=d.wp||{},d.wp.receiveEmbedMessage||(d.wp.receiveEmbedMessage=function(e){var t=e.data;if((t||t.secret||t.message||t.value)&&!\/[^a-zA-Z0-9]\/.test(t.secret)){for(var s,r,n,a=l.querySelectorAll('iframe[data-secret=\"'+t.secret+'\"]'),o=l.querySelectorAll('blockquote[data-secret=\"'+t.secret+'\"]'),c=new RegExp(\"^https?:$\",\"i\"),i=0;i<o.length;i++)o[i].style.display=\"none\";for(i=0;i<a.length;i++)s=a[i],e.source===s.contentWindow&&(s.removeAttribute(\"style\"),\"height\"===t.message?(1e3<(r=parseInt(t.value,10))?r=1e3:~~r<200&&(r=200),s.height=r):\"link\"===t.message&&(r=new URL(s.getAttribute(\"src\")),n=new URL(t.value),c.test(n.protocol))&&n.host===r.host&&l.activeElement===s&&(d.top.location.href=t.value))}},d.addEventListener(\"message\",d.wp.receiveEmbedMessage,!1),l.addEventListener(\"DOMContentLoaded\",function(){for(var e,t,s=l.querySelectorAll(\"iframe.wp-embedded-content\"),r=0;r<s.length;r++)(t=(e=s[r]).getAttribute(\"data-secret\"))||(t=Math.random().toString(36).substring(2,12),e.src+=\"#?secret=\"+t,e.setAttribute(\"data-secret\",t)),e.contentWindow.postMessage({message:\"ready\",secret:t},\"*\")},!1)))}(window,document);\n\/\/# sourceURL=https:\/\/memurunsesi.net\/wp-includes\/js\/wp-embed.min.js\n\/* ]]> *\/\n<\/script>\n","thumbnail_url":"https:\/\/memurunsesi.net\/wp-content\/uploads\/2025\/03\/AW404577_02-scaled.jpg","thumbnail_width":2560,"thumbnail_height":1440,"description":"\u00c7orum\u2019da akraba olduklar\u0131 \u00f6\u011frenilen iki ki\u015fi aras\u0131nda \u00e7\u0131kan b\u0131\u00e7akl\u0131 kavgada 2 ki\u015fi yaraland\u0131. Olay, Mehmet Akif Ersoy 1. Sokak\u2019ta meydana geldi. Edinilen bilgiye g\u00f6re, M\u00fcsl\u00fcm A. ile akrabas\u0131 Mesut H. aras\u0131nda bilinmeyen sebeple tart\u0131\u015fma \u00e7\u0131kt\u0131. K\u0131sa s\u00fcrede b\u00fcy\u00fcyen tart\u0131\u015fma kavgaya d\u00f6n\u00fc\u015ft\u00fc. Kavga s\u0131ras\u0131nda Mesut H., b\u0131\u00e7akla M\u00fcsl\u00fcm A.\u2019y\u0131 yaralad\u0131. Kavgay\u0131 ay\u0131rmak isteyen M\u00fcsl\u00fcm A.\u2019n\u0131n e\u015fi [&hellip;]"}