{"version":"1.0","provider_name":"Memurun Sesi","provider_url":"https:\/\/memurunsesi.net","author_name":"Memurun Sesi Haber Merkezi","author_url":"https:\/\/memurunsesi.net\/index.php\/author\/uniper\/","title":"Bakan I\u015f\u0131khan \u00fcniversite \u00f6\u011frencileriyle iftar yapt\u0131 - Memurun Sesi","type":"rich","width":600,"height":338,"html":"<blockquote class=\"wp-embedded-content\" data-secret=\"J7MVEuJXDn\"><a href=\"https:\/\/memurunsesi.net\/index.php\/2025\/03\/04\/bakan-isikhan-universite-ogrencileriyle-iftar-yapti\/\">Bakan I\u015f\u0131khan \u00fcniversite \u00f6\u011frencileriyle iftar yapt\u0131<\/a><\/blockquote><iframe sandbox=\"allow-scripts\" security=\"restricted\" src=\"https:\/\/memurunsesi.net\/index.php\/2025\/03\/04\/bakan-isikhan-universite-ogrencileriyle-iftar-yapti\/embed\/#?secret=J7MVEuJXDn\" width=\"600\" height=\"338\" title=\"&#8220;Bakan I\u015f\u0131khan \u00fcniversite \u00f6\u011frencileriyle iftar yapt\u0131&#8221; &#8212; Memurun Sesi\" data-secret=\"J7MVEuJXDn\" frameborder=\"0\" marginwidth=\"0\" marginheight=\"0\" scrolling=\"no\" class=\"wp-embedded-content\"><\/iframe><script type=\"text\/javascript\">\n\/* <![CDATA[ *\/\n\/*! This file is auto-generated *\/\n!function(d,l){\"use strict\";l.querySelector&&d.addEventListener&&\"undefined\"!=typeof URL&&(d.wp=d.wp||{},d.wp.receiveEmbedMessage||(d.wp.receiveEmbedMessage=function(e){var t=e.data;if((t||t.secret||t.message||t.value)&&!\/[^a-zA-Z0-9]\/.test(t.secret)){for(var s,r,n,a=l.querySelectorAll('iframe[data-secret=\"'+t.secret+'\"]'),o=l.querySelectorAll('blockquote[data-secret=\"'+t.secret+'\"]'),c=new RegExp(\"^https?:$\",\"i\"),i=0;i<o.length;i++)o[i].style.display=\"none\";for(i=0;i<a.length;i++)s=a[i],e.source===s.contentWindow&&(s.removeAttribute(\"style\"),\"height\"===t.message?(1e3<(r=parseInt(t.value,10))?r=1e3:~~r<200&&(r=200),s.height=r):\"link\"===t.message&&(r=new URL(s.getAttribute(\"src\")),n=new URL(t.value),c.test(n.protocol))&&n.host===r.host&&l.activeElement===s&&(d.top.location.href=t.value))}},d.addEventListener(\"message\",d.wp.receiveEmbedMessage,!1),l.addEventListener(\"DOMContentLoaded\",function(){for(var e,t,s=l.querySelectorAll(\"iframe.wp-embedded-content\"),r=0;r<s.length;r++)(t=(e=s[r]).getAttribute(\"data-secret\"))||(t=Math.random().toString(36).substring(2,12),e.src+=\"#?secret=\"+t,e.setAttribute(\"data-secret\",t)),e.contentWindow.postMessage({message:\"ready\",secret:t},\"*\")},!1)))}(window,document);\n\/\/# sourceURL=https:\/\/memurunsesi.net\/wp-includes\/js\/wp-embed.min.js\n\/* ]]> *\/\n<\/script>\n","thumbnail_url":"https:\/\/memurunsesi.net\/wp-content\/uploads\/2025\/03\/AW404502_01.jpg","thumbnail_width":1600,"thumbnail_height":1201,"description":"\u00c7al\u0131\u015fma ve Sosyal G\u00fcvenlik Bakan\u0131 Vedat I\u015f\u0131khan, Hacettepe \u00dcniversitesi yemekhanesinde d\u00fczenlenen iftar program\u0131nda \u00f6\u011frencilerle bir araya geldi. Hacettepe \u00dcniversitesi \u00f6\u011frenci yemekhanesinde d\u00fczenlenen iftar program\u0131na kat\u0131lan Bakan I\u015f\u0131khan, \u00fcniversitenin Rekt\u00f6r\u00fc Prof. Dr. Mehmet Cahit G\u00fcran ile birlikte \u00f6\u011frencilere yemek s\u0131ras\u0131nda e\u015flik etti. Ard\u0131ndan \u00f6\u011frencilerle birlikte masaya oturan Bakan I\u015f\u0131khan, ezan\u0131n okunmas\u0131yla orucunu a\u00e7t\u0131. Kendisi de Hacettepe [&hellip;]"}