{"version":"1.0","provider_name":"Memurun Sesi","provider_url":"https:\/\/memurunsesi.net","author_name":"Memurun Sesi Haber Merkezi","author_url":"https:\/\/memurunsesi.net\/index.php\/author\/uniper\/","title":"G\u00fczelk\u00f6yl\u00fcler B\u00fcy\u00fck\u015fehir'in iftar\u0131nda bulu\u015ftu - Memurun Sesi","type":"rich","width":600,"height":338,"html":"<blockquote class=\"wp-embedded-content\" data-secret=\"qIdKYcWms4\"><a href=\"https:\/\/memurunsesi.net\/index.php\/2025\/03\/13\/guzelkoyluler-buyuksehirin-iftarinda-bulustu\/\">G\u00fczelk\u00f6yl\u00fcler B\u00fcy\u00fck\u015fehir&#8217;in iftar\u0131nda bulu\u015ftu<\/a><\/blockquote><iframe sandbox=\"allow-scripts\" security=\"restricted\" src=\"https:\/\/memurunsesi.net\/index.php\/2025\/03\/13\/guzelkoyluler-buyuksehirin-iftarinda-bulustu\/embed\/#?secret=qIdKYcWms4\" width=\"600\" height=\"338\" title=\"&#8220;G\u00fczelk\u00f6yl\u00fcler B\u00fcy\u00fck\u015fehir&#8217;in iftar\u0131nda bulu\u015ftu&#8221; &#8212; Memurun Sesi\" data-secret=\"qIdKYcWms4\" frameborder=\"0\" marginwidth=\"0\" marginheight=\"0\" scrolling=\"no\" class=\"wp-embedded-content\"><\/iframe><script type=\"text\/javascript\">\n\/* <![CDATA[ *\/\n\/*! This file is auto-generated *\/\n!function(d,l){\"use strict\";l.querySelector&&d.addEventListener&&\"undefined\"!=typeof URL&&(d.wp=d.wp||{},d.wp.receiveEmbedMessage||(d.wp.receiveEmbedMessage=function(e){var t=e.data;if((t||t.secret||t.message||t.value)&&!\/[^a-zA-Z0-9]\/.test(t.secret)){for(var s,r,n,a=l.querySelectorAll('iframe[data-secret=\"'+t.secret+'\"]'),o=l.querySelectorAll('blockquote[data-secret=\"'+t.secret+'\"]'),c=new RegExp(\"^https?:$\",\"i\"),i=0;i<o.length;i++)o[i].style.display=\"none\";for(i=0;i<a.length;i++)s=a[i],e.source===s.contentWindow&&(s.removeAttribute(\"style\"),\"height\"===t.message?(1e3<(r=parseInt(t.value,10))?r=1e3:~~r<200&&(r=200),s.height=r):\"link\"===t.message&&(r=new URL(s.getAttribute(\"src\")),n=new URL(t.value),c.test(n.protocol))&&n.host===r.host&&l.activeElement===s&&(d.top.location.href=t.value))}},d.addEventListener(\"message\",d.wp.receiveEmbedMessage,!1),l.addEventListener(\"DOMContentLoaded\",function(){for(var e,t,s=l.querySelectorAll(\"iframe.wp-embedded-content\"),r=0;r<s.length;r++)(t=(e=s[r]).getAttribute(\"data-secret\"))||(t=Math.random().toString(36).substring(2,12),e.src+=\"#?secret=\"+t,e.setAttribute(\"data-secret\",t)),e.contentWindow.postMessage({message:\"ready\",secret:t},\"*\")},!1)))}(window,document);\n\/\/# sourceURL=https:\/\/memurunsesi.net\/wp-includes\/js\/wp-embed.min.js\n\/* ]]> *\/\n<\/script>\n","thumbnail_url":"https:\/\/memurunsesi.net\/wp-content\/uploads\/2025\/03\/AW411149_03-scaled.jpg","thumbnail_width":2560,"thumbnail_height":1707,"description":"Ayd\u0131n B\u00fcy\u00fck\u015fehir Belediyesi, Ramazan ay\u0131n\u0131n manevi atmosferini payla\u015fmak ve dayan\u0131\u015fma ruhunu g\u00fc\u00e7lendirmek amac\u0131yla il genelinde iftar sofralar\u0131 kurmaya devam ediyor. Ramazan ay\u0131 ile birlikte halk\u0131 bir araya getirmek ve kayna\u015ft\u0131rmak amac\u0131yla iftar sofralar\u0131 kurmaya devam eden Ayd\u0131n B\u00fcy\u00fck\u015fehir Belediyesi, Nazilli&#8217;nin k\u0131rsal G\u00fczelk\u00f6y Mahallesi&#8217;nde kurdu\u011fu iftar sofras\u0131 ile b\u00fcy\u00fck takdir toplad\u0131. Nazilli Belediye Ba\u015fkan Yard\u0131mc\u0131s\u0131 Selahattin [&hellip;]"}