{"version":"1.0","provider_name":"Memurun Sesi","provider_url":"https:\/\/memurunsesi.net","author_name":"Memurun Sesi Haber Merkezi","author_url":"https:\/\/memurunsesi.net\/index.php\/author\/uniper\/","title":"Kars \u00c7\u0131ld\u0131r G\u00f6l\u00fc'nde atl\u0131 k\u0131zak seferleri devam ediyor - Memurun Sesi","type":"rich","width":600,"height":338,"html":"<blockquote class=\"wp-embedded-content\" data-secret=\"s1oFwbCqek\"><a href=\"https:\/\/memurunsesi.net\/index.php\/2025\/03\/17\/kars-cildir-golunde-atli-kizak-seferleri-devam-ediyor\/\">Kars \u00c7\u0131ld\u0131r G\u00f6l\u00fc&#8217;nde atl\u0131 k\u0131zak seferleri devam ediyor<\/a><\/blockquote><iframe sandbox=\"allow-scripts\" security=\"restricted\" src=\"https:\/\/memurunsesi.net\/index.php\/2025\/03\/17\/kars-cildir-golunde-atli-kizak-seferleri-devam-ediyor\/embed\/#?secret=s1oFwbCqek\" width=\"600\" height=\"338\" title=\"&#8220;Kars \u00c7\u0131ld\u0131r G\u00f6l\u00fc&#8217;nde atl\u0131 k\u0131zak seferleri devam ediyor&#8221; &#8212; Memurun Sesi\" data-secret=\"s1oFwbCqek\" frameborder=\"0\" marginwidth=\"0\" marginheight=\"0\" scrolling=\"no\" class=\"wp-embedded-content\"><\/iframe><script type=\"text\/javascript\">\n\/* <![CDATA[ *\/\n\/*! This file is auto-generated *\/\n!function(d,l){\"use strict\";l.querySelector&&d.addEventListener&&\"undefined\"!=typeof URL&&(d.wp=d.wp||{},d.wp.receiveEmbedMessage||(d.wp.receiveEmbedMessage=function(e){var t=e.data;if((t||t.secret||t.message||t.value)&&!\/[^a-zA-Z0-9]\/.test(t.secret)){for(var s,r,n,a=l.querySelectorAll('iframe[data-secret=\"'+t.secret+'\"]'),o=l.querySelectorAll('blockquote[data-secret=\"'+t.secret+'\"]'),c=new RegExp(\"^https?:$\",\"i\"),i=0;i<o.length;i++)o[i].style.display=\"none\";for(i=0;i<a.length;i++)s=a[i],e.source===s.contentWindow&&(s.removeAttribute(\"style\"),\"height\"===t.message?(1e3<(r=parseInt(t.value,10))?r=1e3:~~r<200&&(r=200),s.height=r):\"link\"===t.message&&(r=new URL(s.getAttribute(\"src\")),n=new URL(t.value),c.test(n.protocol))&&n.host===r.host&&l.activeElement===s&&(d.top.location.href=t.value))}},d.addEventListener(\"message\",d.wp.receiveEmbedMessage,!1),l.addEventListener(\"DOMContentLoaded\",function(){for(var e,t,s=l.querySelectorAll(\"iframe.wp-embedded-content\"),r=0;r<s.length;r++)(t=(e=s[r]).getAttribute(\"data-secret\"))||(t=Math.random().toString(36).substring(2,12),e.src+=\"#?secret=\"+t,e.setAttribute(\"data-secret\",t)),e.contentWindow.postMessage({message:\"ready\",secret:t},\"*\")},!1)))}(window,document);\n\/\/# sourceURL=https:\/\/memurunsesi.net\/wp-includes\/js\/wp-embed.min.js\n\/* ]]> *\/\n<\/script>\n","thumbnail_url":"https:\/\/memurunsesi.net\/wp-content\/uploads\/2025\/03\/AW413871_01.jpg","thumbnail_width":1600,"thumbnail_height":739,"description":"Kars&#8217;\u0131n do\u011fa harikas\u0131 \u00c7\u0131ld\u0131r G\u00f6l\u00fc, k\u0131\u015f\u0131n donan y\u00fczeyiyle ziyaret\u00e7ilerine e\u015fsiz bir deneyim sunmaya devam ediyor. Buzla kaplanan g\u00f6lde d\u00fczenlenen atl\u0131 k\u0131zak seferleri, yerli ve yabanc\u0131 turistlerden b\u00fcy\u00fck ilgi g\u00f6r\u00fcyor. Her y\u0131l Aral\u0131k ay\u0131ndan itibaren ba\u015flayan ve Mart ay\u0131na kadar s\u00fcren bu keyifli etkinlik, b\u00f6lgenin turizmine de b\u00fcy\u00fck katk\u0131 sa\u011fl\u0131yor. Atlar\u0131n \u00e7ekti\u011fi k\u0131zaklarla g\u00f6l \u00fczerinde yap\u0131lan [&hellip;]"}