{"version":"1.0","provider_name":"Memurun Sesi","provider_url":"https:\/\/memurunsesi.net","author_name":"Memurun Sesi Haber Merkezi","author_url":"https:\/\/memurunsesi.net\/index.php\/author\/uniper\/","title":"Uzmanlardan bayramda beslenme uyar\u0131s\u0131 - Memurun Sesi","type":"rich","width":600,"height":338,"html":"<blockquote class=\"wp-embedded-content\" data-secret=\"3rU4GQ2Aao\"><a href=\"https:\/\/memurunsesi.net\/index.php\/2025\/03\/24\/uzmanlardan-bayramda-beslenme-uyarisi\/\">Uzmanlardan bayramda beslenme uyar\u0131s\u0131<\/a><\/blockquote><iframe sandbox=\"allow-scripts\" security=\"restricted\" src=\"https:\/\/memurunsesi.net\/index.php\/2025\/03\/24\/uzmanlardan-bayramda-beslenme-uyarisi\/embed\/#?secret=3rU4GQ2Aao\" width=\"600\" height=\"338\" title=\"&#8220;Uzmanlardan bayramda beslenme uyar\u0131s\u0131&#8221; &#8212; Memurun Sesi\" data-secret=\"3rU4GQ2Aao\" frameborder=\"0\" marginwidth=\"0\" marginheight=\"0\" scrolling=\"no\" class=\"wp-embedded-content\"><\/iframe><script type=\"text\/javascript\">\n\/* <![CDATA[ *\/\n\/*! This file is auto-generated *\/\n!function(d,l){\"use strict\";l.querySelector&&d.addEventListener&&\"undefined\"!=typeof URL&&(d.wp=d.wp||{},d.wp.receiveEmbedMessage||(d.wp.receiveEmbedMessage=function(e){var t=e.data;if((t||t.secret||t.message||t.value)&&!\/[^a-zA-Z0-9]\/.test(t.secret)){for(var s,r,n,a=l.querySelectorAll('iframe[data-secret=\"'+t.secret+'\"]'),o=l.querySelectorAll('blockquote[data-secret=\"'+t.secret+'\"]'),c=new RegExp(\"^https?:$\",\"i\"),i=0;i<o.length;i++)o[i].style.display=\"none\";for(i=0;i<a.length;i++)s=a[i],e.source===s.contentWindow&&(s.removeAttribute(\"style\"),\"height\"===t.message?(1e3<(r=parseInt(t.value,10))?r=1e3:~~r<200&&(r=200),s.height=r):\"link\"===t.message&&(r=new URL(s.getAttribute(\"src\")),n=new URL(t.value),c.test(n.protocol))&&n.host===r.host&&l.activeElement===s&&(d.top.location.href=t.value))}},d.addEventListener(\"message\",d.wp.receiveEmbedMessage,!1),l.addEventListener(\"DOMContentLoaded\",function(){for(var e,t,s=l.querySelectorAll(\"iframe.wp-embedded-content\"),r=0;r<s.length;r++)(t=(e=s[r]).getAttribute(\"data-secret\"))||(t=Math.random().toString(36).substring(2,12),e.src+=\"#?secret=\"+t,e.setAttribute(\"data-secret\",t)),e.contentWindow.postMessage({message:\"ready\",secret:t},\"*\")},!1)))}(window,document);\n\/\/# sourceURL=https:\/\/memurunsesi.net\/wp-includes\/js\/wp-embed.min.js\n\/* ]]> *\/\n<\/script>\n","thumbnail_url":"https:\/\/memurunsesi.net\/wp-content\/uploads\/2025\/03\/AW418743_01-scaled.jpg","thumbnail_width":2560,"thumbnail_height":1440,"description":"Uzmanlar, yakla\u015fan Ramazan Bayram\u0131 \u00f6ncesi t\u00fcketimin g\u00fcne yay\u0131lmas\u0131 \u00f6nerisinde bulundu. Ye\u015filyurt \u00c7armuzu Sa\u011fl\u0131kl\u0131 Hayat Merkezi&#8217;nde g\u00f6rev yapan Diyetisyen Hekim Faruk Atalan, Ramazan ay\u0131nda beslenme al\u0131\u015fkanl\u0131klar\u0131n\u0131n de\u011fi\u015fti\u011fini kaydederek, bayramla birlikte bu al\u0131\u015fkanl\u0131klarda yeniden bir de\u011fi\u015fim s\u00f6z konusu olaca\u011f\u0131n\u0131, t\u00fcketimin belirli aral\u0131klarla ger\u00e7ekle\u015ftirilmesinin \u00f6nemine vurgu yapt\u0131. Bayramda kahvalt\u0131n\u0131n g\u00fcn\u00fcn en \u00f6nemli ayr\u0131nt\u0131s\u0131 oldu\u011funu belirten Faruk Atalan, k\u0131zartma [&hellip;]"}