{"version":"1.0","provider_name":"Memurun Sesi","provider_url":"https:\/\/memurunsesi.net","author_name":"Memurun Sesi Haber Merkezi","author_url":"https:\/\/memurunsesi.net\/index.php\/author\/uniper\/","title":"Alia\u011fal\u0131 karateciler Ku\u015fadas\u0131\u2019ndan 5 madalya ile d\u00f6nd\u00fc - Memurun Sesi","type":"rich","width":600,"height":338,"html":"<blockquote class=\"wp-embedded-content\" data-secret=\"syWBqCoqiF\"><a href=\"https:\/\/memurunsesi.net\/index.php\/2025\/03\/25\/aliagali-karateciler-kusadasindan-5-madalya-ile-dondu\/\">Alia\u011fal\u0131 karateciler Ku\u015fadas\u0131\u2019ndan 5 madalya ile d\u00f6nd\u00fc<\/a><\/blockquote><iframe sandbox=\"allow-scripts\" security=\"restricted\" src=\"https:\/\/memurunsesi.net\/index.php\/2025\/03\/25\/aliagali-karateciler-kusadasindan-5-madalya-ile-dondu\/embed\/#?secret=syWBqCoqiF\" width=\"600\" height=\"338\" title=\"&#8220;Alia\u011fal\u0131 karateciler Ku\u015fadas\u0131\u2019ndan 5 madalya ile d\u00f6nd\u00fc&#8221; &#8212; Memurun Sesi\" data-secret=\"syWBqCoqiF\" frameborder=\"0\" marginwidth=\"0\" marginheight=\"0\" scrolling=\"no\" class=\"wp-embedded-content\"><\/iframe><script type=\"text\/javascript\">\n\/* <![CDATA[ *\/\n\/*! This file is auto-generated *\/\n!function(d,l){\"use strict\";l.querySelector&&d.addEventListener&&\"undefined\"!=typeof URL&&(d.wp=d.wp||{},d.wp.receiveEmbedMessage||(d.wp.receiveEmbedMessage=function(e){var t=e.data;if((t||t.secret||t.message||t.value)&&!\/[^a-zA-Z0-9]\/.test(t.secret)){for(var s,r,n,a=l.querySelectorAll('iframe[data-secret=\"'+t.secret+'\"]'),o=l.querySelectorAll('blockquote[data-secret=\"'+t.secret+'\"]'),c=new RegExp(\"^https?:$\",\"i\"),i=0;i<o.length;i++)o[i].style.display=\"none\";for(i=0;i<a.length;i++)s=a[i],e.source===s.contentWindow&&(s.removeAttribute(\"style\"),\"height\"===t.message?(1e3<(r=parseInt(t.value,10))?r=1e3:~~r<200&&(r=200),s.height=r):\"link\"===t.message&&(r=new URL(s.getAttribute(\"src\")),n=new URL(t.value),c.test(n.protocol))&&n.host===r.host&&l.activeElement===s&&(d.top.location.href=t.value))}},d.addEventListener(\"message\",d.wp.receiveEmbedMessage,!1),l.addEventListener(\"DOMContentLoaded\",function(){for(var e,t,s=l.querySelectorAll(\"iframe.wp-embedded-content\"),r=0;r<s.length;r++)(t=(e=s[r]).getAttribute(\"data-secret\"))||(t=Math.random().toString(36).substring(2,12),e.src+=\"#?secret=\"+t,e.setAttribute(\"data-secret\",t)),e.contentWindow.postMessage({message:\"ready\",secret:t},\"*\")},!1)))}(window,document);\n\/\/# sourceURL=https:\/\/memurunsesi.net\/wp-includes\/js\/wp-embed.min.js\n\/* ]]> *\/\n<\/script>\n","thumbnail_url":"https:\/\/memurunsesi.net\/wp-content\/uploads\/2025\/03\/AW419430_01.jpg","thumbnail_width":1533,"thumbnail_height":1145,"description":"Alia\u011fa Belediyesi Spor Okullar\u0131 b\u00fcnyesinde e\u011fitim g\u00f6ren karate kursunun \u00f6\u011frencileri, Ku\u015fadas\u0131\u2019nda d\u00fczenlenen Open Cup 2025 turnuvas\u0131nda 5 madalya birden kazand\u0131. Alia\u011fa Belediyesi Spor Okullar\u0131\u2019nda Nezahat Aksu ve Caner Karaca\u2019n\u0131n antren\u00f6rl\u00fc\u011f\u00fcnde e\u011fitim g\u00f6ren karate kursu \u00f6\u011frencileri ba\u015far\u0131lar\u0131n\u0131 kat\u0131ld\u0131klar\u0131 turnuvalarla kan\u0131tlamaya devam ediyor. Karate Kursu \u00f6\u011frencileri, T\u00fcrkiye Karate Federasyonu taraf\u0131ndan 23 Mart\u2019ta Ku\u015fadas\u0131\u2019nda d\u00fczenlenen Open Cup 2025 [&hellip;]"}