{"version":"1.0","provider_name":"Memurun Sesi","provider_url":"https:\/\/memurunsesi.net","author_name":"Memurun Sesi Haber Merkezi","author_url":"https:\/\/memurunsesi.net\/index.php\/author\/uniper\/","title":"Esenyurt\u2019a yeni Sa\u011fl\u0131kl\u0131 Ya\u015fam Merkezi - Memurun Sesi","type":"rich","width":600,"height":338,"html":"<blockquote class=\"wp-embedded-content\" data-secret=\"SOvHSUPIM2\"><a href=\"https:\/\/memurunsesi.net\/index.php\/2025\/03\/25\/esenyurta-yeni-saglikli-yasam-merkezi\/\">Esenyurt\u2019a yeni Sa\u011fl\u0131kl\u0131 Ya\u015fam Merkezi<\/a><\/blockquote><iframe sandbox=\"allow-scripts\" security=\"restricted\" src=\"https:\/\/memurunsesi.net\/index.php\/2025\/03\/25\/esenyurta-yeni-saglikli-yasam-merkezi\/embed\/#?secret=SOvHSUPIM2\" width=\"600\" height=\"338\" title=\"&#8220;Esenyurt\u2019a yeni Sa\u011fl\u0131kl\u0131 Ya\u015fam Merkezi&#8221; &#8212; Memurun Sesi\" data-secret=\"SOvHSUPIM2\" frameborder=\"0\" marginwidth=\"0\" marginheight=\"0\" scrolling=\"no\" class=\"wp-embedded-content\"><\/iframe><script type=\"text\/javascript\">\n\/* <![CDATA[ *\/\n\/*! This file is auto-generated *\/\n!function(d,l){\"use strict\";l.querySelector&&d.addEventListener&&\"undefined\"!=typeof URL&&(d.wp=d.wp||{},d.wp.receiveEmbedMessage||(d.wp.receiveEmbedMessage=function(e){var t=e.data;if((t||t.secret||t.message||t.value)&&!\/[^a-zA-Z0-9]\/.test(t.secret)){for(var s,r,n,a=l.querySelectorAll('iframe[data-secret=\"'+t.secret+'\"]'),o=l.querySelectorAll('blockquote[data-secret=\"'+t.secret+'\"]'),c=new RegExp(\"^https?:$\",\"i\"),i=0;i<o.length;i++)o[i].style.display=\"none\";for(i=0;i<a.length;i++)s=a[i],e.source===s.contentWindow&&(s.removeAttribute(\"style\"),\"height\"===t.message?(1e3<(r=parseInt(t.value,10))?r=1e3:~~r<200&&(r=200),s.height=r):\"link\"===t.message&&(r=new URL(s.getAttribute(\"src\")),n=new URL(t.value),c.test(n.protocol))&&n.host===r.host&&l.activeElement===s&&(d.top.location.href=t.value))}},d.addEventListener(\"message\",d.wp.receiveEmbedMessage,!1),l.addEventListener(\"DOMContentLoaded\",function(){for(var e,t,s=l.querySelectorAll(\"iframe.wp-embedded-content\"),r=0;r<s.length;r++)(t=(e=s[r]).getAttribute(\"data-secret\"))||(t=Math.random().toString(36).substring(2,12),e.src+=\"#?secret=\"+t,e.setAttribute(\"data-secret\",t)),e.contentWindow.postMessage({message:\"ready\",secret:t},\"*\")},!1)))}(window,document);\n\/\/# sourceURL=https:\/\/memurunsesi.net\/wp-includes\/js\/wp-embed.min.js\n\/* ]]> *\/\n<\/script>\n","thumbnail_url":"https:\/\/memurunsesi.net\/wp-content\/uploads\/2025\/03\/AW419470_01-scaled.jpg","thumbnail_width":2560,"thumbnail_height":1707,"description":"Esenyurt Belediye Ba\u015fkan Vekili Can Aksoy\u2019un giri\u015fimleriyle yakla\u015f\u0131k 4 bin 700 metrekarelik at\u0131l alan Sa\u011fl\u0131kl\u0131 Ya\u015fam Merkezi\u2019ne d\u00f6n\u00fc\u015ft\u00fcr\u00fclecek. Esenyurt \u0130stiklal Mahallesi\u2019ndeki yakla\u015f\u0131k 4 bin 700 metrekarelik at\u0131l alan, Belediye Ba\u015fkan Vekili Can Aksoy\u2019un giri\u015fimleriyle Sa\u011fl\u0131kl\u0131 Ya\u015fam Merkezi\u2019ne d\u00f6n\u00fc\u015ft\u00fcr\u00fclecek. Esenyurt Kaymakam\u0131 Fatih \u00c7obano\u011flu ve \u0130l\u00e7e Sa\u011fl\u0131k M\u00fcd\u00fcr\u00fc Oktay Dokuz ile birlikte \u0130stiklal Mahallesi\u2019ndeki yap\u0131da incelemelerde bulunan [&hellip;]"}