{"version":"1.0","provider_name":"Memurun Sesi","provider_url":"https:\/\/memurunsesi.net","author_name":"Memurun Sesi Haber Merkezi","author_url":"https:\/\/memurunsesi.net\/index.php\/author\/uniper\/","title":"Gen\u00e7ler yeteneklerini ke\u015ffediyor - Memurun Sesi","type":"rich","width":600,"height":338,"html":"<blockquote class=\"wp-embedded-content\" data-secret=\"R1XI4xYY7D\"><a href=\"https:\/\/memurunsesi.net\/index.php\/2025\/03\/25\/gencler-yeteneklerini-kesfediyor\/\">Gen\u00e7ler yeteneklerini ke\u015ffediyor<\/a><\/blockquote><iframe sandbox=\"allow-scripts\" security=\"restricted\" src=\"https:\/\/memurunsesi.net\/index.php\/2025\/03\/25\/gencler-yeteneklerini-kesfediyor\/embed\/#?secret=R1XI4xYY7D\" width=\"600\" height=\"338\" title=\"&#8220;Gen\u00e7ler yeteneklerini ke\u015ffediyor&#8221; &#8212; Memurun Sesi\" data-secret=\"R1XI4xYY7D\" frameborder=\"0\" marginwidth=\"0\" marginheight=\"0\" scrolling=\"no\" class=\"wp-embedded-content\"><\/iframe><script type=\"text\/javascript\">\n\/* <![CDATA[ *\/\n\/*! This file is auto-generated *\/\n!function(d,l){\"use strict\";l.querySelector&&d.addEventListener&&\"undefined\"!=typeof URL&&(d.wp=d.wp||{},d.wp.receiveEmbedMessage||(d.wp.receiveEmbedMessage=function(e){var t=e.data;if((t||t.secret||t.message||t.value)&&!\/[^a-zA-Z0-9]\/.test(t.secret)){for(var s,r,n,a=l.querySelectorAll('iframe[data-secret=\"'+t.secret+'\"]'),o=l.querySelectorAll('blockquote[data-secret=\"'+t.secret+'\"]'),c=new RegExp(\"^https?:$\",\"i\"),i=0;i<o.length;i++)o[i].style.display=\"none\";for(i=0;i<a.length;i++)s=a[i],e.source===s.contentWindow&&(s.removeAttribute(\"style\"),\"height\"===t.message?(1e3<(r=parseInt(t.value,10))?r=1e3:~~r<200&&(r=200),s.height=r):\"link\"===t.message&&(r=new URL(s.getAttribute(\"src\")),n=new URL(t.value),c.test(n.protocol))&&n.host===r.host&&l.activeElement===s&&(d.top.location.href=t.value))}},d.addEventListener(\"message\",d.wp.receiveEmbedMessage,!1),l.addEventListener(\"DOMContentLoaded\",function(){for(var e,t,s=l.querySelectorAll(\"iframe.wp-embedded-content\"),r=0;r<s.length;r++)(t=(e=s[r]).getAttribute(\"data-secret\"))||(t=Math.random().toString(36).substring(2,12),e.src+=\"#?secret=\"+t,e.setAttribute(\"data-secret\",t)),e.contentWindow.postMessage({message:\"ready\",secret:t},\"*\")},!1)))}(window,document);\n\/\/# sourceURL=https:\/\/memurunsesi.net\/wp-includes\/js\/wp-embed.min.js\n\/* ]]> *\/\n<\/script>\n","thumbnail_url":"https:\/\/memurunsesi.net\/wp-content\/uploads\/2025\/03\/AW419452_01.jpg","thumbnail_width":1280,"thumbnail_height":853,"description":"Kartepe&#8217;de lise \u00f6\u011frencilerinin bireysel geli\u015fimlerini desteklemek amac\u0131yla d\u00fczenlenen etkinlikte gen\u00e7ler yeteneklerini sergileme f\u0131rsat\u0131 buldu. Kartepe Belediye Ba\u015fkan\u0131 Mustafa Kocaman\u2019\u0131n liderli\u011finde, gen\u00e7lik ve spor m\u00fcd\u00fcrl\u00fc\u011f\u00fc taraf\u0131ndan d\u00fczenlenen Ko\u00e7luk E\u011fitimi ve Sanat At\u00f6lyesi etkinli\u011fi b\u00fcy\u00fck kat\u0131l\u0131mla yap\u0131ld\u0131. Bu organizasyon, Kartepe\u2019nin do\u011fal g\u00fczelliklerinden olan Derbent Gen\u00e7lik Kamp\u0131\u2019nda ger\u00e7ekle\u015ftirildi. Gen\u00e7lerin bireysel geli\u015fimlerini desteklemek ve yeteneklerini sergileyebilecekleri zemin olu\u015fturmak amac\u0131yla [&hellip;]"}