{"version":"1.0","provider_name":"Memurun Sesi","provider_url":"https:\/\/memurunsesi.net","author_name":"Memurun Sesi Haber Merkezi","author_url":"https:\/\/memurunsesi.net\/index.php\/author\/uniper\/","title":"Bursa'da takla atan otomobildeki 2 ki\u015fi yaraland\u0131 - Memurun Sesi","type":"rich","width":600,"height":338,"html":"<blockquote class=\"wp-embedded-content\" data-secret=\"XJOekCYngF\"><a href=\"https:\/\/memurunsesi.net\/index.php\/2025\/03\/26\/bursada-takla-atan-otomobildeki-2-kisi-yaralandi\/\">Bursa&#8217;da takla atan otomobildeki 2 ki\u015fi yaraland\u0131<\/a><\/blockquote><iframe sandbox=\"allow-scripts\" security=\"restricted\" src=\"https:\/\/memurunsesi.net\/index.php\/2025\/03\/26\/bursada-takla-atan-otomobildeki-2-kisi-yaralandi\/embed\/#?secret=XJOekCYngF\" width=\"600\" height=\"338\" title=\"&#8220;Bursa&#8217;da takla atan otomobildeki 2 ki\u015fi yaraland\u0131&#8221; &#8212; Memurun Sesi\" data-secret=\"XJOekCYngF\" frameborder=\"0\" marginwidth=\"0\" marginheight=\"0\" scrolling=\"no\" class=\"wp-embedded-content\"><\/iframe><script type=\"text\/javascript\">\n\/* <![CDATA[ *\/\n\/*! This file is auto-generated *\/\n!function(d,l){\"use strict\";l.querySelector&&d.addEventListener&&\"undefined\"!=typeof URL&&(d.wp=d.wp||{},d.wp.receiveEmbedMessage||(d.wp.receiveEmbedMessage=function(e){var t=e.data;if((t||t.secret||t.message||t.value)&&!\/[^a-zA-Z0-9]\/.test(t.secret)){for(var s,r,n,a=l.querySelectorAll('iframe[data-secret=\"'+t.secret+'\"]'),o=l.querySelectorAll('blockquote[data-secret=\"'+t.secret+'\"]'),c=new RegExp(\"^https?:$\",\"i\"),i=0;i<o.length;i++)o[i].style.display=\"none\";for(i=0;i<a.length;i++)s=a[i],e.source===s.contentWindow&&(s.removeAttribute(\"style\"),\"height\"===t.message?(1e3<(r=parseInt(t.value,10))?r=1e3:~~r<200&&(r=200),s.height=r):\"link\"===t.message&&(r=new URL(s.getAttribute(\"src\")),n=new URL(t.value),c.test(n.protocol))&&n.host===r.host&&l.activeElement===s&&(d.top.location.href=t.value))}},d.addEventListener(\"message\",d.wp.receiveEmbedMessage,!1),l.addEventListener(\"DOMContentLoaded\",function(){for(var e,t,s=l.querySelectorAll(\"iframe.wp-embedded-content\"),r=0;r<s.length;r++)(t=(e=s[r]).getAttribute(\"data-secret\"))||(t=Math.random().toString(36).substring(2,12),e.src+=\"#?secret=\"+t,e.setAttribute(\"data-secret\",t)),e.contentWindow.postMessage({message:\"ready\",secret:t},\"*\")},!1)))}(window,document);\n\/\/# sourceURL=https:\/\/memurunsesi.net\/wp-includes\/js\/wp-embed.min.js\n\/* ]]> *\/\n<\/script>\n","thumbnail_url":"https:\/\/memurunsesi.net\/wp-content\/uploads\/2025\/03\/AW420097_01.jpg","thumbnail_width":1080,"thumbnail_height":931,"description":"Bursa&#8217;n\u0131n Mudanya il\u00e7esinde orta ref\u00fcje \u00e7arp\u0131p takla atan otomobildeki 2 ki\u015fi yaraland\u0131. Kaza, Mudanya il\u00e7esi G\u00fczelyal\u0131 Kav\u015fa\u011f\u0131&#8217;nda meydana geldi. \u0130.F.T. idaresindeki 16 JLS 90 plakal\u0131 Fiat Punto marka otomobil, s\u00fcr\u00fcc\u00fcn\u00fcn direksiyon hakimiyetini kaybetmesiyle orta ref\u00fcje \u00e7arp\u0131p takla att\u0131ktan sonra ayd\u0131nlatma dire\u011fine \u00e7arparak durabildi. Kazada s\u00fcr\u00fcc\u00fc ve yolcu konumunda bulunan bir ki\u015fi yaraland\u0131. \u0130hbar \u00fczerine olay [&hellip;]"}