{"version":"1.0","provider_name":"Memurun Sesi","provider_url":"https:\/\/memurunsesi.net","author_name":"Memurun Sesi Haber Merkezi","author_url":"https:\/\/memurunsesi.net\/index.php\/author\/uniper\/","title":"Cizre'de \u00e7\u0131kan yang\u0131nda fabrika k\u00fcle d\u00f6nd\u00fc - Memurun Sesi","type":"rich","width":600,"height":338,"html":"<blockquote class=\"wp-embedded-content\" data-secret=\"sL4tmeo55V\"><a href=\"https:\/\/memurunsesi.net\/index.php\/2025\/03\/30\/cizrede-cikan-yanginda-fabrika-kule-dondu\/\">Cizre&#8217;de \u00e7\u0131kan yang\u0131nda fabrika k\u00fcle d\u00f6nd\u00fc<\/a><\/blockquote><iframe sandbox=\"allow-scripts\" security=\"restricted\" src=\"https:\/\/memurunsesi.net\/index.php\/2025\/03\/30\/cizrede-cikan-yanginda-fabrika-kule-dondu\/embed\/#?secret=sL4tmeo55V\" width=\"600\" height=\"338\" title=\"&#8220;Cizre&#8217;de \u00e7\u0131kan yang\u0131nda fabrika k\u00fcle d\u00f6nd\u00fc&#8221; &#8212; Memurun Sesi\" data-secret=\"sL4tmeo55V\" frameborder=\"0\" marginwidth=\"0\" marginheight=\"0\" scrolling=\"no\" class=\"wp-embedded-content\"><\/iframe><script type=\"text\/javascript\">\n\/* <![CDATA[ *\/\n\/*! This file is auto-generated *\/\n!function(d,l){\"use strict\";l.querySelector&&d.addEventListener&&\"undefined\"!=typeof URL&&(d.wp=d.wp||{},d.wp.receiveEmbedMessage||(d.wp.receiveEmbedMessage=function(e){var t=e.data;if((t||t.secret||t.message||t.value)&&!\/[^a-zA-Z0-9]\/.test(t.secret)){for(var s,r,n,a=l.querySelectorAll('iframe[data-secret=\"'+t.secret+'\"]'),o=l.querySelectorAll('blockquote[data-secret=\"'+t.secret+'\"]'),c=new RegExp(\"^https?:$\",\"i\"),i=0;i<o.length;i++)o[i].style.display=\"none\";for(i=0;i<a.length;i++)s=a[i],e.source===s.contentWindow&&(s.removeAttribute(\"style\"),\"height\"===t.message?(1e3<(r=parseInt(t.value,10))?r=1e3:~~r<200&&(r=200),s.height=r):\"link\"===t.message&&(r=new URL(s.getAttribute(\"src\")),n=new URL(t.value),c.test(n.protocol))&&n.host===r.host&&l.activeElement===s&&(d.top.location.href=t.value))}},d.addEventListener(\"message\",d.wp.receiveEmbedMessage,!1),l.addEventListener(\"DOMContentLoaded\",function(){for(var e,t,s=l.querySelectorAll(\"iframe.wp-embedded-content\"),r=0;r<s.length;r++)(t=(e=s[r]).getAttribute(\"data-secret\"))||(t=Math.random().toString(36).substring(2,12),e.src+=\"#?secret=\"+t,e.setAttribute(\"data-secret\",t)),e.contentWindow.postMessage({message:\"ready\",secret:t},\"*\")},!1)))}(window,document);\n\/\/# sourceURL=https:\/\/memurunsesi.net\/wp-includes\/js\/wp-embed.min.js\n\/* ]]> *\/\n<\/script>\n","thumbnail_url":"https:\/\/memurunsesi.net\/wp-content\/uploads\/2025\/03\/AW423252_03-scaled.jpg","thumbnail_width":2560,"thumbnail_height":1920,"description":"\u015e\u0131rnak&#8217;\u0131n Cizre il\u00e7esi organize sanayi b\u00f6lgesinde \u00e7\u0131kan yang\u0131nda fabrika k\u00fcle d\u00f6nd\u00fc. Yang\u0131n, Cizre il\u00e7esi \u0130smail Ebul-iz El Cezeri organize sanayi b\u00f6lgesinde re\u00e7el ve \u015fekerleme \u00fcretimi yapan fabrikada bilinmeyen bir nedenle meydana geldi. \u0130hbar \u00fczerine olay yerine sa\u011fl\u0131k, itfaiye ve polis ekipleri sevk edildi. Yang\u0131nda can kayb\u0131 ya da yaralanma ya\u015fanmazken, fabrika tamamen kullan\u0131lamaz hale geldi. [&hellip;]"}