{"version":"1.0","provider_name":"Memurun Sesi","provider_url":"https:\/\/memurunsesi.net","author_name":"Memurun Sesi Haber Merkezi","author_url":"https:\/\/memurunsesi.net\/index.php\/author\/uniper\/","title":"Vali \u00c7elik'ten uygulama noktalar\u0131na bayram ziyareti - Memurun Sesi","type":"rich","width":600,"height":338,"html":"<blockquote class=\"wp-embedded-content\" data-secret=\"VSuIzLX2M6\"><a href=\"https:\/\/memurunsesi.net\/index.php\/2025\/03\/31\/vali-celikten-uygulama-noktalarina-bayram-ziyareti\/\">Vali \u00c7elik&#8217;ten uygulama noktalar\u0131na bayram ziyareti<\/a><\/blockquote><iframe sandbox=\"allow-scripts\" security=\"restricted\" src=\"https:\/\/memurunsesi.net\/index.php\/2025\/03\/31\/vali-celikten-uygulama-noktalarina-bayram-ziyareti\/embed\/#?secret=VSuIzLX2M6\" width=\"600\" height=\"338\" title=\"&#8220;Vali \u00c7elik&#8217;ten uygulama noktalar\u0131na bayram ziyareti&#8221; &#8212; Memurun Sesi\" data-secret=\"VSuIzLX2M6\" frameborder=\"0\" marginwidth=\"0\" marginheight=\"0\" scrolling=\"no\" class=\"wp-embedded-content\"><\/iframe><script type=\"text\/javascript\">\n\/* <![CDATA[ *\/\n\/*! This file is auto-generated *\/\n!function(d,l){\"use strict\";l.querySelector&&d.addEventListener&&\"undefined\"!=typeof URL&&(d.wp=d.wp||{},d.wp.receiveEmbedMessage||(d.wp.receiveEmbedMessage=function(e){var t=e.data;if((t||t.secret||t.message||t.value)&&!\/[^a-zA-Z0-9]\/.test(t.secret)){for(var s,r,n,a=l.querySelectorAll('iframe[data-secret=\"'+t.secret+'\"]'),o=l.querySelectorAll('blockquote[data-secret=\"'+t.secret+'\"]'),c=new RegExp(\"^https?:$\",\"i\"),i=0;i<o.length;i++)o[i].style.display=\"none\";for(i=0;i<a.length;i++)s=a[i],e.source===s.contentWindow&&(s.removeAttribute(\"style\"),\"height\"===t.message?(1e3<(r=parseInt(t.value,10))?r=1e3:~~r<200&&(r=200),s.height=r):\"link\"===t.message&&(r=new URL(s.getAttribute(\"src\")),n=new URL(t.value),c.test(n.protocol))&&n.host===r.host&&l.activeElement===s&&(d.top.location.href=t.value))}},d.addEventListener(\"message\",d.wp.receiveEmbedMessage,!1),l.addEventListener(\"DOMContentLoaded\",function(){for(var e,t,s=l.querySelectorAll(\"iframe.wp-embedded-content\"),r=0;r<s.length;r++)(t=(e=s[r]).getAttribute(\"data-secret\"))||(t=Math.random().toString(36).substring(2,12),e.src+=\"#?secret=\"+t,e.setAttribute(\"data-secret\",t)),e.contentWindow.postMessage({message:\"ready\",secret:t},\"*\")},!1)))}(window,document);\n\/\/# sourceURL=https:\/\/memurunsesi.net\/wp-includes\/js\/wp-embed.min.js\n\/* ]]> *\/\n<\/script>\n","thumbnail_url":"https:\/\/memurunsesi.net\/wp-content\/uploads\/2025\/03\/AW423712_02-scaled.jpg","thumbnail_width":2560,"thumbnail_height":1707,"description":"Ni\u011fde Valisi Cahit \u00c7elik, Ramazan Bayram\u0131 dolay\u0131s\u0131yla uygulama noktalar\u0131nda g\u00fcvenlik personeli ve vatanda\u015flarla bir araya gelerek bayramla\u015ft\u0131. Ni\u011fde-Kayseri kara yolunda bulunan uygulama noktas\u0131n\u0131 ziyaret eden Vali \u00c7elik, g\u00f6revli personelle g\u00f6r\u00fc\u015ferek \u00e7al\u0131\u015fmalar hakk\u0131nda bilgi ald\u0131. Vali \u00c7elik, beraberinde \u0130l Emniyet M\u00fcd\u00fcr\u00fc Y\u0131lmaz Delen ve \u0130l Jandarma Komutan\u0131 Albay G\u00fcrol Okyar ile birlikte denetim noktas\u0131nda durdurulan ara\u00e7lardaki [&hellip;]"}