{"version":"1.0","provider_name":"Memurun Sesi","provider_url":"https:\/\/memurunsesi.net","author_name":"Memurun Sesi Haber Merkezi","author_url":"https:\/\/memurunsesi.net\/index.php\/author\/uniper\/","title":"\u00c7i\u00e7ek a\u00e7an a\u011fa\u00e7lar\u0131n g\u00f6rselli\u011fi mest etti - Memurun Sesi","type":"rich","width":600,"height":338,"html":"<blockquote class=\"wp-embedded-content\" data-secret=\"X6zAwFRIOr\"><a href=\"https:\/\/memurunsesi.net\/index.php\/2025\/04\/02\/cicek-acan-agaclarin-gorselligi-mest-etti\/\">\u00c7i\u00e7ek a\u00e7an a\u011fa\u00e7lar\u0131n g\u00f6rselli\u011fi mest etti<\/a><\/blockquote><iframe sandbox=\"allow-scripts\" security=\"restricted\" src=\"https:\/\/memurunsesi.net\/index.php\/2025\/04\/02\/cicek-acan-agaclarin-gorselligi-mest-etti\/embed\/#?secret=X6zAwFRIOr\" width=\"600\" height=\"338\" title=\"&#8220;\u00c7i\u00e7ek a\u00e7an a\u011fa\u00e7lar\u0131n g\u00f6rselli\u011fi mest etti&#8221; &#8212; Memurun Sesi\" data-secret=\"X6zAwFRIOr\" frameborder=\"0\" marginwidth=\"0\" marginheight=\"0\" scrolling=\"no\" class=\"wp-embedded-content\"><\/iframe><script type=\"text\/javascript\">\n\/* <![CDATA[ *\/\n\/*! This file is auto-generated *\/\n!function(d,l){\"use strict\";l.querySelector&&d.addEventListener&&\"undefined\"!=typeof URL&&(d.wp=d.wp||{},d.wp.receiveEmbedMessage||(d.wp.receiveEmbedMessage=function(e){var t=e.data;if((t||t.secret||t.message||t.value)&&!\/[^a-zA-Z0-9]\/.test(t.secret)){for(var s,r,n,a=l.querySelectorAll('iframe[data-secret=\"'+t.secret+'\"]'),o=l.querySelectorAll('blockquote[data-secret=\"'+t.secret+'\"]'),c=new RegExp(\"^https?:$\",\"i\"),i=0;i<o.length;i++)o[i].style.display=\"none\";for(i=0;i<a.length;i++)s=a[i],e.source===s.contentWindow&&(s.removeAttribute(\"style\"),\"height\"===t.message?(1e3<(r=parseInt(t.value,10))?r=1e3:~~r<200&&(r=200),s.height=r):\"link\"===t.message&&(r=new URL(s.getAttribute(\"src\")),n=new URL(t.value),c.test(n.protocol))&&n.host===r.host&&l.activeElement===s&&(d.top.location.href=t.value))}},d.addEventListener(\"message\",d.wp.receiveEmbedMessage,!1),l.addEventListener(\"DOMContentLoaded\",function(){for(var e,t,s=l.querySelectorAll(\"iframe.wp-embedded-content\"),r=0;r<s.length;r++)(t=(e=s[r]).getAttribute(\"data-secret\"))||(t=Math.random().toString(36).substring(2,12),e.src+=\"#?secret=\"+t,e.setAttribute(\"data-secret\",t)),e.contentWindow.postMessage({message:\"ready\",secret:t},\"*\")},!1)))}(window,document);\n\/\/# sourceURL=https:\/\/memurunsesi.net\/wp-includes\/js\/wp-embed.min.js\n\/* ]]> *\/\n<\/script>\n","thumbnail_url":"https:\/\/memurunsesi.net\/wp-content\/uploads\/2025\/04\/AW424545_06-scaled.jpg","thumbnail_width":2560,"thumbnail_height":1707,"description":"Erzincan\u2019da havalar\u0131n \u0131s\u0131nmaya ba\u015flamas\u0131yla birlikte meyve a\u011fa\u00e7lar\u0131 da \u00e7i\u00e7eklerini a\u00e7t\u0131. \u00c7i\u00e7ek a\u00e7an meyve a\u011fa\u00e7lar\u0131 kartpostall\u0131k g\u00f6r\u00fcnt\u00fcler ortaya \u00e7\u0131kard\u0131. Erzincan\u2019da a\u011fa\u00e7lar rengarenk \u00e7i\u00e7ek a\u00e7t\u0131. Filizlenen tomurcuklar, a\u011fa\u00e7 dallar\u0131nda a\u00e7an \u00e7i\u00e7ekler renk c\u00fcmb\u00fc\u015f\u00fc olu\u015ftururken, ortaya kartpostall\u0131k g\u00f6r\u00fcnt\u00fcler \u00e7\u0131kt\u0131. Hava s\u0131cakl\u0131\u011f\u0131nda ya\u015fanan art\u0131\u015fla a\u011fa\u00e7larda a\u00e7an \u00e7i\u00e7ekler ilde bahar havas\u0131n\u0131 yans\u0131tt\u0131. Dallar\u0131ndaki tomurcuklar\u0131 hen\u00fcz filizlenmeyen di\u011fer a\u011fa\u00e7lar\u0131n da \u00f6n\u00fcm\u00fczdeki [&hellip;]"}