{"version":"1.0","provider_name":"Memurun Sesi","provider_url":"https:\/\/memurunsesi.net","author_name":"Memurun Sesi Haber Merkezi","author_url":"https:\/\/memurunsesi.net\/index.php\/author\/uniper\/","title":"Ba\u015fak\u015fehir\u2019de tamir at\u00f6lyesinde yang\u0131n - Memurun Sesi","type":"rich","width":600,"height":338,"html":"<blockquote class=\"wp-embedded-content\" data-secret=\"6gW4OdYsTb\"><a href=\"https:\/\/memurunsesi.net\/index.php\/2025\/04\/03\/basaksehirde-tamir-atolyesinde-yangin\/\">Ba\u015fak\u015fehir\u2019de tamir at\u00f6lyesinde yang\u0131n<\/a><\/blockquote><iframe sandbox=\"allow-scripts\" security=\"restricted\" src=\"https:\/\/memurunsesi.net\/index.php\/2025\/04\/03\/basaksehirde-tamir-atolyesinde-yangin\/embed\/#?secret=6gW4OdYsTb\" width=\"600\" height=\"338\" title=\"&#8220;Ba\u015fak\u015fehir\u2019de tamir at\u00f6lyesinde yang\u0131n&#8221; &#8212; Memurun Sesi\" data-secret=\"6gW4OdYsTb\" frameborder=\"0\" marginwidth=\"0\" marginheight=\"0\" scrolling=\"no\" class=\"wp-embedded-content\"><\/iframe><script type=\"text\/javascript\">\n\/* <![CDATA[ *\/\n\/*! This file is auto-generated *\/\n!function(d,l){\"use strict\";l.querySelector&&d.addEventListener&&\"undefined\"!=typeof URL&&(d.wp=d.wp||{},d.wp.receiveEmbedMessage||(d.wp.receiveEmbedMessage=function(e){var t=e.data;if((t||t.secret||t.message||t.value)&&!\/[^a-zA-Z0-9]\/.test(t.secret)){for(var s,r,n,a=l.querySelectorAll('iframe[data-secret=\"'+t.secret+'\"]'),o=l.querySelectorAll('blockquote[data-secret=\"'+t.secret+'\"]'),c=new RegExp(\"^https?:$\",\"i\"),i=0;i<o.length;i++)o[i].style.display=\"none\";for(i=0;i<a.length;i++)s=a[i],e.source===s.contentWindow&&(s.removeAttribute(\"style\"),\"height\"===t.message?(1e3<(r=parseInt(t.value,10))?r=1e3:~~r<200&&(r=200),s.height=r):\"link\"===t.message&&(r=new URL(s.getAttribute(\"src\")),n=new URL(t.value),c.test(n.protocol))&&n.host===r.host&&l.activeElement===s&&(d.top.location.href=t.value))}},d.addEventListener(\"message\",d.wp.receiveEmbedMessage,!1),l.addEventListener(\"DOMContentLoaded\",function(){for(var e,t,s=l.querySelectorAll(\"iframe.wp-embedded-content\"),r=0;r<s.length;r++)(t=(e=s[r]).getAttribute(\"data-secret\"))||(t=Math.random().toString(36).substring(2,12),e.src+=\"#?secret=\"+t,e.setAttribute(\"data-secret\",t)),e.contentWindow.postMessage({message:\"ready\",secret:t},\"*\")},!1)))}(window,document);\n\/\/# sourceURL=https:\/\/memurunsesi.net\/wp-includes\/js\/wp-embed.min.js\n\/* ]]> *\/\n<\/script>\n","thumbnail_url":"https:\/\/memurunsesi.net\/wp-content\/uploads\/2025\/04\/AW425115_01-scaled.jpg","thumbnail_width":2560,"thumbnail_height":1920,"description":"\u0130stanbul Ba\u015fak\u015fehir\u2019de t\u0131r garaj\u0131nda bulunan bir tamir at\u00f6lyesinde yang\u0131n \u00e7\u0131kt\u0131. Yang\u0131n itfaiye ekiplerinin m\u00fcdahalesi ile s\u00f6nd\u00fcr\u00fcld\u00fc. Olay, saat 23.00 s\u0131ralar\u0131nda \u0130stanbul Ba\u015fak\u015fehir Ziya G\u00f6kalp Mahallesi\u2019nde bulunan bir t\u0131r garaj\u0131nda meydana geldi. \u0130ddiaya g\u00f6re garaj\u0131n i\u00e7indeki tamir at\u00f6lyesinde hen\u00fcz bilinmeyen nedenle yang\u0131n \u00e7\u0131kt\u0131. \u00c7\u0131kan yang\u0131n giderek b\u00fcy\u00fcrken yer yer patlamalar meydana geldi. \u0130hbar \u00fczerine olay yerine [&hellip;]"}