{"version":"1.0","provider_name":"Memurun Sesi","provider_url":"https:\/\/memurunsesi.net","author_name":"Memurun Sesi Haber Merkezi","author_url":"https:\/\/memurunsesi.net\/index.php\/author\/uniper\/","title":"Koray G\u00fcnter Tak\u0131m ad\u0131na gurur duyuyorum - Memurun Sesi","type":"rich","width":600,"height":338,"html":"<blockquote class=\"wp-embedded-content\" data-secret=\"HSK3ysdHOU\"><a href=\"https:\/\/memurunsesi.net\/index.php\/2025\/04\/04\/koray-gunter-takim-adina-gurur-duyuyorum\/\">Koray G\u00fcnter Tak\u0131m ad\u0131na gurur duyuyorum<\/a><\/blockquote><iframe sandbox=\"allow-scripts\" security=\"restricted\" src=\"https:\/\/memurunsesi.net\/index.php\/2025\/04\/04\/koray-gunter-takim-adina-gurur-duyuyorum\/embed\/#?secret=HSK3ysdHOU\" width=\"600\" height=\"338\" title=\"&#8220;Koray G\u00fcnter Tak\u0131m ad\u0131na gurur duyuyorum&#8221; &#8212; Memurun Sesi\" data-secret=\"HSK3ysdHOU\" frameborder=\"0\" marginwidth=\"0\" marginheight=\"0\" scrolling=\"no\" class=\"wp-embedded-content\"><\/iframe><script type=\"text\/javascript\">\n\/* <![CDATA[ *\/\n\/*! This file is auto-generated *\/\n!function(d,l){\"use strict\";l.querySelector&&d.addEventListener&&\"undefined\"!=typeof URL&&(d.wp=d.wp||{},d.wp.receiveEmbedMessage||(d.wp.receiveEmbedMessage=function(e){var t=e.data;if((t||t.secret||t.message||t.value)&&!\/[^a-zA-Z0-9]\/.test(t.secret)){for(var s,r,n,a=l.querySelectorAll('iframe[data-secret=\"'+t.secret+'\"]'),o=l.querySelectorAll('blockquote[data-secret=\"'+t.secret+'\"]'),c=new RegExp(\"^https?:$\",\"i\"),i=0;i<o.length;i++)o[i].style.display=\"none\";for(i=0;i<a.length;i++)s=a[i],e.source===s.contentWindow&&(s.removeAttribute(\"style\"),\"height\"===t.message?(1e3<(r=parseInt(t.value,10))?r=1e3:~~r<200&&(r=200),s.height=r):\"link\"===t.message&&(r=new URL(s.getAttribute(\"src\")),n=new URL(t.value),c.test(n.protocol))&&n.host===r.host&&l.activeElement===s&&(d.top.location.href=t.value))}},d.addEventListener(\"message\",d.wp.receiveEmbedMessage,!1),l.addEventListener(\"DOMContentLoaded\",function(){for(var e,t,s=l.querySelectorAll(\"iframe.wp-embedded-content\"),r=0;r<s.length;r++)(t=(e=s[r]).getAttribute(\"data-secret\"))||(t=Math.random().toString(36).substring(2,12),e.src+=\"#?secret=\"+t,e.setAttribute(\"data-secret\",t)),e.contentWindow.postMessage({message:\"ready\",secret:t},\"*\")},!1)))}(window,document);\n\/\/# sourceURL=https:\/\/memurunsesi.net\/wp-includes\/js\/wp-embed.min.js\n\/* ]]> *\/\n<\/script>\n","description":"G\u00fcnter: \u00d6n\u00fcm\u00fczdeki turda da elimizden geleni yapaca\u011f\u0131z G\u00f6ztepe\u2019nin deneyimli defans\u0131 Koray G\u00fcnter, 3-1 yenerek yar\u0131 finale y\u00fckseldikleri Be\u015fikta\u015f ma\u00e7\u0131n\u0131n ard\u0131ndan yapt\u0131\u011f\u0131 a\u00e7\u0131klamada, sezon ba\u015f\u0131ndan beri Avrupa kupalar\u0131n\u0131 hedeflediklerini ve bug\u00fcnk\u00fc galibiyetten dolay\u0131 gurur duydu\u011funu belirtti. Ziraat T\u00fcrkiye Kupas\u0131 \u00e7eyrek final m\u00fcsabakas\u0131nda G\u00f6ztepe, deplasmanda kar\u015f\u0131la\u015ft\u0131\u011f\u0131 Be\u015fikta\u015f\u2019\u0131 3-1 ma\u011flup ederek ad\u0131n\u0131 yar\u0131 finale yazd\u0131rd\u0131. Kar\u015f\u0131la\u015fman\u0131n ard\u0131ndan G\u00f6ztepe\u2019nin [&hellip;]"}