{"version":"1.0","provider_name":"Memurun Sesi","provider_url":"https:\/\/memurunsesi.net","author_name":"Memurun Sesi Haber Merkezi","author_url":"https:\/\/memurunsesi.net\/index.php\/author\/uniper\/","title":"Trendyol S\u00fcper Lig: Ba\u015fak\u015fehir: 1 - Konyaspor: 0 - Memurun Sesi","type":"rich","width":600,"height":338,"html":"<blockquote class=\"wp-embedded-content\" data-secret=\"QMpMarWbMO\"><a href=\"https:\/\/memurunsesi.net\/index.php\/2025\/04\/05\/trendyol-super-lig-basaksehir-1-konyaspor-0\/\">Trendyol S\u00fcper Lig: Ba\u015fak\u015fehir: 1 &#8211; Konyaspor: 0<\/a><\/blockquote><iframe sandbox=\"allow-scripts\" security=\"restricted\" src=\"https:\/\/memurunsesi.net\/index.php\/2025\/04\/05\/trendyol-super-lig-basaksehir-1-konyaspor-0\/embed\/#?secret=QMpMarWbMO\" width=\"600\" height=\"338\" title=\"&#8220;Trendyol S\u00fcper Lig: Ba\u015fak\u015fehir: 1 &#8211; Konyaspor: 0&#8221; &#8212; Memurun Sesi\" data-secret=\"QMpMarWbMO\" frameborder=\"0\" marginwidth=\"0\" marginheight=\"0\" scrolling=\"no\" class=\"wp-embedded-content\"><\/iframe><script type=\"text\/javascript\">\n\/* <![CDATA[ *\/\n\/*! This file is auto-generated *\/\n!function(d,l){\"use strict\";l.querySelector&&d.addEventListener&&\"undefined\"!=typeof URL&&(d.wp=d.wp||{},d.wp.receiveEmbedMessage||(d.wp.receiveEmbedMessage=function(e){var t=e.data;if((t||t.secret||t.message||t.value)&&!\/[^a-zA-Z0-9]\/.test(t.secret)){for(var s,r,n,a=l.querySelectorAll('iframe[data-secret=\"'+t.secret+'\"]'),o=l.querySelectorAll('blockquote[data-secret=\"'+t.secret+'\"]'),c=new RegExp(\"^https?:$\",\"i\"),i=0;i<o.length;i++)o[i].style.display=\"none\";for(i=0;i<a.length;i++)s=a[i],e.source===s.contentWindow&&(s.removeAttribute(\"style\"),\"height\"===t.message?(1e3<(r=parseInt(t.value,10))?r=1e3:~~r<200&&(r=200),s.height=r):\"link\"===t.message&&(r=new URL(s.getAttribute(\"src\")),n=new URL(t.value),c.test(n.protocol))&&n.host===r.host&&l.activeElement===s&&(d.top.location.href=t.value))}},d.addEventListener(\"message\",d.wp.receiveEmbedMessage,!1),l.addEventListener(\"DOMContentLoaded\",function(){for(var e,t,s=l.querySelectorAll(\"iframe.wp-embedded-content\"),r=0;r<s.length;r++)(t=(e=s[r]).getAttribute(\"data-secret\"))||(t=Math.random().toString(36).substring(2,12),e.src+=\"#?secret=\"+t,e.setAttribute(\"data-secret\",t)),e.contentWindow.postMessage({message:\"ready\",secret:t},\"*\")},!1)))}(window,document);\n\/\/# sourceURL=https:\/\/memurunsesi.net\/wp-includes\/js\/wp-embed.min.js\n\/* ]]> *\/\n<\/script>\n","thumbnail_url":"https:\/\/memurunsesi.net\/wp-content\/uploads\/2025\/04\/AW426466_01-scaled.jpg","thumbnail_width":2560,"thumbnail_height":1707,"description":"Trendyol S\u00fcper Lig\u2019in 30. haftas\u0131nda Ba\u015fak\u015fehir, sahas\u0131nda kar\u015f\u0131la\u015ft\u0131\u011f\u0131 Konyaspor&#8217;u 1-0 ma\u011flup etti. Ma\u00e7tan dakikalar (\u0130kinci yar\u0131) 55. dakikada Kramer\u2019in pas\u0131nda topla bulu\u015fan Pedrinho\u2019nun ceza sahas\u0131 i\u00e7inde kaleyi kar\u015f\u0131s\u0131na ald\u0131ktan sonra yapt\u0131\u011f\u0131 vuru\u015fta top yandan d\u0131\u015far\u0131 gitti. 69. dakikada Yusuf Sar\u0131 sol taraftan \u00e7al\u0131mlarla ceza sahas\u0131 i\u00e7ine y\u00f6neldi\u011fi anda Danijel Aleksic\u2019in m\u00fcdahalesiyle yerde kald\u0131 ve hakem [&hellip;]"}