{"version":"1.0","provider_name":"Memurun Sesi","provider_url":"https:\/\/memurunsesi.net","author_name":"Memurun Sesi Haber Merkezi","author_url":"https:\/\/memurunsesi.net\/index.php\/author\/uniper\/","title":"Erzincan\u2019da meralar ihaleye \u00e7\u0131kar\u0131ld\u0131 - Memurun Sesi","type":"rich","width":600,"height":338,"html":"<blockquote class=\"wp-embedded-content\" data-secret=\"c5tcNP3LyJ\"><a href=\"https:\/\/memurunsesi.net\/index.php\/2025\/04\/08\/erzincanda-meralar-ihaleye-cikarildi\/\">Erzincan\u2019da meralar ihaleye \u00e7\u0131kar\u0131ld\u0131<\/a><\/blockquote><iframe sandbox=\"allow-scripts\" security=\"restricted\" src=\"https:\/\/memurunsesi.net\/index.php\/2025\/04\/08\/erzincanda-meralar-ihaleye-cikarildi\/embed\/#?secret=c5tcNP3LyJ\" width=\"600\" height=\"338\" title=\"&#8220;Erzincan\u2019da meralar ihaleye \u00e7\u0131kar\u0131ld\u0131&#8221; &#8212; Memurun Sesi\" data-secret=\"c5tcNP3LyJ\" frameborder=\"0\" marginwidth=\"0\" marginheight=\"0\" scrolling=\"no\" class=\"wp-embedded-content\"><\/iframe><script type=\"text\/javascript\">\n\/* <![CDATA[ *\/\n\/*! This file is auto-generated *\/\n!function(d,l){\"use strict\";l.querySelector&&d.addEventListener&&\"undefined\"!=typeof URL&&(d.wp=d.wp||{},d.wp.receiveEmbedMessage||(d.wp.receiveEmbedMessage=function(e){var t=e.data;if((t||t.secret||t.message||t.value)&&!\/[^a-zA-Z0-9]\/.test(t.secret)){for(var s,r,n,a=l.querySelectorAll('iframe[data-secret=\"'+t.secret+'\"]'),o=l.querySelectorAll('blockquote[data-secret=\"'+t.secret+'\"]'),c=new RegExp(\"^https?:$\",\"i\"),i=0;i<o.length;i++)o[i].style.display=\"none\";for(i=0;i<a.length;i++)s=a[i],e.source===s.contentWindow&&(s.removeAttribute(\"style\"),\"height\"===t.message?(1e3<(r=parseInt(t.value,10))?r=1e3:~~r<200&&(r=200),s.height=r):\"link\"===t.message&&(r=new URL(s.getAttribute(\"src\")),n=new URL(t.value),c.test(n.protocol))&&n.host===r.host&&l.activeElement===s&&(d.top.location.href=t.value))}},d.addEventListener(\"message\",d.wp.receiveEmbedMessage,!1),l.addEventListener(\"DOMContentLoaded\",function(){for(var e,t,s=l.querySelectorAll(\"iframe.wp-embedded-content\"),r=0;r<s.length;r++)(t=(e=s[r]).getAttribute(\"data-secret\"))||(t=Math.random().toString(36).substring(2,12),e.src+=\"#?secret=\"+t,e.setAttribute(\"data-secret\",t)),e.contentWindow.postMessage({message:\"ready\",secret:t},\"*\")},!1)))}(window,document);\n\/\/# sourceURL=https:\/\/memurunsesi.net\/wp-includes\/js\/wp-embed.min.js\n\/* ]]> *\/\n<\/script>\n","thumbnail_url":"https:\/\/memurunsesi.net\/wp-content\/uploads\/2025\/04\/AW427685_02.jpg","thumbnail_width":1600,"thumbnail_height":1066,"description":"430 bin hektar mera varl\u0131\u011f\u0131na sahip Erzincan\u2019da ihtiya\u00e7 fazlas\u0131 43 mera, \u0130l Mera Komisyonu marifetiyle ihaleye \u00e7\u0131kar\u0131ld\u0131. Erzincan\u2019da tespit, tahdit ve tahsis \u00e7al\u0131\u015fmalar\u0131 tamamlanan ihtiya\u00e7 fazlas\u0131 meralar ihaleye \u00e7\u0131kar\u0131ld\u0131. Mera ihalesinde k\u00fc\u00e7\u00fckba\u015f hayvanc\u0131l\u0131kla u\u011fra\u015fan s\u00fcr\u00fc sahipleri meralar\u0131 kiralayabilmek i\u00e7in yar\u0131\u015ft\u0131. Erzincan \u0130l Mera Komisyonu taraf\u0131ndan ihaleye \u00e7\u0131kart\u0131lan ihtiya\u00e7 fazlas\u0131 meralar Tar\u0131m ve Orman \u0130l M\u00fcd\u00fcrl\u00fc\u011f\u00fc [&hellip;]"}