{"version":"1.0","provider_name":"Memurun Sesi","provider_url":"https:\/\/memurunsesi.net","author_name":"Memurun Sesi Haber Merkezi","author_url":"https:\/\/memurunsesi.net\/index.php\/author\/uniper\/","title":"Van\u2019da silahl\u0131 sald\u0131r\u0131: 1 ki\u015fi hayat\u0131n\u0131 kaybetti - Memurun Sesi","type":"rich","width":600,"height":338,"html":"<blockquote class=\"wp-embedded-content\" data-secret=\"dRr3o5kOdi\"><a href=\"https:\/\/memurunsesi.net\/index.php\/2025\/04\/08\/vanda-silahli-saldiri-1-kisi-hayatini-kaybetti\/\">Van\u2019da silahl\u0131 sald\u0131r\u0131: 1 ki\u015fi hayat\u0131n\u0131 kaybetti<\/a><\/blockquote><iframe sandbox=\"allow-scripts\" security=\"restricted\" src=\"https:\/\/memurunsesi.net\/index.php\/2025\/04\/08\/vanda-silahli-saldiri-1-kisi-hayatini-kaybetti\/embed\/#?secret=dRr3o5kOdi\" width=\"600\" height=\"338\" title=\"&#8220;Van\u2019da silahl\u0131 sald\u0131r\u0131: 1 ki\u015fi hayat\u0131n\u0131 kaybetti&#8221; &#8212; Memurun Sesi\" data-secret=\"dRr3o5kOdi\" frameborder=\"0\" marginwidth=\"0\" marginheight=\"0\" scrolling=\"no\" class=\"wp-embedded-content\"><\/iframe><script type=\"text\/javascript\">\n\/* <![CDATA[ *\/\n\/*! This file is auto-generated *\/\n!function(d,l){\"use strict\";l.querySelector&&d.addEventListener&&\"undefined\"!=typeof URL&&(d.wp=d.wp||{},d.wp.receiveEmbedMessage||(d.wp.receiveEmbedMessage=function(e){var t=e.data;if((t||t.secret||t.message||t.value)&&!\/[^a-zA-Z0-9]\/.test(t.secret)){for(var s,r,n,a=l.querySelectorAll('iframe[data-secret=\"'+t.secret+'\"]'),o=l.querySelectorAll('blockquote[data-secret=\"'+t.secret+'\"]'),c=new RegExp(\"^https?:$\",\"i\"),i=0;i<o.length;i++)o[i].style.display=\"none\";for(i=0;i<a.length;i++)s=a[i],e.source===s.contentWindow&&(s.removeAttribute(\"style\"),\"height\"===t.message?(1e3<(r=parseInt(t.value,10))?r=1e3:~~r<200&&(r=200),s.height=r):\"link\"===t.message&&(r=new URL(s.getAttribute(\"src\")),n=new URL(t.value),c.test(n.protocol))&&n.host===r.host&&l.activeElement===s&&(d.top.location.href=t.value))}},d.addEventListener(\"message\",d.wp.receiveEmbedMessage,!1),l.addEventListener(\"DOMContentLoaded\",function(){for(var e,t,s=l.querySelectorAll(\"iframe.wp-embedded-content\"),r=0;r<s.length;r++)(t=(e=s[r]).getAttribute(\"data-secret\"))||(t=Math.random().toString(36).substring(2,12),e.src+=\"#?secret=\"+t,e.setAttribute(\"data-secret\",t)),e.contentWindow.postMessage({message:\"ready\",secret:t},\"*\")},!1)))}(window,document);\n\/\/# sourceURL=https:\/\/memurunsesi.net\/wp-includes\/js\/wp-embed.min.js\n\/* ]]> *\/\n<\/script>\n","thumbnail_url":"https:\/\/memurunsesi.net\/wp-content\/uploads\/2025\/04\/AW428006_01.jpg","thumbnail_width":1200,"thumbnail_height":975,"description":"Van\u2019\u0131n \u0130pekyolu il\u00e7esinde sabah saatlerinde meydana gelen silahl\u0131 sald\u0131r\u0131da 53 ya\u015f\u0131ndaki F.K. hayat\u0131n\u0131 kaybetti. Edinilen bilgilere g\u00f6re, sabah saatlerinde \u0130pekyolu il\u00e7esine ba\u011fl\u0131 Esenler Mahallesi\u2019nde bulunan bir taziye evi yak\u0131nlar\u0131nda 53 ya\u015f\u0131ndaki F.K., evinden \u00e7\u0131kt\u0131\u011f\u0131 s\u0131rada silahl\u0131 sald\u0131r\u0131ya u\u011frad\u0131. Hen\u00fcz bilinmeyen bir nedenle hedef al\u0131nd\u0131\u011f\u0131 belirtilen F.K., ba\u015f\u0131ndan a\u011f\u0131r yaraland\u0131. Olay\u0131n ard\u0131ndan b\u00f6lgeye \u00e7ok say\u0131da polis [&hellip;]"}