{"version":"1.0","provider_name":"Memurun Sesi","provider_url":"https:\/\/memurunsesi.net","author_name":"Memurun Sesi Haber Merkezi","author_url":"https:\/\/memurunsesi.net\/index.php\/author\/uniper\/","title":"Siverek\u2019te hastane otopark\u0131nda otomobiller alev ald\u0131 - Memurun Sesi","type":"rich","width":600,"height":338,"html":"<blockquote class=\"wp-embedded-content\" data-secret=\"jSdwKyeH1r\"><a href=\"https:\/\/memurunsesi.net\/index.php\/2025\/04\/09\/siverekte-hastane-otoparkinda-otomobiller-alev-aldi\/\">Siverek\u2019te hastane otopark\u0131nda otomobiller alev ald\u0131<\/a><\/blockquote><iframe sandbox=\"allow-scripts\" security=\"restricted\" src=\"https:\/\/memurunsesi.net\/index.php\/2025\/04\/09\/siverekte-hastane-otoparkinda-otomobiller-alev-aldi\/embed\/#?secret=jSdwKyeH1r\" width=\"600\" height=\"338\" title=\"&#8220;Siverek\u2019te hastane otopark\u0131nda otomobiller alev ald\u0131&#8221; &#8212; Memurun Sesi\" data-secret=\"jSdwKyeH1r\" frameborder=\"0\" marginwidth=\"0\" marginheight=\"0\" scrolling=\"no\" class=\"wp-embedded-content\"><\/iframe><script type=\"text\/javascript\">\n\/* <![CDATA[ *\/\n\/*! This file is auto-generated *\/\n!function(d,l){\"use strict\";l.querySelector&&d.addEventListener&&\"undefined\"!=typeof URL&&(d.wp=d.wp||{},d.wp.receiveEmbedMessage||(d.wp.receiveEmbedMessage=function(e){var t=e.data;if((t||t.secret||t.message||t.value)&&!\/[^a-zA-Z0-9]\/.test(t.secret)){for(var s,r,n,a=l.querySelectorAll('iframe[data-secret=\"'+t.secret+'\"]'),o=l.querySelectorAll('blockquote[data-secret=\"'+t.secret+'\"]'),c=new RegExp(\"^https?:$\",\"i\"),i=0;i<o.length;i++)o[i].style.display=\"none\";for(i=0;i<a.length;i++)s=a[i],e.source===s.contentWindow&&(s.removeAttribute(\"style\"),\"height\"===t.message?(1e3<(r=parseInt(t.value,10))?r=1e3:~~r<200&&(r=200),s.height=r):\"link\"===t.message&&(r=new URL(s.getAttribute(\"src\")),n=new URL(t.value),c.test(n.protocol))&&n.host===r.host&&l.activeElement===s&&(d.top.location.href=t.value))}},d.addEventListener(\"message\",d.wp.receiveEmbedMessage,!1),l.addEventListener(\"DOMContentLoaded\",function(){for(var e,t,s=l.querySelectorAll(\"iframe.wp-embedded-content\"),r=0;r<s.length;r++)(t=(e=s[r]).getAttribute(\"data-secret\"))||(t=Math.random().toString(36).substring(2,12),e.src+=\"#?secret=\"+t,e.setAttribute(\"data-secret\",t)),e.contentWindow.postMessage({message:\"ready\",secret:t},\"*\")},!1)))}(window,document);\n\/\/# sourceURL=https:\/\/memurunsesi.net\/wp-includes\/js\/wp-embed.min.js\n\/* ]]> *\/\n<\/script>\n","thumbnail_url":"https:\/\/memurunsesi.net\/wp-content\/uploads\/2025\/04\/AW429078_01.jpg","thumbnail_width":1290,"thumbnail_height":1829,"description":"Siverek Devlet Hastanesi otopark\u0131nda bir otomobilde \u00e7\u0131kan yang\u0131n ba\u015fka bir araca s\u0131\u00e7rad\u0131. Yang\u0131n itfaiye ekiplerinin m\u00fcdahalesiyle s\u00f6nd\u00fcr\u00fcl\u00fcrken, iki ara\u00e7 kullan\u0131lamaz hale geldi. \u015eanl\u0131urfa\u2019n\u0131n Siverek il\u00e7esinde Devlet Hastanesi otopark\u0131nda park halindeki bir otomobilde yang\u0131n \u00e7\u0131kt\u0131. Yang\u0131n k\u0131sa s\u00fcrede b\u00fcy\u00fcyerek, yan\u0131nda bulunan ba\u015fka bir araca da s\u0131\u00e7rad\u0131. \u0130hbar \u00fczerine olay yerine itfaiye ekipleri sevk edildi. Ekiplerin m\u00fcdahalesiyle [&hellip;]"}