{"version":"1.0","provider_name":"Memurun Sesi","provider_url":"https:\/\/memurunsesi.net","author_name":"Memurun Sesi Haber Merkezi","author_url":"https:\/\/memurunsesi.net\/index.php\/author\/uniper\/","title":"Ankara'da nisan ay\u0131nda kar ya\u011f\u0131\u015f\u0131 - Memurun Sesi","type":"rich","width":600,"height":338,"html":"<blockquote class=\"wp-embedded-content\" data-secret=\"5DQ8MLmoIY\"><a href=\"https:\/\/memurunsesi.net\/index.php\/2025\/04\/10\/ankarada-nisan-ayinda-kar-yagisi\/\">Ankara&#8217;da nisan ay\u0131nda kar ya\u011f\u0131\u015f\u0131<\/a><\/blockquote><iframe sandbox=\"allow-scripts\" security=\"restricted\" src=\"https:\/\/memurunsesi.net\/index.php\/2025\/04\/10\/ankarada-nisan-ayinda-kar-yagisi\/embed\/#?secret=5DQ8MLmoIY\" width=\"600\" height=\"338\" title=\"&#8220;Ankara&#8217;da nisan ay\u0131nda kar ya\u011f\u0131\u015f\u0131&#8221; &#8212; Memurun Sesi\" data-secret=\"5DQ8MLmoIY\" frameborder=\"0\" marginwidth=\"0\" marginheight=\"0\" scrolling=\"no\" class=\"wp-embedded-content\"><\/iframe><script type=\"text\/javascript\">\n\/* <![CDATA[ *\/\n\/*! This file is auto-generated *\/\n!function(d,l){\"use strict\";l.querySelector&&d.addEventListener&&\"undefined\"!=typeof URL&&(d.wp=d.wp||{},d.wp.receiveEmbedMessage||(d.wp.receiveEmbedMessage=function(e){var t=e.data;if((t||t.secret||t.message||t.value)&&!\/[^a-zA-Z0-9]\/.test(t.secret)){for(var s,r,n,a=l.querySelectorAll('iframe[data-secret=\"'+t.secret+'\"]'),o=l.querySelectorAll('blockquote[data-secret=\"'+t.secret+'\"]'),c=new RegExp(\"^https?:$\",\"i\"),i=0;i<o.length;i++)o[i].style.display=\"none\";for(i=0;i<a.length;i++)s=a[i],e.source===s.contentWindow&&(s.removeAttribute(\"style\"),\"height\"===t.message?(1e3<(r=parseInt(t.value,10))?r=1e3:~~r<200&&(r=200),s.height=r):\"link\"===t.message&&(r=new URL(s.getAttribute(\"src\")),n=new URL(t.value),c.test(n.protocol))&&n.host===r.host&&l.activeElement===s&&(d.top.location.href=t.value))}},d.addEventListener(\"message\",d.wp.receiveEmbedMessage,!1),l.addEventListener(\"DOMContentLoaded\",function(){for(var e,t,s=l.querySelectorAll(\"iframe.wp-embedded-content\"),r=0;r<s.length;r++)(t=(e=s[r]).getAttribute(\"data-secret\"))||(t=Math.random().toString(36).substring(2,12),e.src+=\"#?secret=\"+t,e.setAttribute(\"data-secret\",t)),e.contentWindow.postMessage({message:\"ready\",secret:t},\"*\")},!1)))}(window,document);\n\/\/# sourceURL=https:\/\/memurunsesi.net\/wp-includes\/js\/wp-embed.min.js\n\/* ]]> *\/\n<\/script>\n","thumbnail_url":"https:\/\/memurunsesi.net\/wp-content\/uploads\/2025\/04\/AW429174_03.jpg","thumbnail_width":1600,"thumbnail_height":1200,"description":"Ankara&#8217;da s\u0131cakl\u0131klar\u0131n d\u00fc\u015fmesi ile gece saatlerinde kar ya\u011f\u0131\u015f\u0131 etkili oldu. Ankara&#8217;da d\u00fc\u015fen s\u0131cakl\u0131klar\u0131n etkisi ile gece saatlerinde kar ya\u011f\u0131\u015f\u0131 ba\u015flad\u0131. Kar ya\u011f\u0131\u015f\u0131 \u015fehrin genelinde devam ederken y\u00fcksek kesimlerde ise etkisini art\u0131rd\u0131. Meteoroloji Genel M\u00fcd\u00fcrl\u00fc\u011f\u00fcn\u00fcn internet sitesinde yay\u0131mlanan hava durumu tahminlerine g\u00f6re hava s\u0131cakl\u0131\u011f\u0131 d\u00fc\u015fmeye devam edecek. Tahminlere g\u00f6re kar ya\u011f\u0131\u015f\u0131n\u0131n 13 Nisan&#8217;a kadar s\u00fcrmesi bekleniyor. [&hellip;]"}