{"version":"1.0","provider_name":"Memurun Sesi","provider_url":"https:\/\/memurunsesi.net","author_name":"Memurun Sesi Haber Merkezi","author_url":"https:\/\/memurunsesi.net\/index.php\/author\/uniper\/","title":"\u00c7ay\u0131rhan\u2019da maden oca\u011f\u0131nda g\u00f6\u00e7\u00fck: 13 i\u015f\u00e7i yaral\u0131 - Memurun Sesi","type":"rich","width":600,"height":338,"html":"<blockquote class=\"wp-embedded-content\" data-secret=\"7VjUgIYdRr\"><a href=\"https:\/\/memurunsesi.net\/index.php\/2025\/04\/10\/cayirhanda-maden-ocaginda-gocuk-13-isci-yarali\/\">\u00c7ay\u0131rhan\u2019da maden oca\u011f\u0131nda g\u00f6\u00e7\u00fck: 13 i\u015f\u00e7i yaral\u0131<\/a><\/blockquote><iframe sandbox=\"allow-scripts\" security=\"restricted\" src=\"https:\/\/memurunsesi.net\/index.php\/2025\/04\/10\/cayirhanda-maden-ocaginda-gocuk-13-isci-yarali\/embed\/#?secret=7VjUgIYdRr\" width=\"600\" height=\"338\" title=\"&#8220;\u00c7ay\u0131rhan\u2019da maden oca\u011f\u0131nda g\u00f6\u00e7\u00fck: 13 i\u015f\u00e7i yaral\u0131&#8221; &#8212; Memurun Sesi\" data-secret=\"7VjUgIYdRr\" frameborder=\"0\" marginwidth=\"0\" marginheight=\"0\" scrolling=\"no\" class=\"wp-embedded-content\"><\/iframe><script type=\"text\/javascript\">\n\/* <![CDATA[ *\/\n\/*! This file is auto-generated *\/\n!function(d,l){\"use strict\";l.querySelector&&d.addEventListener&&\"undefined\"!=typeof URL&&(d.wp=d.wp||{},d.wp.receiveEmbedMessage||(d.wp.receiveEmbedMessage=function(e){var t=e.data;if((t||t.secret||t.message||t.value)&&!\/[^a-zA-Z0-9]\/.test(t.secret)){for(var s,r,n,a=l.querySelectorAll('iframe[data-secret=\"'+t.secret+'\"]'),o=l.querySelectorAll('blockquote[data-secret=\"'+t.secret+'\"]'),c=new RegExp(\"^https?:$\",\"i\"),i=0;i<o.length;i++)o[i].style.display=\"none\";for(i=0;i<a.length;i++)s=a[i],e.source===s.contentWindow&&(s.removeAttribute(\"style\"),\"height\"===t.message?(1e3<(r=parseInt(t.value,10))?r=1e3:~~r<200&&(r=200),s.height=r):\"link\"===t.message&&(r=new URL(s.getAttribute(\"src\")),n=new URL(t.value),c.test(n.protocol))&&n.host===r.host&&l.activeElement===s&&(d.top.location.href=t.value))}},d.addEventListener(\"message\",d.wp.receiveEmbedMessage,!1),l.addEventListener(\"DOMContentLoaded\",function(){for(var e,t,s=l.querySelectorAll(\"iframe.wp-embedded-content\"),r=0;r<s.length;r++)(t=(e=s[r]).getAttribute(\"data-secret\"))||(t=Math.random().toString(36).substring(2,12),e.src+=\"#?secret=\"+t,e.setAttribute(\"data-secret\",t)),e.contentWindow.postMessage({message:\"ready\",secret:t},\"*\")},!1)))}(window,document);\n\/\/# sourceURL=https:\/\/memurunsesi.net\/wp-includes\/js\/wp-embed.min.js\n\/* ]]> *\/\n<\/script>\n","description":"K\u00f6m\u00fcr \u0130\u015fletmeleri Anonim \u015eirketi (K\u0130A\u015e) \u00c7ay\u0131rhan i\u015fletmesi H\u0131rkatepe oca\u011f\u0131nda g\u00f6\u00e7\u00fck meydana geldi. 2\u2019si a\u011f\u0131r 13 i\u015f\u00e7i yaraland\u0131. Edinilen olay bilgilere g\u00f6re Nall\u0131han il\u00e7esinde bulunan \u00c7ay\u0131rhan K\u0130A\u015e i\u015fletmesi H\u0131rkatepe maden oca\u011f\u0131nda 00-08 gece vardiyas\u0131nda meydana geldi. Saat 03.00 s\u0131ralar\u0131nda ocakta g\u00f6\u00e7\u00fck meydana gelirken g\u00f6\u00e7\u00fck nedeniyle 13 i\u015f\u00e7i yaraland\u0131. Olay yerine sevk edilen ambulanslarla i\u015f\u00e7iler Beypazar\u0131 Devlet [&hellip;]"}