{"version":"1.0","provider_name":"Memurun Sesi","provider_url":"https:\/\/memurunsesi.net","author_name":"Memurun Sesi Haber Merkezi","author_url":"https:\/\/memurunsesi.net\/index.php\/author\/uniper\/","title":"Adana'da y\u00fcksek kesimlerinde kar ya\u011f\u0131\u015f\u0131 - Memurun Sesi","type":"rich","width":600,"height":338,"html":"<blockquote class=\"wp-embedded-content\" data-secret=\"7q4obAgVs8\"><a href=\"https:\/\/memurunsesi.net\/index.php\/2025\/04\/11\/adanada-yuksek-kesimlerinde-kar-yagisi\/\">Adana&#8217;da y\u00fcksek kesimlerinde kar ya\u011f\u0131\u015f\u0131<\/a><\/blockquote><iframe sandbox=\"allow-scripts\" security=\"restricted\" src=\"https:\/\/memurunsesi.net\/index.php\/2025\/04\/11\/adanada-yuksek-kesimlerinde-kar-yagisi\/embed\/#?secret=7q4obAgVs8\" width=\"600\" height=\"338\" title=\"&#8220;Adana&#8217;da y\u00fcksek kesimlerinde kar ya\u011f\u0131\u015f\u0131&#8221; &#8212; Memurun Sesi\" data-secret=\"7q4obAgVs8\" frameborder=\"0\" marginwidth=\"0\" marginheight=\"0\" scrolling=\"no\" class=\"wp-embedded-content\"><\/iframe><script type=\"text\/javascript\">\n\/* <![CDATA[ *\/\n\/*! This file is auto-generated *\/\n!function(d,l){\"use strict\";l.querySelector&&d.addEventListener&&\"undefined\"!=typeof URL&&(d.wp=d.wp||{},d.wp.receiveEmbedMessage||(d.wp.receiveEmbedMessage=function(e){var t=e.data;if((t||t.secret||t.message||t.value)&&!\/[^a-zA-Z0-9]\/.test(t.secret)){for(var s,r,n,a=l.querySelectorAll('iframe[data-secret=\"'+t.secret+'\"]'),o=l.querySelectorAll('blockquote[data-secret=\"'+t.secret+'\"]'),c=new RegExp(\"^https?:$\",\"i\"),i=0;i<o.length;i++)o[i].style.display=\"none\";for(i=0;i<a.length;i++)s=a[i],e.source===s.contentWindow&&(s.removeAttribute(\"style\"),\"height\"===t.message?(1e3<(r=parseInt(t.value,10))?r=1e3:~~r<200&&(r=200),s.height=r):\"link\"===t.message&&(r=new URL(s.getAttribute(\"src\")),n=new URL(t.value),c.test(n.protocol))&&n.host===r.host&&l.activeElement===s&&(d.top.location.href=t.value))}},d.addEventListener(\"message\",d.wp.receiveEmbedMessage,!1),l.addEventListener(\"DOMContentLoaded\",function(){for(var e,t,s=l.querySelectorAll(\"iframe.wp-embedded-content\"),r=0;r<s.length;r++)(t=(e=s[r]).getAttribute(\"data-secret\"))||(t=Math.random().toString(36).substring(2,12),e.src+=\"#?secret=\"+t,e.setAttribute(\"data-secret\",t)),e.contentWindow.postMessage({message:\"ready\",secret:t},\"*\")},!1)))}(window,document);\n\/\/# sourceURL=https:\/\/memurunsesi.net\/wp-includes\/js\/wp-embed.min.js\n\/* ]]> *\/\n<\/script>\n","thumbnail_url":"https:\/\/memurunsesi.net\/wp-content\/uploads\/2025\/04\/AW430783_01.jpg","thumbnail_width":1204,"thumbnail_height":1600,"description":"Adana&#8217;n\u0131n Feke, Saimbeyli, Pozant\u0131 il\u00e7eleri ba\u015fta olmak \u00fczere y\u00fcksek kesimlerde yo\u011fun kar ya\u011f\u0131\u015f\u0131 etkili olmaya ba\u015flad\u0131. Meteorolojinin uyard\u0131\u011f\u0131 ya\u011f\u0131\u015fl\u0131 hava Adana&#8217;n\u0131n y\u00fcksek rak\u0131ml\u0131 il\u00e7elerinde yer yer etkili oluyor. Bug\u00fcn \u00f6\u011fleden sonra Saimbeyli ve Feke il\u00e7esi ba\u015fta olmak \u00fczere Pozant\u0131 ve yayla kesimlerinde bahar havas\u0131 yerini kar ya\u011f\u0131\u015f\u0131na b\u0131rakt\u0131. Saimbeyli il\u00e7esinde \u00f6\u011fleden sonra aniden ba\u015flayan yo\u011fun [&hellip;]"}