{"version":"1.0","provider_name":"Memurun Sesi","provider_url":"https:\/\/memurunsesi.net","author_name":"Memurun Sesi Haber Merkezi","author_url":"https:\/\/memurunsesi.net\/index.php\/author\/uniper\/","title":"Karab\u00fck-Bart\u0131n karayolu ula\u015f\u0131ma a\u00e7\u0131ld\u0131 - Memurun Sesi","type":"rich","width":600,"height":338,"html":"<blockquote class=\"wp-embedded-content\" data-secret=\"aA7dpddazw\"><a href=\"https:\/\/memurunsesi.net\/index.php\/2025\/04\/13\/karabuk-bartin-karayolu-ulasima-acildi\/\">Karab\u00fck-Bart\u0131n karayolu ula\u015f\u0131ma a\u00e7\u0131ld\u0131<\/a><\/blockquote><iframe sandbox=\"allow-scripts\" security=\"restricted\" src=\"https:\/\/memurunsesi.net\/index.php\/2025\/04\/13\/karabuk-bartin-karayolu-ulasima-acildi\/embed\/#?secret=aA7dpddazw\" width=\"600\" height=\"338\" title=\"&#8220;Karab\u00fck-Bart\u0131n karayolu ula\u015f\u0131ma a\u00e7\u0131ld\u0131&#8221; &#8212; Memurun Sesi\" data-secret=\"aA7dpddazw\" frameborder=\"0\" marginwidth=\"0\" marginheight=\"0\" scrolling=\"no\" class=\"wp-embedded-content\"><\/iframe><script type=\"text\/javascript\">\n\/* <![CDATA[ *\/\n\/*! This file is auto-generated *\/\n!function(d,l){\"use strict\";l.querySelector&&d.addEventListener&&\"undefined\"!=typeof URL&&(d.wp=d.wp||{},d.wp.receiveEmbedMessage||(d.wp.receiveEmbedMessage=function(e){var t=e.data;if((t||t.secret||t.message||t.value)&&!\/[^a-zA-Z0-9]\/.test(t.secret)){for(var s,r,n,a=l.querySelectorAll('iframe[data-secret=\"'+t.secret+'\"]'),o=l.querySelectorAll('blockquote[data-secret=\"'+t.secret+'\"]'),c=new RegExp(\"^https?:$\",\"i\"),i=0;i<o.length;i++)o[i].style.display=\"none\";for(i=0;i<a.length;i++)s=a[i],e.source===s.contentWindow&&(s.removeAttribute(\"style\"),\"height\"===t.message?(1e3<(r=parseInt(t.value,10))?r=1e3:~~r<200&&(r=200),s.height=r):\"link\"===t.message&&(r=new URL(s.getAttribute(\"src\")),n=new URL(t.value),c.test(n.protocol))&&n.host===r.host&&l.activeElement===s&&(d.top.location.href=t.value))}},d.addEventListener(\"message\",d.wp.receiveEmbedMessage,!1),l.addEventListener(\"DOMContentLoaded\",function(){for(var e,t,s=l.querySelectorAll(\"iframe.wp-embedded-content\"),r=0;r<s.length;r++)(t=(e=s[r]).getAttribute(\"data-secret\"))||(t=Math.random().toString(36).substring(2,12),e.src+=\"#?secret=\"+t,e.setAttribute(\"data-secret\",t)),e.contentWindow.postMessage({message:\"ready\",secret:t},\"*\")},!1)))}(window,document);\n\/\/# sourceURL=https:\/\/memurunsesi.net\/wp-includes\/js\/wp-embed.min.js\n\/* ]]> *\/\n<\/script>\n","thumbnail_url":"https:\/\/memurunsesi.net\/wp-content\/uploads\/2025\/04\/AW431981_02-scaled.jpg","thumbnail_width":2560,"thumbnail_height":1441,"description":"Karab\u00fck&#8217;te kar ya\u011f\u0131\u015f\u0131 nedeniyle ula\u015f\u0131ma kapat\u0131lan Karab\u00fck-Bart\u0131n karayolu a\u00e7\u0131ld\u0131. Karab\u00fck&#8217;te ak\u015fam saatlerinde etkisini art\u0131ran kar ya\u011f\u0131\u015f\u0131 nedeniyle 1030 rak\u0131ml\u0131 Ahmet usta Ge\u00e7idi ve Karab\u00fck-Bart\u0131n karayolu karla kapland\u0131. Trafik ekipleri ara\u00e7lar\u0131n ge\u00e7i\u015fini durdururken, Karayollar\u0131 ekipleri taraf\u0131ndan yap\u0131lan kar k\u00fcreme ve tuzlama \u00e7al\u0131\u015fmas\u0131 sonras\u0131nda yol yeniden ula\u015f\u0131ma a\u00e7\u0131ld\u0131. Kar ya\u011f\u0131\u015f\u0131n\u0131n durdu\u011fu b\u00f6lgede t\u00fcm ara\u00e7lar\u0131n ge\u00e7i\u015fine izin veriliyor. [&hellip;]"}