{"version":"1.0","provider_name":"Memurun Sesi","provider_url":"https:\/\/memurunsesi.net","author_name":"Memurun Sesi Haber Merkezi","author_url":"https:\/\/memurunsesi.net\/index.php\/author\/uniper\/","title":"K\u00fc\u00e7\u00fck\u00e7ekmece\u2019de motosikletli iki ki\u015fi evi kur\u015funlad\u0131 - Memurun Sesi","type":"rich","width":600,"height":338,"html":"<blockquote class=\"wp-embedded-content\" data-secret=\"R0bwIbYT63\"><a href=\"https:\/\/memurunsesi.net\/index.php\/2025\/04\/13\/kucukcekmecede-motosikletli-iki-kisi-evi-kursunladi\/\">K\u00fc\u00e7\u00fck\u00e7ekmece\u2019de motosikletli iki ki\u015fi evi kur\u015funlad\u0131<\/a><\/blockquote><iframe sandbox=\"allow-scripts\" security=\"restricted\" src=\"https:\/\/memurunsesi.net\/index.php\/2025\/04\/13\/kucukcekmecede-motosikletli-iki-kisi-evi-kursunladi\/embed\/#?secret=R0bwIbYT63\" width=\"600\" height=\"338\" title=\"&#8220;K\u00fc\u00e7\u00fck\u00e7ekmece\u2019de motosikletli iki ki\u015fi evi kur\u015funlad\u0131&#8221; &#8212; Memurun Sesi\" data-secret=\"R0bwIbYT63\" frameborder=\"0\" marginwidth=\"0\" marginheight=\"0\" scrolling=\"no\" class=\"wp-embedded-content\"><\/iframe><script type=\"text\/javascript\">\n\/* <![CDATA[ *\/\n\/*! This file is auto-generated *\/\n!function(d,l){\"use strict\";l.querySelector&&d.addEventListener&&\"undefined\"!=typeof URL&&(d.wp=d.wp||{},d.wp.receiveEmbedMessage||(d.wp.receiveEmbedMessage=function(e){var t=e.data;if((t||t.secret||t.message||t.value)&&!\/[^a-zA-Z0-9]\/.test(t.secret)){for(var s,r,n,a=l.querySelectorAll('iframe[data-secret=\"'+t.secret+'\"]'),o=l.querySelectorAll('blockquote[data-secret=\"'+t.secret+'\"]'),c=new RegExp(\"^https?:$\",\"i\"),i=0;i<o.length;i++)o[i].style.display=\"none\";for(i=0;i<a.length;i++)s=a[i],e.source===s.contentWindow&&(s.removeAttribute(\"style\"),\"height\"===t.message?(1e3<(r=parseInt(t.value,10))?r=1e3:~~r<200&&(r=200),s.height=r):\"link\"===t.message&&(r=new URL(s.getAttribute(\"src\")),n=new URL(t.value),c.test(n.protocol))&&n.host===r.host&&l.activeElement===s&&(d.top.location.href=t.value))}},d.addEventListener(\"message\",d.wp.receiveEmbedMessage,!1),l.addEventListener(\"DOMContentLoaded\",function(){for(var e,t,s=l.querySelectorAll(\"iframe.wp-embedded-content\"),r=0;r<s.length;r++)(t=(e=s[r]).getAttribute(\"data-secret\"))||(t=Math.random().toString(36).substring(2,12),e.src+=\"#?secret=\"+t,e.setAttribute(\"data-secret\",t)),e.contentWindow.postMessage({message:\"ready\",secret:t},\"*\")},!1)))}(window,document);\n\/\/# sourceURL=https:\/\/memurunsesi.net\/wp-includes\/js\/wp-embed.min.js\n\/* ]]> *\/\n<\/script>\n","thumbnail_url":"https:\/\/memurunsesi.net\/wp-content\/uploads\/2025\/04\/AW431510_03-scaled.jpg","thumbnail_width":2560,"thumbnail_height":1441,"description":"K\u00fc\u00e7\u00fck\u00e7ekmece\u2019de plakas\u0131z motosikletle gelen kar maskeli iki \u015fah\u0131s, bir evi kur\u015funlay\u0131p olay yerinden ka\u00e7t\u0131. Olayda \u00f6len ya da yaralanan kimse olmazken polis ekipleri sald\u0131rganlar\u0131 yakalamak i\u00e7in \u00e7al\u0131\u015fma ba\u015flatt\u0131. Olay, 00.30 s\u0131ralar\u0131nda K\u00fc\u00e7\u00fck\u00e7ekmece Atat\u00fcrk Mahallesi Mercan Sokak\u2019ta meydana geldi. Edinilen bilgiye g\u00f6re plakas\u0131z bir motosiklete binen kar maskeli iki ki\u015fi sokakta bulunan bir evi kur\u015funlad\u0131. Sald\u0131r\u0131n\u0131n [&hellip;]"}