{"version":"1.0","provider_name":"Memurun Sesi","provider_url":"https:\/\/memurunsesi.net","author_name":"Memurun Sesi Haber Merkezi","author_url":"https:\/\/memurunsesi.net\/index.php\/author\/uniper\/","title":"Samsun'da \"8. Karadeniz Meme Kongresi\" d\u00fczenlendi - Memurun Sesi","type":"rich","width":600,"height":338,"html":"<blockquote class=\"wp-embedded-content\" data-secret=\"Skpio7ecZW\"><a href=\"https:\/\/memurunsesi.net\/index.php\/2025\/04\/13\/samsunda-8-karadeniz-meme-kongresi-duzenlendi\/\">Samsun&#8217;da &#8220;8. Karadeniz Meme Kongresi&#8221; d\u00fczenlendi<\/a><\/blockquote><iframe sandbox=\"allow-scripts\" security=\"restricted\" src=\"https:\/\/memurunsesi.net\/index.php\/2025\/04\/13\/samsunda-8-karadeniz-meme-kongresi-duzenlendi\/embed\/#?secret=Skpio7ecZW\" width=\"600\" height=\"338\" title=\"&#8220;Samsun&#8217;da &#8220;8. Karadeniz Meme Kongresi&#8221; d\u00fczenlendi&#8221; &#8212; Memurun Sesi\" data-secret=\"Skpio7ecZW\" frameborder=\"0\" marginwidth=\"0\" marginheight=\"0\" scrolling=\"no\" class=\"wp-embedded-content\"><\/iframe><script type=\"text\/javascript\">\n\/* <![CDATA[ *\/\n\/*! This file is auto-generated *\/\n!function(d,l){\"use strict\";l.querySelector&&d.addEventListener&&\"undefined\"!=typeof URL&&(d.wp=d.wp||{},d.wp.receiveEmbedMessage||(d.wp.receiveEmbedMessage=function(e){var t=e.data;if((t||t.secret||t.message||t.value)&&!\/[^a-zA-Z0-9]\/.test(t.secret)){for(var s,r,n,a=l.querySelectorAll('iframe[data-secret=\"'+t.secret+'\"]'),o=l.querySelectorAll('blockquote[data-secret=\"'+t.secret+'\"]'),c=new RegExp(\"^https?:$\",\"i\"),i=0;i<o.length;i++)o[i].style.display=\"none\";for(i=0;i<a.length;i++)s=a[i],e.source===s.contentWindow&&(s.removeAttribute(\"style\"),\"height\"===t.message?(1e3<(r=parseInt(t.value,10))?r=1e3:~~r<200&&(r=200),s.height=r):\"link\"===t.message&&(r=new URL(s.getAttribute(\"src\")),n=new URL(t.value),c.test(n.protocol))&&n.host===r.host&&l.activeElement===s&&(d.top.location.href=t.value))}},d.addEventListener(\"message\",d.wp.receiveEmbedMessage,!1),l.addEventListener(\"DOMContentLoaded\",function(){for(var e,t,s=l.querySelectorAll(\"iframe.wp-embedded-content\"),r=0;r<s.length;r++)(t=(e=s[r]).getAttribute(\"data-secret\"))||(t=Math.random().toString(36).substring(2,12),e.src+=\"#?secret=\"+t,e.setAttribute(\"data-secret\",t)),e.contentWindow.postMessage({message:\"ready\",secret:t},\"*\")},!1)))}(window,document);\n\/\/# sourceURL=https:\/\/memurunsesi.net\/wp-includes\/js\/wp-embed.min.js\n\/* ]]> *\/\n<\/script>\n","thumbnail_url":"https:\/\/memurunsesi.net\/wp-content\/uploads\/2025\/04\/AW431353_01-scaled.jpg","thumbnail_width":2560,"thumbnail_height":1707,"description":"Kad\u0131nlarda en s\u0131k \u00f6l\u00fcme neden olan kanser t\u00fcr\u00fc meme kanseri Samsun&#8217;da d\u00fczenlenen &#8220;8. Karadeniz Meme Kongresi&#8221;nde hekimler, kad\u0131nlarda en s\u0131k g\u00f6r\u00fclen kanser t\u00fcr\u00fc olan meme kanseriyle ilgili son geli\u015fmeleri de\u011ferlendirdi. Uzmanlar, erken te\u015fhis ve multidisipliner yakla\u015f\u0131m\u0131n tedavideki ba\u015far\u0131y\u0131 \u00f6nemli \u00f6l\u00e7\u00fcde art\u0131rd\u0131\u011f\u0131n\u0131 vurgulad\u0131. Samsun Meme Derne\u011fi taraf\u0131ndan &#8220;8. Karadeniz Meme Kongresi&#8221; d\u00fczenlendi. Bir otelde yap\u0131lan kongrede [&hellip;]"}