{"version":"1.0","provider_name":"Memurun Sesi","provider_url":"https:\/\/memurunsesi.net","author_name":"Memurun Sesi Haber Merkezi","author_url":"https:\/\/memurunsesi.net\/index.php\/author\/uniper\/","title":"Otomobil ka\u011f\u0131t gibi ezildi: 3 \u00f6l\u00fc, 3 yaral\u0131 - Memurun Sesi","type":"rich","width":600,"height":338,"html":"<blockquote class=\"wp-embedded-content\" data-secret=\"kdb4Na2erp\"><a href=\"https:\/\/memurunsesi.net\/index.php\/2025\/04\/14\/otomobil-kagit-gibi-ezildi-3-olu-3-yarali\/\">Otomobil ka\u011f\u0131t gibi ezildi: 3 \u00f6l\u00fc, 3 yaral\u0131<\/a><\/blockquote><iframe sandbox=\"allow-scripts\" security=\"restricted\" src=\"https:\/\/memurunsesi.net\/index.php\/2025\/04\/14\/otomobil-kagit-gibi-ezildi-3-olu-3-yarali\/embed\/#?secret=kdb4Na2erp\" width=\"600\" height=\"338\" title=\"&#8220;Otomobil ka\u011f\u0131t gibi ezildi: 3 \u00f6l\u00fc, 3 yaral\u0131&#8221; &#8212; Memurun Sesi\" data-secret=\"kdb4Na2erp\" frameborder=\"0\" marginwidth=\"0\" marginheight=\"0\" scrolling=\"no\" class=\"wp-embedded-content\"><\/iframe><script type=\"text\/javascript\">\n\/* <![CDATA[ *\/\n\/*! This file is auto-generated *\/\n!function(d,l){\"use strict\";l.querySelector&&d.addEventListener&&\"undefined\"!=typeof URL&&(d.wp=d.wp||{},d.wp.receiveEmbedMessage||(d.wp.receiveEmbedMessage=function(e){var t=e.data;if((t||t.secret||t.message||t.value)&&!\/[^a-zA-Z0-9]\/.test(t.secret)){for(var s,r,n,a=l.querySelectorAll('iframe[data-secret=\"'+t.secret+'\"]'),o=l.querySelectorAll('blockquote[data-secret=\"'+t.secret+'\"]'),c=new RegExp(\"^https?:$\",\"i\"),i=0;i<o.length;i++)o[i].style.display=\"none\";for(i=0;i<a.length;i++)s=a[i],e.source===s.contentWindow&&(s.removeAttribute(\"style\"),\"height\"===t.message?(1e3<(r=parseInt(t.value,10))?r=1e3:~~r<200&&(r=200),s.height=r):\"link\"===t.message&&(r=new URL(s.getAttribute(\"src\")),n=new URL(t.value),c.test(n.protocol))&&n.host===r.host&&l.activeElement===s&&(d.top.location.href=t.value))}},d.addEventListener(\"message\",d.wp.receiveEmbedMessage,!1),l.addEventListener(\"DOMContentLoaded\",function(){for(var e,t,s=l.querySelectorAll(\"iframe.wp-embedded-content\"),r=0;r<s.length;r++)(t=(e=s[r]).getAttribute(\"data-secret\"))||(t=Math.random().toString(36).substring(2,12),e.src+=\"#?secret=\"+t,e.setAttribute(\"data-secret\",t)),e.contentWindow.postMessage({message:\"ready\",secret:t},\"*\")},!1)))}(window,document);\n\/\/# sourceURL=https:\/\/memurunsesi.net\/wp-includes\/js\/wp-embed.min.js\n\/* ]]> *\/\n<\/script>\n","thumbnail_url":"https:\/\/memurunsesi.net\/wp-content\/uploads\/2025\/04\/AW432730_01.jpg","thumbnail_width":1600,"thumbnail_height":1062,"description":"Kahramanmara\u015f\u2019\u0131n Af\u015fin il\u00e7esinde iki otomobilin \u00e7arp\u0131\u015fmas\u0131 sonucu meydana gelen kazada baba ile o\u011flunun da aralar\u0131nda bulundu\u011fu 3 ki\u015fi ya\u015fam\u0131n\u0131 yitirdi, 3 ki\u015fi de yaraland\u0131. Otomobilin ise adeta ka\u011f\u0131t gibi ezildi\u011fi g\u00f6r\u00fcld\u00fc. Kaza, Af\u015fin il\u00e7esi Alparslan Mahallesi Mehmet Akif Caddesi \u00fczerinde meydana geldi. Al\u0131nan bilgiye g\u00f6re, 46 AKD 883 plakal\u0131 otomobil ile hen\u00fcz plakas\u0131 belirlenemeyen bir [&hellip;]"}