{"version":"1.0","provider_name":"Memurun Sesi","provider_url":"https:\/\/memurunsesi.net","author_name":"Memurun Sesi Haber Merkezi","author_url":"https:\/\/memurunsesi.net\/index.php\/author\/uniper\/","title":"UEFA Avrupa Ligi \u00e7eyrek finalde r\u00f6van\u015f heyecan\u0131 - Memurun Sesi","type":"rich","width":600,"height":338,"html":"<blockquote class=\"wp-embedded-content\" data-secret=\"ZS0ICwljUw\"><a href=\"https:\/\/memurunsesi.net\/index.php\/2025\/04\/16\/uefa-avrupa-ligi-ceyrek-finalde-rovans-heyecani\/\">UEFA Avrupa Ligi \u00e7eyrek finalde r\u00f6van\u015f heyecan\u0131<\/a><\/blockquote><iframe sandbox=\"allow-scripts\" security=\"restricted\" src=\"https:\/\/memurunsesi.net\/index.php\/2025\/04\/16\/uefa-avrupa-ligi-ceyrek-finalde-rovans-heyecani\/embed\/#?secret=ZS0ICwljUw\" width=\"600\" height=\"338\" title=\"&#8220;UEFA Avrupa Ligi \u00e7eyrek finalde r\u00f6van\u015f heyecan\u0131&#8221; &#8212; Memurun Sesi\" data-secret=\"ZS0ICwljUw\" frameborder=\"0\" marginwidth=\"0\" marginheight=\"0\" scrolling=\"no\" class=\"wp-embedded-content\"><\/iframe><script type=\"text\/javascript\">\n\/* <![CDATA[ *\/\n\/*! This file is auto-generated *\/\n!function(d,l){\"use strict\";l.querySelector&&d.addEventListener&&\"undefined\"!=typeof URL&&(d.wp=d.wp||{},d.wp.receiveEmbedMessage||(d.wp.receiveEmbedMessage=function(e){var t=e.data;if((t||t.secret||t.message||t.value)&&!\/[^a-zA-Z0-9]\/.test(t.secret)){for(var s,r,n,a=l.querySelectorAll('iframe[data-secret=\"'+t.secret+'\"]'),o=l.querySelectorAll('blockquote[data-secret=\"'+t.secret+'\"]'),c=new RegExp(\"^https?:$\",\"i\"),i=0;i<o.length;i++)o[i].style.display=\"none\";for(i=0;i<a.length;i++)s=a[i],e.source===s.contentWindow&&(s.removeAttribute(\"style\"),\"height\"===t.message?(1e3<(r=parseInt(t.value,10))?r=1e3:~~r<200&&(r=200),s.height=r):\"link\"===t.message&&(r=new URL(s.getAttribute(\"src\")),n=new URL(t.value),c.test(n.protocol))&&n.host===r.host&&l.activeElement===s&&(d.top.location.href=t.value))}},d.addEventListener(\"message\",d.wp.receiveEmbedMessage,!1),l.addEventListener(\"DOMContentLoaded\",function(){for(var e,t,s=l.querySelectorAll(\"iframe.wp-embedded-content\"),r=0;r<s.length;r++)(t=(e=s[r]).getAttribute(\"data-secret\"))||(t=Math.random().toString(36).substring(2,12),e.src+=\"#?secret=\"+t,e.setAttribute(\"data-secret\",t)),e.contentWindow.postMessage({message:\"ready\",secret:t},\"*\")},!1)))}(window,document);\n\/\/# sourceURL=https:\/\/memurunsesi.net\/wp-includes\/js\/wp-embed.min.js\n\/* ]]> *\/\n<\/script>\n","description":"UEFA Avrupa Ligi&#8217;nde \u00e7eyrek final r\u00f6van\u015f ma\u00e7lar\u0131 yar\u0131n oynanacak. Avrupa futbolunun kul\u00fcpler d\u00fczeyindeki ikinci \u00f6nemli organizasyonu olan UEFA Avrupa Ligi\u2019nde \u00e7eyrek final ma\u00e7lar\u0131nda r\u00f6van\u015f heyecan\u0131 yar\u0131n ya\u015fanacak. UEFA Avrupa Ligi \u00e7eyrek final r\u00f6van\u015f\u0131nda oynanacak kar\u015f\u0131la\u015fmalar\u0131n TS\u0130 program\u0131 ve ilk ma\u00e7larda al\u0131nan sonu\u00e7lar \u015f\u00f6yle: Yar\u0131n 22.00 Athletic Bilbao (0) &#8211; Rangers (0) 22.00 Eintracht Frankfurt (1) [&hellip;]"}