{"version":"1.0","provider_name":"Memurun Sesi","provider_url":"https:\/\/memurunsesi.net","author_name":"Memurun Sesi Haber Merkezi","author_url":"https:\/\/memurunsesi.net\/index.php\/author\/uniper\/","title":"Sa\u011fanak ya\u011f\u0131\u015f gen\u00e7lerin e\u011flencesini bozamad\u0131 - Memurun Sesi","type":"rich","width":600,"height":338,"html":"<blockquote class=\"wp-embedded-content\" data-secret=\"zCCvr0Vhk7\"><a href=\"https:\/\/memurunsesi.net\/index.php\/2025\/04\/20\/saganak-yagis-genclerin-eglencesini-bozamadi\/\">Sa\u011fanak ya\u011f\u0131\u015f gen\u00e7lerin e\u011flencesini bozamad\u0131<\/a><\/blockquote><iframe sandbox=\"allow-scripts\" security=\"restricted\" src=\"https:\/\/memurunsesi.net\/index.php\/2025\/04\/20\/saganak-yagis-genclerin-eglencesini-bozamadi\/embed\/#?secret=zCCvr0Vhk7\" width=\"600\" height=\"338\" title=\"&#8220;Sa\u011fanak ya\u011f\u0131\u015f gen\u00e7lerin e\u011flencesini bozamad\u0131&#8221; &#8212; Memurun Sesi\" data-secret=\"zCCvr0Vhk7\" frameborder=\"0\" marginwidth=\"0\" marginheight=\"0\" scrolling=\"no\" class=\"wp-embedded-content\"><\/iframe><script type=\"text\/javascript\">\n\/* <![CDATA[ *\/\n\/*! This file is auto-generated *\/\n!function(d,l){\"use strict\";l.querySelector&&d.addEventListener&&\"undefined\"!=typeof URL&&(d.wp=d.wp||{},d.wp.receiveEmbedMessage||(d.wp.receiveEmbedMessage=function(e){var t=e.data;if((t||t.secret||t.message||t.value)&&!\/[^a-zA-Z0-9]\/.test(t.secret)){for(var s,r,n,a=l.querySelectorAll('iframe[data-secret=\"'+t.secret+'\"]'),o=l.querySelectorAll('blockquote[data-secret=\"'+t.secret+'\"]'),c=new RegExp(\"^https?:$\",\"i\"),i=0;i<o.length;i++)o[i].style.display=\"none\";for(i=0;i<a.length;i++)s=a[i],e.source===s.contentWindow&&(s.removeAttribute(\"style\"),\"height\"===t.message?(1e3<(r=parseInt(t.value,10))?r=1e3:~~r<200&&(r=200),s.height=r):\"link\"===t.message&&(r=new URL(s.getAttribute(\"src\")),n=new URL(t.value),c.test(n.protocol))&&n.host===r.host&&l.activeElement===s&&(d.top.location.href=t.value))}},d.addEventListener(\"message\",d.wp.receiveEmbedMessage,!1),l.addEventListener(\"DOMContentLoaded\",function(){for(var e,t,s=l.querySelectorAll(\"iframe.wp-embedded-content\"),r=0;r<s.length;r++)(t=(e=s[r]).getAttribute(\"data-secret\"))||(t=Math.random().toString(36).substring(2,12),e.src+=\"#?secret=\"+t,e.setAttribute(\"data-secret\",t)),e.contentWindow.postMessage({message:\"ready\",secret:t},\"*\")},!1)))}(window,document);\n\/\/# sourceURL=https:\/\/memurunsesi.net\/wp-includes\/js\/wp-embed.min.js\n\/* ]]> *\/\n<\/script>\n","thumbnail_url":"https:\/\/memurunsesi.net\/wp-content\/uploads\/2025\/04\/AW436649_04.jpg","thumbnail_width":1206,"thumbnail_height":678,"description":"&#8211; D\u00fczce\u2019de konserde gen\u00e7ler doyas\u0131ya e\u011flendi D\u00fczce\u2019de \u00fcniversite \u00f6\u011frencilerine \u00f6zel yap\u0131lan konserde sa\u011fanak ya\u011f\u0131\u015fa ra\u011fmen gen\u00e7ler doyas\u0131ya e\u011flendi. D\u00fczce \u00dcniversitesi Merakl\u0131lar\u0131 taraf\u0131ndan \u00dcniversite \u00f6\u011frencilerine \u00f6zel Pera konseri d\u00fczenlendi. Ayd\u0131np\u0131nar Caddesi \u00fczerinde bulunan i\u015fletmede ger\u00e7ekle\u015ftirilen konsere D\u00fczce \u00dcniversitesi\u2019nden binlerde \u00f6\u011frenci kat\u0131ld\u0131. \u0130l jandarma Komutanl\u0131\u011f\u0131 ekiplerinin geni\u015f g\u00fcvenlik \u00f6nlemleri ald\u0131\u011f\u0131 konserde Pera, konsere kat\u0131lan gen\u00e7lere unutulmaz anlar [&hellip;]"}