{"version":"1.0","provider_name":"Memurun Sesi","provider_url":"https:\/\/memurunsesi.net","author_name":"Memurun Sesi Haber Merkezi","author_url":"https:\/\/memurunsesi.net\/index.php\/author\/uniper\/","title":"Kuyucak'ta 40 y\u0131ll\u0131k gelenek bu y\u0131l da s\u00fcrd\u00fc - Memurun Sesi","type":"rich","width":600,"height":338,"html":"<blockquote class=\"wp-embedded-content\" data-secret=\"lkucSn13iq\"><a href=\"https:\/\/memurunsesi.net\/index.php\/2025\/04\/21\/kuyucakta-40-yillik-gelenek-bu-yil-da-surdu\/\">Kuyucak&#8217;ta 40 y\u0131ll\u0131k gelenek bu y\u0131l da s\u00fcrd\u00fc<\/a><\/blockquote><iframe sandbox=\"allow-scripts\" security=\"restricted\" src=\"https:\/\/memurunsesi.net\/index.php\/2025\/04\/21\/kuyucakta-40-yillik-gelenek-bu-yil-da-surdu\/embed\/#?secret=lkucSn13iq\" width=\"600\" height=\"338\" title=\"&#8220;Kuyucak&#8217;ta 40 y\u0131ll\u0131k gelenek bu y\u0131l da s\u00fcrd\u00fc&#8221; &#8212; Memurun Sesi\" data-secret=\"lkucSn13iq\" frameborder=\"0\" marginwidth=\"0\" marginheight=\"0\" scrolling=\"no\" class=\"wp-embedded-content\"><\/iframe><script type=\"text\/javascript\">\n\/* <![CDATA[ *\/\n\/*! This file is auto-generated *\/\n!function(d,l){\"use strict\";l.querySelector&&d.addEventListener&&\"undefined\"!=typeof URL&&(d.wp=d.wp||{},d.wp.receiveEmbedMessage||(d.wp.receiveEmbedMessage=function(e){var t=e.data;if((t||t.secret||t.message||t.value)&&!\/[^a-zA-Z0-9]\/.test(t.secret)){for(var s,r,n,a=l.querySelectorAll('iframe[data-secret=\"'+t.secret+'\"]'),o=l.querySelectorAll('blockquote[data-secret=\"'+t.secret+'\"]'),c=new RegExp(\"^https?:$\",\"i\"),i=0;i<o.length;i++)o[i].style.display=\"none\";for(i=0;i<a.length;i++)s=a[i],e.source===s.contentWindow&&(s.removeAttribute(\"style\"),\"height\"===t.message?(1e3<(r=parseInt(t.value,10))?r=1e3:~~r<200&&(r=200),s.height=r):\"link\"===t.message&&(r=new URL(s.getAttribute(\"src\")),n=new URL(t.value),c.test(n.protocol))&&n.host===r.host&&l.activeElement===s&&(d.top.location.href=t.value))}},d.addEventListener(\"message\",d.wp.receiveEmbedMessage,!1),l.addEventListener(\"DOMContentLoaded\",function(){for(var e,t,s=l.querySelectorAll(\"iframe.wp-embedded-content\"),r=0;r<s.length;r++)(t=(e=s[r]).getAttribute(\"data-secret\"))||(t=Math.random().toString(36).substring(2,12),e.src+=\"#?secret=\"+t,e.setAttribute(\"data-secret\",t)),e.contentWindow.postMessage({message:\"ready\",secret:t},\"*\")},!1)))}(window,document);\n\/\/# sourceURL=https:\/\/memurunsesi.net\/wp-includes\/js\/wp-embed.min.js\n\/* ]]> *\/\n<\/script>\n","thumbnail_url":"https:\/\/memurunsesi.net\/wp-content\/uploads\/2025\/04\/AW437219_01.jpg","thumbnail_width":2048,"thumbnail_height":1536,"description":"Ayd\u0131n\u2019\u0131n Kuyucak il\u00e7esine ba\u011fl\u0131 k\u0131rsal Karap\u0131nar Mahallesi\u2019nde bu sene 40&#8217;\u0131nc\u0131s\u0131 d\u00fczenlenen \u2019Geleneksel Dede Hayr\u0131\u2019 bu y\u0131l da yo\u011fun bir kat\u0131l\u0131mla ger\u00e7ekle\u015ftirildi. Yaylada ayn\u0131 sofrada bulu\u015fan binlerce ki\u015fi hem dua etti, hem de hasret giderdi. \u2018\u00d6m\u00fcr Yaylas\u0131\u2019 olarak da bilinen Karap\u0131nar Mahallesi\u2019ndeki Karaca ailesinin \u00f6nc\u00fcl\u00fc\u011f\u00fcnde yap\u0131lan, mahalle sakinlerinin ve hay\u0131rseverlerin destekleriyle zenginle\u015fen hay\u0131r cemiyetinden nasiplenmek isteyen [&hellip;]"}