{"version":"1.0","provider_name":"Memurun Sesi","provider_url":"https:\/\/memurunsesi.net","author_name":"Memurun Sesi Haber Merkezi","author_url":"https:\/\/memurunsesi.net\/index.php\/author\/uniper\/","title":"Papa Francis'in \u00f6l\u00fcm nedeni fel\u00e7 ve kalp yetmezli\u011fi - Memurun Sesi","type":"rich","width":600,"height":338,"html":"<blockquote class=\"wp-embedded-content\" data-secret=\"OELm3psXmb\"><a href=\"https:\/\/memurunsesi.net\/index.php\/2025\/04\/22\/papa-francisin-olum-nedeni-felc-ve-kalp-yetmezligi\/\">Papa Francis&#8217;in \u00f6l\u00fcm nedeni fel\u00e7 ve kalp yetmezli\u011fi<\/a><\/blockquote><iframe sandbox=\"allow-scripts\" security=\"restricted\" src=\"https:\/\/memurunsesi.net\/index.php\/2025\/04\/22\/papa-francisin-olum-nedeni-felc-ve-kalp-yetmezligi\/embed\/#?secret=OELm3psXmb\" width=\"600\" height=\"338\" title=\"&#8220;Papa Francis&#8217;in \u00f6l\u00fcm nedeni fel\u00e7 ve kalp yetmezli\u011fi&#8221; &#8212; Memurun Sesi\" data-secret=\"OELm3psXmb\" frameborder=\"0\" marginwidth=\"0\" marginheight=\"0\" scrolling=\"no\" class=\"wp-embedded-content\"><\/iframe><script type=\"text\/javascript\">\n\/* <![CDATA[ *\/\n\/*! This file is auto-generated *\/\n!function(d,l){\"use strict\";l.querySelector&&d.addEventListener&&\"undefined\"!=typeof URL&&(d.wp=d.wp||{},d.wp.receiveEmbedMessage||(d.wp.receiveEmbedMessage=function(e){var t=e.data;if((t||t.secret||t.message||t.value)&&!\/[^a-zA-Z0-9]\/.test(t.secret)){for(var s,r,n,a=l.querySelectorAll('iframe[data-secret=\"'+t.secret+'\"]'),o=l.querySelectorAll('blockquote[data-secret=\"'+t.secret+'\"]'),c=new RegExp(\"^https?:$\",\"i\"),i=0;i<o.length;i++)o[i].style.display=\"none\";for(i=0;i<a.length;i++)s=a[i],e.source===s.contentWindow&&(s.removeAttribute(\"style\"),\"height\"===t.message?(1e3<(r=parseInt(t.value,10))?r=1e3:~~r<200&&(r=200),s.height=r):\"link\"===t.message&&(r=new URL(s.getAttribute(\"src\")),n=new URL(t.value),c.test(n.protocol))&&n.host===r.host&&l.activeElement===s&&(d.top.location.href=t.value))}},d.addEventListener(\"message\",d.wp.receiveEmbedMessage,!1),l.addEventListener(\"DOMContentLoaded\",function(){for(var e,t,s=l.querySelectorAll(\"iframe.wp-embedded-content\"),r=0;r<s.length;r++)(t=(e=s[r]).getAttribute(\"data-secret\"))||(t=Math.random().toString(36).substring(2,12),e.src+=\"#?secret=\"+t,e.setAttribute(\"data-secret\",t)),e.contentWindow.postMessage({message:\"ready\",secret:t},\"*\")},!1)))}(window,document);\n\/\/# sourceURL=https:\/\/memurunsesi.net\/wp-includes\/js\/wp-embed.min.js\n\/* ]]> *\/\n<\/script>\n","thumbnail_url":"https:\/\/memurunsesi.net\/wp-content\/uploads\/2025\/04\/AW437903_01.jpg","thumbnail_width":999,"thumbnail_height":709,"description":"&#8211; Papa Francis&#8217;in son vasiyeti Vatikan d\u0131\u015f\u0131na g\u00f6m\u00fclmek &#8211; Papa Francis, 100 y\u0131ldan uzun s\u00fcredir Vatikan&#8217;a g\u00f6m\u00fclmeyen ilk papa olacak Katoliklerin ruhani lideri Papa Francis&#8217;in \u00f6l\u00fcm nedeninin fel\u00e7 ve kalp yetmezli\u011fi oldu\u011fu a\u00e7\u0131kland\u0131. Papa Francis&#8217;in son vasiyetinin ise \u0130talya&#8217;n\u0131n ba\u015fkenti Roma&#8217;daki Santa Maria Maggiore Bazilikas\u0131&#8217;na &#8220;\u00f6zel bir s\u00fcsleme olmadan&#8221; g\u00f6m\u00fclmek oldu\u011fu aktar\u0131ld\u0131. Papa Francis, 100 [&hellip;]"}