{"version":"1.0","provider_name":"Memurun Sesi","provider_url":"https:\/\/memurunsesi.net","author_name":"Memurun Sesi Haber Merkezi","author_url":"https:\/\/memurunsesi.net\/index.php\/author\/uniper\/","title":"B\u00fcy\u00fck\u00e7ekmece\u2019de 23 Nisan co\u015fkusu sokaklara ta\u015ft\u0131 - Memurun Sesi","type":"rich","width":600,"height":338,"html":"<blockquote class=\"wp-embedded-content\" data-secret=\"4F7OuWWGhr\"><a href=\"https:\/\/memurunsesi.net\/index.php\/2025\/04\/23\/buyukcekmecede-23-nisan-coskusu-sokaklara-tasti\/\">B\u00fcy\u00fck\u00e7ekmece\u2019de 23 Nisan co\u015fkusu sokaklara ta\u015ft\u0131<\/a><\/blockquote><iframe sandbox=\"allow-scripts\" security=\"restricted\" src=\"https:\/\/memurunsesi.net\/index.php\/2025\/04\/23\/buyukcekmecede-23-nisan-coskusu-sokaklara-tasti\/embed\/#?secret=4F7OuWWGhr\" width=\"600\" height=\"338\" title=\"&#8220;B\u00fcy\u00fck\u00e7ekmece\u2019de 23 Nisan co\u015fkusu sokaklara ta\u015ft\u0131&#8221; &#8212; Memurun Sesi\" data-secret=\"4F7OuWWGhr\" frameborder=\"0\" marginwidth=\"0\" marginheight=\"0\" scrolling=\"no\" class=\"wp-embedded-content\"><\/iframe><script type=\"text\/javascript\">\n\/* <![CDATA[ *\/\n\/*! This file is auto-generated *\/\n!function(d,l){\"use strict\";l.querySelector&&d.addEventListener&&\"undefined\"!=typeof URL&&(d.wp=d.wp||{},d.wp.receiveEmbedMessage||(d.wp.receiveEmbedMessage=function(e){var t=e.data;if((t||t.secret||t.message||t.value)&&!\/[^a-zA-Z0-9]\/.test(t.secret)){for(var s,r,n,a=l.querySelectorAll('iframe[data-secret=\"'+t.secret+'\"]'),o=l.querySelectorAll('blockquote[data-secret=\"'+t.secret+'\"]'),c=new RegExp(\"^https?:$\",\"i\"),i=0;i<o.length;i++)o[i].style.display=\"none\";for(i=0;i<a.length;i++)s=a[i],e.source===s.contentWindow&&(s.removeAttribute(\"style\"),\"height\"===t.message?(1e3<(r=parseInt(t.value,10))?r=1e3:~~r<200&&(r=200),s.height=r):\"link\"===t.message&&(r=new URL(s.getAttribute(\"src\")),n=new URL(t.value),c.test(n.protocol))&&n.host===r.host&&l.activeElement===s&&(d.top.location.href=t.value))}},d.addEventListener(\"message\",d.wp.receiveEmbedMessage,!1),l.addEventListener(\"DOMContentLoaded\",function(){for(var e,t,s=l.querySelectorAll(\"iframe.wp-embedded-content\"),r=0;r<s.length;r++)(t=(e=s[r]).getAttribute(\"data-secret\"))||(t=Math.random().toString(36).substring(2,12),e.src+=\"#?secret=\"+t,e.setAttribute(\"data-secret\",t)),e.contentWindow.postMessage({message:\"ready\",secret:t},\"*\")},!1)))}(window,document);\n\/\/# sourceURL=https:\/\/memurunsesi.net\/wp-includes\/js\/wp-embed.min.js\n\/* ]]> *\/\n<\/script>\n","thumbnail_url":"https:\/\/memurunsesi.net\/wp-content\/uploads\/2025\/04\/AW438926_01.jpg","thumbnail_width":2098,"thumbnail_height":1398,"description":"T\u00fcrkiye B\u00fcy\u00fck Millet Meclisi\u2019nin a\u00e7\u0131l\u0131\u015f\u0131n\u0131n ve 23 Nisan Ulusal Egemenlik ve \u00c7ocuk Bayram\u0131\u2019n\u0131n 105\u2019inci y\u0131l d\u00f6n\u00fcm\u00fc B\u00fcy\u00fck\u00e7ekmece\u2019de birbirinden co\u015fkulu etkinliklerle kutland\u0131. 7\u2019den 70\u2019e y\u00fczlerce B\u00fcy\u00fck\u00e7ekmecelinin ellerinde T\u00fcrk bayraklar\u0131yla kat\u0131ld\u0131\u011f\u0131 23 Nisan kortej y\u00fcr\u00fcy\u00fc\u015f\u00fc, renkli ve unutulmaz g\u00f6r\u00fcnt\u00fclere sahne oldu. Kortej y\u00fcr\u00fcy\u00fc\u015f\u00fcn\u00fcn ard\u0131ndan tarihin ve ba\u011f\u0131ms\u0131zl\u0131k m\u00fccadelesinin izlerini ta\u015f\u0131yan Ulusal Ba\u011f\u0131ms\u0131zl\u0131k ve Kurulu\u015f M\u00fczesi\u2019nin \u00f6n\u00fcnde etkinliklerle [&hellip;]"}