{"version":"1.0","provider_name":"Memurun Sesi","provider_url":"https:\/\/memurunsesi.net","author_name":"Memurun Sesi Haber Merkezi","author_url":"https:\/\/memurunsesi.net\/index.php\/author\/uniper\/","title":"O\u011flu taraf\u0131ndan vurulan baba a\u011f\u0131r yaraland\u0131 - Memurun Sesi","type":"rich","width":600,"height":338,"html":"<blockquote class=\"wp-embedded-content\" data-secret=\"tM7IW5Jyl9\"><a href=\"https:\/\/memurunsesi.net\/index.php\/2025\/04\/23\/oglu-tarafindan-vurulan-baba-agir-yaralandi\/\">O\u011flu taraf\u0131ndan vurulan baba a\u011f\u0131r yaraland\u0131<\/a><\/blockquote><iframe sandbox=\"allow-scripts\" security=\"restricted\" src=\"https:\/\/memurunsesi.net\/index.php\/2025\/04\/23\/oglu-tarafindan-vurulan-baba-agir-yaralandi\/embed\/#?secret=tM7IW5Jyl9\" width=\"600\" height=\"338\" title=\"&#8220;O\u011flu taraf\u0131ndan vurulan baba a\u011f\u0131r yaraland\u0131&#8221; &#8212; Memurun Sesi\" data-secret=\"tM7IW5Jyl9\" frameborder=\"0\" marginwidth=\"0\" marginheight=\"0\" scrolling=\"no\" class=\"wp-embedded-content\"><\/iframe><script type=\"text\/javascript\">\n\/* <![CDATA[ *\/\n\/*! This file is auto-generated *\/\n!function(d,l){\"use strict\";l.querySelector&&d.addEventListener&&\"undefined\"!=typeof URL&&(d.wp=d.wp||{},d.wp.receiveEmbedMessage||(d.wp.receiveEmbedMessage=function(e){var t=e.data;if((t||t.secret||t.message||t.value)&&!\/[^a-zA-Z0-9]\/.test(t.secret)){for(var s,r,n,a=l.querySelectorAll('iframe[data-secret=\"'+t.secret+'\"]'),o=l.querySelectorAll('blockquote[data-secret=\"'+t.secret+'\"]'),c=new RegExp(\"^https?:$\",\"i\"),i=0;i<o.length;i++)o[i].style.display=\"none\";for(i=0;i<a.length;i++)s=a[i],e.source===s.contentWindow&&(s.removeAttribute(\"style\"),\"height\"===t.message?(1e3<(r=parseInt(t.value,10))?r=1e3:~~r<200&&(r=200),s.height=r):\"link\"===t.message&&(r=new URL(s.getAttribute(\"src\")),n=new URL(t.value),c.test(n.protocol))&&n.host===r.host&&l.activeElement===s&&(d.top.location.href=t.value))}},d.addEventListener(\"message\",d.wp.receiveEmbedMessage,!1),l.addEventListener(\"DOMContentLoaded\",function(){for(var e,t,s=l.querySelectorAll(\"iframe.wp-embedded-content\"),r=0;r<s.length;r++)(t=(e=s[r]).getAttribute(\"data-secret\"))||(t=Math.random().toString(36).substring(2,12),e.src+=\"#?secret=\"+t,e.setAttribute(\"data-secret\",t)),e.contentWindow.postMessage({message:\"ready\",secret:t},\"*\")},!1)))}(window,document);\n\/\/# sourceURL=https:\/\/memurunsesi.net\/wp-includes\/js\/wp-embed.min.js\n\/* ]]> *\/\n<\/script>\n","thumbnail_url":"https:\/\/memurunsesi.net\/wp-content\/uploads\/2025\/04\/AW438865_01.jpg","thumbnail_width":1546,"thumbnail_height":1165,"description":"Tekirda\u011f\u2019da kavga etti\u011fi o\u011flu taraf\u0131ndan silahla vurulan baba a\u011f\u0131r yaraland\u0131. Olay, gece yar\u0131s\u0131 \u00c7orlu il\u00e7esi Muhittin Mahallesi Ant Sokak \u00fczerindeki ikamette meydana geldi. Baba M.\u00dc. (43) ile o\u011flu Y.B.\u00dc. (20) aras\u0131nda evde hen\u00fcz bilinmeyen bir nedenle tart\u0131\u015fma ya\u015fand\u0131. \u00c7\u0131kan kavga sonras\u0131 Y.B.\u00dc. babas\u0131na silahla ate\u015f a\u00e7t\u0131. G\u00f6\u011f\u00fcs \u00e7evresine isabet eden kur\u015funla a\u011f\u0131r yaralanan baba M.\u00dc. [&hellip;]"}