{"version":"1.0","provider_name":"Memurun Sesi","provider_url":"https:\/\/memurunsesi.net","author_name":"Memurun Sesi Haber Merkezi","author_url":"https:\/\/memurunsesi.net\/index.php\/author\/uniper\/","title":"Van B\u00fcy\u00fck\u015fehir Belediyesinin kurslar\u0131na yo\u011fun ilgi - Memurun Sesi","type":"rich","width":600,"height":338,"html":"<blockquote class=\"wp-embedded-content\" data-secret=\"iUVphkiGrz\"><a href=\"https:\/\/memurunsesi.net\/index.php\/2025\/04\/23\/van-buyuksehir-belediyesinin-kurslarina-yogun-ilgi\/\">Van B\u00fcy\u00fck\u015fehir Belediyesinin kurslar\u0131na yo\u011fun ilgi<\/a><\/blockquote><iframe sandbox=\"allow-scripts\" security=\"restricted\" src=\"https:\/\/memurunsesi.net\/index.php\/2025\/04\/23\/van-buyuksehir-belediyesinin-kurslarina-yogun-ilgi\/embed\/#?secret=iUVphkiGrz\" width=\"600\" height=\"338\" title=\"&#8220;Van B\u00fcy\u00fck\u015fehir Belediyesinin kurslar\u0131na yo\u011fun ilgi&#8221; &#8212; Memurun Sesi\" data-secret=\"iUVphkiGrz\" frameborder=\"0\" marginwidth=\"0\" marginheight=\"0\" scrolling=\"no\" class=\"wp-embedded-content\"><\/iframe><script type=\"text\/javascript\">\n\/* <![CDATA[ *\/\n\/*! This file is auto-generated *\/\n!function(d,l){\"use strict\";l.querySelector&&d.addEventListener&&\"undefined\"!=typeof URL&&(d.wp=d.wp||{},d.wp.receiveEmbedMessage||(d.wp.receiveEmbedMessage=function(e){var t=e.data;if((t||t.secret||t.message||t.value)&&!\/[^a-zA-Z0-9]\/.test(t.secret)){for(var s,r,n,a=l.querySelectorAll('iframe[data-secret=\"'+t.secret+'\"]'),o=l.querySelectorAll('blockquote[data-secret=\"'+t.secret+'\"]'),c=new RegExp(\"^https?:$\",\"i\"),i=0;i<o.length;i++)o[i].style.display=\"none\";for(i=0;i<a.length;i++)s=a[i],e.source===s.contentWindow&&(s.removeAttribute(\"style\"),\"height\"===t.message?(1e3<(r=parseInt(t.value,10))?r=1e3:~~r<200&&(r=200),s.height=r):\"link\"===t.message&&(r=new URL(s.getAttribute(\"src\")),n=new URL(t.value),c.test(n.protocol))&&n.host===r.host&&l.activeElement===s&&(d.top.location.href=t.value))}},d.addEventListener(\"message\",d.wp.receiveEmbedMessage,!1),l.addEventListener(\"DOMContentLoaded\",function(){for(var e,t,s=l.querySelectorAll(\"iframe.wp-embedded-content\"),r=0;r<s.length;r++)(t=(e=s[r]).getAttribute(\"data-secret\"))||(t=Math.random().toString(36).substring(2,12),e.src+=\"#?secret=\"+t,e.setAttribute(\"data-secret\",t)),e.contentWindow.postMessage({message:\"ready\",secret:t},\"*\")},!1)))}(window,document);\n\/\/# sourceURL=https:\/\/memurunsesi.net\/wp-includes\/js\/wp-embed.min.js\n\/* ]]> *\/\n<\/script>\n","thumbnail_url":"https:\/\/memurunsesi.net\/wp-content\/uploads\/2025\/04\/AW438906_04.jpg","thumbnail_width":1600,"thumbnail_height":1200,"description":"Van B\u00fcy\u00fck\u015fehir Belediyesi taraf\u0131ndan Tu\u015fba il\u00e7esinde kad\u0131n ve \u00e7ocuklara y\u00f6nelik d\u00fczenledi\u011fi kurslar, vatanda\u015flar taraf\u0131ndan yo\u011fun ilgi g\u00f6r\u00fcyor. Van B\u00fcy\u00fck\u015fehir Belediyesinin sanatsal ve k\u00fclt\u00fcrel etkinliklerinin yan\u0131 s\u0131ra e\u011fitim alan\u0131nda sundu\u011fu hizmetler, vatanda\u015flar taraf\u0131ndan b\u00fcy\u00fck be\u011feni topluyor. Kad\u0131n ve Aile Hizmetleri Daire Ba\u015fkanl\u0131\u011f\u0131nca Tu\u015fba Millet Bah\u00e7esinde a\u00e7\u0131lan kurs merkezleri de kad\u0131n ve \u00e7ocuklardan tam not ald\u0131. El [&hellip;]"}