{"version":"1.0","provider_name":"Memurun Sesi","provider_url":"https:\/\/memurunsesi.net","author_name":"Memurun Sesi Haber Merkezi","author_url":"https:\/\/memurunsesi.net\/index.php\/author\/uniper\/","title":"\u0130stanbullular yeni g\u00fcne \u00e7ad\u0131rlarda uyand\u0131 - Memurun Sesi","type":"rich","width":600,"height":338,"html":"<blockquote class=\"wp-embedded-content\" data-secret=\"FWg7OqzkzR\"><a href=\"https:\/\/memurunsesi.net\/index.php\/2025\/04\/24\/istanbullular-yeni-gune-cadirlarda-uyandi\/\">\u0130stanbullular yeni g\u00fcne \u00e7ad\u0131rlarda uyand\u0131<\/a><\/blockquote><iframe sandbox=\"allow-scripts\" security=\"restricted\" src=\"https:\/\/memurunsesi.net\/index.php\/2025\/04\/24\/istanbullular-yeni-gune-cadirlarda-uyandi\/embed\/#?secret=FWg7OqzkzR\" width=\"600\" height=\"338\" title=\"&#8220;\u0130stanbullular yeni g\u00fcne \u00e7ad\u0131rlarda uyand\u0131&#8221; &#8212; Memurun Sesi\" data-secret=\"FWg7OqzkzR\" frameborder=\"0\" marginwidth=\"0\" marginheight=\"0\" scrolling=\"no\" class=\"wp-embedded-content\"><\/iframe><script type=\"text\/javascript\">\n\/* <![CDATA[ *\/\n\/*! This file is auto-generated *\/\n!function(d,l){\"use strict\";l.querySelector&&d.addEventListener&&\"undefined\"!=typeof URL&&(d.wp=d.wp||{},d.wp.receiveEmbedMessage||(d.wp.receiveEmbedMessage=function(e){var t=e.data;if((t||t.secret||t.message||t.value)&&!\/[^a-zA-Z0-9]\/.test(t.secret)){for(var s,r,n,a=l.querySelectorAll('iframe[data-secret=\"'+t.secret+'\"]'),o=l.querySelectorAll('blockquote[data-secret=\"'+t.secret+'\"]'),c=new RegExp(\"^https?:$\",\"i\"),i=0;i<o.length;i++)o[i].style.display=\"none\";for(i=0;i<a.length;i++)s=a[i],e.source===s.contentWindow&&(s.removeAttribute(\"style\"),\"height\"===t.message?(1e3<(r=parseInt(t.value,10))?r=1e3:~~r<200&&(r=200),s.height=r):\"link\"===t.message&&(r=new URL(s.getAttribute(\"src\")),n=new URL(t.value),c.test(n.protocol))&&n.host===r.host&&l.activeElement===s&&(d.top.location.href=t.value))}},d.addEventListener(\"message\",d.wp.receiveEmbedMessage,!1),l.addEventListener(\"DOMContentLoaded\",function(){for(var e,t,s=l.querySelectorAll(\"iframe.wp-embedded-content\"),r=0;r<s.length;r++)(t=(e=s[r]).getAttribute(\"data-secret\"))||(t=Math.random().toString(36).substring(2,12),e.src+=\"#?secret=\"+t,e.setAttribute(\"data-secret\",t)),e.contentWindow.postMessage({message:\"ready\",secret:t},\"*\")},!1)))}(window,document);\n\/\/# sourceURL=https:\/\/memurunsesi.net\/wp-includes\/js\/wp-embed.min.js\n\/* ]]> *\/\n<\/script>\n","description":"\u0130stanbul&#8217;da d\u00fcn ya\u015fanan depremlerin ard\u0131ndan geceyi parklara kurduklar\u0131 \u00e7ad\u0131rda ge\u00e7iren \u0130stanbullular, yeni g\u00fcne \u00e7ad\u0131rlar\u0131n i\u00e7inde uyand\u0131. \u0130stanbul&#8217;da d\u00fcn ya\u015fanan 6.2 b\u00fcy\u00fckl\u00fc\u011f\u00fcndeki deprem b\u00fcy\u00fck korku ve pani\u011fe neden oldu. Depremin ard\u0131ndan a\u00e7\u0131k alanlara ve parklara ak\u0131n eden \u0130stanbul halk\u0131, geceyi de parklara kurduklar\u0131 \u00e7ad\u0131rlarda ge\u00e7irdi. So\u011fuk havan\u0131nda etkisiyle olduk\u00e7a zor bir gece ge\u00e7iren \u0130stanbullular, sabah\u0131n ilk [&hellip;]"}