{"version":"1.0","provider_name":"Memurun Sesi","provider_url":"https:\/\/memurunsesi.net","author_name":"Memurun Sesi Haber Merkezi","author_url":"https:\/\/memurunsesi.net\/index.php\/author\/uniper\/","title":"A\u011fr\u0131\u2019da kay\u0131p vatanda\u015f jandarma ekiplerince bulundu - Memurun Sesi","type":"rich","width":600,"height":338,"html":"<blockquote class=\"wp-embedded-content\" data-secret=\"FSJaA2tJjv\"><a href=\"https:\/\/memurunsesi.net\/index.php\/2025\/04\/27\/agrida-kayip-vatandas-jandarma-ekiplerince-bulundu\/\">A\u011fr\u0131\u2019da kay\u0131p vatanda\u015f jandarma ekiplerince bulundu<\/a><\/blockquote><iframe sandbox=\"allow-scripts\" security=\"restricted\" src=\"https:\/\/memurunsesi.net\/index.php\/2025\/04\/27\/agrida-kayip-vatandas-jandarma-ekiplerince-bulundu\/embed\/#?secret=FSJaA2tJjv\" width=\"600\" height=\"338\" title=\"&#8220;A\u011fr\u0131\u2019da kay\u0131p vatanda\u015f jandarma ekiplerince bulundu&#8221; &#8212; Memurun Sesi\" data-secret=\"FSJaA2tJjv\" frameborder=\"0\" marginwidth=\"0\" marginheight=\"0\" scrolling=\"no\" class=\"wp-embedded-content\"><\/iframe><script type=\"text\/javascript\">\n\/* <![CDATA[ *\/\n\/*! This file is auto-generated *\/\n!function(d,l){\"use strict\";l.querySelector&&d.addEventListener&&\"undefined\"!=typeof URL&&(d.wp=d.wp||{},d.wp.receiveEmbedMessage||(d.wp.receiveEmbedMessage=function(e){var t=e.data;if((t||t.secret||t.message||t.value)&&!\/[^a-zA-Z0-9]\/.test(t.secret)){for(var s,r,n,a=l.querySelectorAll('iframe[data-secret=\"'+t.secret+'\"]'),o=l.querySelectorAll('blockquote[data-secret=\"'+t.secret+'\"]'),c=new RegExp(\"^https?:$\",\"i\"),i=0;i<o.length;i++)o[i].style.display=\"none\";for(i=0;i<a.length;i++)s=a[i],e.source===s.contentWindow&&(s.removeAttribute(\"style\"),\"height\"===t.message?(1e3<(r=parseInt(t.value,10))?r=1e3:~~r<200&&(r=200),s.height=r):\"link\"===t.message&&(r=new URL(s.getAttribute(\"src\")),n=new URL(t.value),c.test(n.protocol))&&n.host===r.host&&l.activeElement===s&&(d.top.location.href=t.value))}},d.addEventListener(\"message\",d.wp.receiveEmbedMessage,!1),l.addEventListener(\"DOMContentLoaded\",function(){for(var e,t,s=l.querySelectorAll(\"iframe.wp-embedded-content\"),r=0;r<s.length;r++)(t=(e=s[r]).getAttribute(\"data-secret\"))||(t=Math.random().toString(36).substring(2,12),e.src+=\"#?secret=\"+t,e.setAttribute(\"data-secret\",t)),e.contentWindow.postMessage({message:\"ready\",secret:t},\"*\")},!1)))}(window,document);\n\/\/# sourceURL=https:\/\/memurunsesi.net\/wp-includes\/js\/wp-embed.min.js\n\/* ]]> *\/\n<\/script>\n","thumbnail_url":"https:\/\/memurunsesi.net\/wp-content\/uploads\/2025\/04\/AW441913_01.jpg","thumbnail_width":1600,"thumbnail_height":1200,"description":"A\u011fr\u0131\u2019n\u0131n Ele\u015fkirt il\u00e7esinde kaybolan Abd\u00fclkadir Kahraman, gece boyunca s\u00fcren arama \u00e7al\u0131\u015fmalar\u0131n\u0131n ard\u0131ndan sabaha kar\u015f\u0131 sa\u011f olarak bulundu. A\u011fr\u0131\u2019n\u0131n Ele\u015fkirt il\u00e7esi S\u00fczge\u00e7li k\u00f6y\u00fcnde ikamet eden Abd\u00fclkadir Kahraman\u2019dan 26 Nisan g\u00fcn\u00fc saat 12.00\u2019den itibaren haber al\u0131namamas\u0131 \u00fczerine arama \u00e7al\u0131\u015fmas\u0131 ba\u015flat\u0131ld\u0131. Ele\u015fkirt \u0130l\u00e7e Jandarma Komutanl\u0131\u011f\u0131ndan yap\u0131lan ihbarda, Kahraman\u2019\u0131n daha \u00f6nce psikolojik sorunlar nedeniyle iki kez evinden ka\u00e7t\u0131\u011f\u0131, ilkinde [&hellip;]"}