{"version":"1.0","provider_name":"Memurun Sesi","provider_url":"https:\/\/memurunsesi.net","author_name":"Memurun Sesi Haber Merkezi","author_url":"https:\/\/memurunsesi.net\/index.php\/author\/uniper\/","title":"Bursa\u2019da korkutan odunluk yang\u0131n\u0131 - Memurun Sesi","type":"rich","width":600,"height":338,"html":"<blockquote class=\"wp-embedded-content\" data-secret=\"uXYVz0Agba\"><a href=\"https:\/\/memurunsesi.net\/index.php\/2025\/04\/27\/bursada-korkutan-odunluk-yangini\/\">Bursa\u2019da korkutan odunluk yang\u0131n\u0131<\/a><\/blockquote><iframe sandbox=\"allow-scripts\" security=\"restricted\" src=\"https:\/\/memurunsesi.net\/index.php\/2025\/04\/27\/bursada-korkutan-odunluk-yangini\/embed\/#?secret=uXYVz0Agba\" width=\"600\" height=\"338\" title=\"&#8220;Bursa\u2019da korkutan odunluk yang\u0131n\u0131&#8221; &#8212; Memurun Sesi\" data-secret=\"uXYVz0Agba\" frameborder=\"0\" marginwidth=\"0\" marginheight=\"0\" scrolling=\"no\" class=\"wp-embedded-content\"><\/iframe><script type=\"text\/javascript\">\n\/* <![CDATA[ *\/\n\/*! This file is auto-generated *\/\n!function(d,l){\"use strict\";l.querySelector&&d.addEventListener&&\"undefined\"!=typeof URL&&(d.wp=d.wp||{},d.wp.receiveEmbedMessage||(d.wp.receiveEmbedMessage=function(e){var t=e.data;if((t||t.secret||t.message||t.value)&&!\/[^a-zA-Z0-9]\/.test(t.secret)){for(var s,r,n,a=l.querySelectorAll('iframe[data-secret=\"'+t.secret+'\"]'),o=l.querySelectorAll('blockquote[data-secret=\"'+t.secret+'\"]'),c=new RegExp(\"^https?:$\",\"i\"),i=0;i<o.length;i++)o[i].style.display=\"none\";for(i=0;i<a.length;i++)s=a[i],e.source===s.contentWindow&&(s.removeAttribute(\"style\"),\"height\"===t.message?(1e3<(r=parseInt(t.value,10))?r=1e3:~~r<200&&(r=200),s.height=r):\"link\"===t.message&&(r=new URL(s.getAttribute(\"src\")),n=new URL(t.value),c.test(n.protocol))&&n.host===r.host&&l.activeElement===s&&(d.top.location.href=t.value))}},d.addEventListener(\"message\",d.wp.receiveEmbedMessage,!1),l.addEventListener(\"DOMContentLoaded\",function(){for(var e,t,s=l.querySelectorAll(\"iframe.wp-embedded-content\"),r=0;r<s.length;r++)(t=(e=s[r]).getAttribute(\"data-secret\"))||(t=Math.random().toString(36).substring(2,12),e.src+=\"#?secret=\"+t,e.setAttribute(\"data-secret\",t)),e.contentWindow.postMessage({message:\"ready\",secret:t},\"*\")},!1)))}(window,document);\n\/\/# sourceURL=https:\/\/memurunsesi.net\/wp-includes\/js\/wp-embed.min.js\n\/* ]]> *\/\n<\/script>\n","thumbnail_url":"https:\/\/memurunsesi.net\/wp-content\/uploads\/2025\/04\/AW441900_01.jpg","thumbnail_width":765,"thumbnail_height":1020,"description":"Bursa\u2019n\u0131n Gemlik il\u00e7esinde odunlukta meydana gelen yang\u0131n mahallede pani\u011fe neden oldu. Ak\u015fam saatlerinde Hisar Mahallesi Ak\u00e7a Caddesi\u2019nde bir evin bah\u00e7esinde bulunan odunlukta hen\u00fcz bilinmeyen bir nedenle \u00e7\u0131kan yang\u0131n, k\u0131sa s\u00fcrede b\u00fcy\u00fcyerek t\u00fcm yap\u0131y\u0131 sard\u0131. Olay yerine h\u0131zla ula\u015fan itfaiye ekipleri, yang\u0131na k\u0131sa s\u00fcrede m\u00fcdahale ederek alevlerin \u00e7evredeki evlere s\u0131\u00e7ramas\u0131n\u0131 \u00f6nledi. Ekiplerin zaman\u0131nda m\u00fcdahalesi sayesinde yang\u0131n [&hellip;]"}