{"version":"1.0","provider_name":"Memurun Sesi","provider_url":"https:\/\/memurunsesi.net","author_name":"Memurun Sesi Haber Merkezi","author_url":"https:\/\/memurunsesi.net\/index.php\/author\/uniper\/","title":"Deprem sonras\u0131 ruh sa\u011fl\u0131\u011f\u0131na dikkat - Memurun Sesi","type":"rich","width":600,"height":338,"html":"<blockquote class=\"wp-embedded-content\" data-secret=\"xCSDxFNtyk\"><a href=\"https:\/\/memurunsesi.net\/index.php\/2025\/04\/27\/deprem-sonrasi-ruh-sagligina-dikkat\/\">Deprem sonras\u0131 ruh sa\u011fl\u0131\u011f\u0131na dikkat<\/a><\/blockquote><iframe sandbox=\"allow-scripts\" security=\"restricted\" src=\"https:\/\/memurunsesi.net\/index.php\/2025\/04\/27\/deprem-sonrasi-ruh-sagligina-dikkat\/embed\/#?secret=xCSDxFNtyk\" width=\"600\" height=\"338\" title=\"&#8220;Deprem sonras\u0131 ruh sa\u011fl\u0131\u011f\u0131na dikkat&#8221; &#8212; Memurun Sesi\" data-secret=\"xCSDxFNtyk\" frameborder=\"0\" marginwidth=\"0\" marginheight=\"0\" scrolling=\"no\" class=\"wp-embedded-content\"><\/iframe><script type=\"text\/javascript\">\n\/* <![CDATA[ *\/\n\/*! This file is auto-generated *\/\n!function(d,l){\"use strict\";l.querySelector&&d.addEventListener&&\"undefined\"!=typeof URL&&(d.wp=d.wp||{},d.wp.receiveEmbedMessage||(d.wp.receiveEmbedMessage=function(e){var t=e.data;if((t||t.secret||t.message||t.value)&&!\/[^a-zA-Z0-9]\/.test(t.secret)){for(var s,r,n,a=l.querySelectorAll('iframe[data-secret=\"'+t.secret+'\"]'),o=l.querySelectorAll('blockquote[data-secret=\"'+t.secret+'\"]'),c=new RegExp(\"^https?:$\",\"i\"),i=0;i<o.length;i++)o[i].style.display=\"none\";for(i=0;i<a.length;i++)s=a[i],e.source===s.contentWindow&&(s.removeAttribute(\"style\"),\"height\"===t.message?(1e3<(r=parseInt(t.value,10))?r=1e3:~~r<200&&(r=200),s.height=r):\"link\"===t.message&&(r=new URL(s.getAttribute(\"src\")),n=new URL(t.value),c.test(n.protocol))&&n.host===r.host&&l.activeElement===s&&(d.top.location.href=t.value))}},d.addEventListener(\"message\",d.wp.receiveEmbedMessage,!1),l.addEventListener(\"DOMContentLoaded\",function(){for(var e,t,s=l.querySelectorAll(\"iframe.wp-embedded-content\"),r=0;r<s.length;r++)(t=(e=s[r]).getAttribute(\"data-secret\"))||(t=Math.random().toString(36).substring(2,12),e.src+=\"#?secret=\"+t,e.setAttribute(\"data-secret\",t)),e.contentWindow.postMessage({message:\"ready\",secret:t},\"*\")},!1)))}(window,document);\n\/\/# sourceURL=https:\/\/memurunsesi.net\/wp-includes\/js\/wp-embed.min.js\n\/* ]]> *\/\n<\/script>\n","thumbnail_url":"https:\/\/memurunsesi.net\/wp-content\/uploads\/2025\/04\/AW441919_01-scaled.jpg","thumbnail_width":2560,"thumbnail_height":1920,"description":"&#8211; Deprem korkusuyla ba\u015fa \u00e7\u0131kmak i\u00e7in uzman\u0131ndan \u00f6neriler Marmara b\u00f6lgesinde meydana gelen depremin ard\u0131ndan, afetlere kar\u015f\u0131 psikolojik haz\u0131rl\u0131\u011f\u0131n \u00f6nemini vurgulayan Dr. \u00d6\u011fr. \u00dcyesi B\u00fclent Tansel, hem yeti\u015fkinler hem de \u00e7ocuklar i\u00e7in uygulanabilir \u00f6neriler payla\u015ft\u0131. 23 Nisan&#8217;da \u0130stanbul&#8217;da meydana gelen deprem, fiziksel bir y\u0131k\u0131ma neden olmasa da toplumda yeniden deprem korkusunu g\u00fcndeme getirdi. \u00d6zellikle \u00e7ocuklar ve [&hellip;]"}