{"version":"1.0","provider_name":"Memurun Sesi","provider_url":"https:\/\/memurunsesi.net","author_name":"Memurun Sesi Haber Merkezi","author_url":"https:\/\/memurunsesi.net\/index.php\/author\/uniper\/","title":"Mahalleyi koku sard\u0131, ekipler alarma ge\u00e7ti - Memurun Sesi","type":"rich","width":600,"height":338,"html":"<blockquote class=\"wp-embedded-content\" data-secret=\"Sk2Dk0H5sa\"><a href=\"https:\/\/memurunsesi.net\/index.php\/2025\/04\/27\/mahalleyi-koku-sardi-ekipler-alarma-gecti\/\">Mahalleyi koku sard\u0131, ekipler alarma ge\u00e7ti<\/a><\/blockquote><iframe sandbox=\"allow-scripts\" security=\"restricted\" src=\"https:\/\/memurunsesi.net\/index.php\/2025\/04\/27\/mahalleyi-koku-sardi-ekipler-alarma-gecti\/embed\/#?secret=Sk2Dk0H5sa\" width=\"600\" height=\"338\" title=\"&#8220;Mahalleyi koku sard\u0131, ekipler alarma ge\u00e7ti&#8221; &#8212; Memurun Sesi\" data-secret=\"Sk2Dk0H5sa\" frameborder=\"0\" marginwidth=\"0\" marginheight=\"0\" scrolling=\"no\" class=\"wp-embedded-content\"><\/iframe><script type=\"text\/javascript\">\n\/* <![CDATA[ *\/\n\/*! This file is auto-generated *\/\n!function(d,l){\"use strict\";l.querySelector&&d.addEventListener&&\"undefined\"!=typeof URL&&(d.wp=d.wp||{},d.wp.receiveEmbedMessage||(d.wp.receiveEmbedMessage=function(e){var t=e.data;if((t||t.secret||t.message||t.value)&&!\/[^a-zA-Z0-9]\/.test(t.secret)){for(var s,r,n,a=l.querySelectorAll('iframe[data-secret=\"'+t.secret+'\"]'),o=l.querySelectorAll('blockquote[data-secret=\"'+t.secret+'\"]'),c=new RegExp(\"^https?:$\",\"i\"),i=0;i<o.length;i++)o[i].style.display=\"none\";for(i=0;i<a.length;i++)s=a[i],e.source===s.contentWindow&&(s.removeAttribute(\"style\"),\"height\"===t.message?(1e3<(r=parseInt(t.value,10))?r=1e3:~~r<200&&(r=200),s.height=r):\"link\"===t.message&&(r=new URL(s.getAttribute(\"src\")),n=new URL(t.value),c.test(n.protocol))&&n.host===r.host&&l.activeElement===s&&(d.top.location.href=t.value))}},d.addEventListener(\"message\",d.wp.receiveEmbedMessage,!1),l.addEventListener(\"DOMContentLoaded\",function(){for(var e,t,s=l.querySelectorAll(\"iframe.wp-embedded-content\"),r=0;r<s.length;r++)(t=(e=s[r]).getAttribute(\"data-secret\"))||(t=Math.random().toString(36).substring(2,12),e.src+=\"#?secret=\"+t,e.setAttribute(\"data-secret\",t)),e.contentWindow.postMessage({message:\"ready\",secret:t},\"*\")},!1)))}(window,document);\n\/\/# sourceURL=https:\/\/memurunsesi.net\/wp-includes\/js\/wp-embed.min.js\n\/* ]]> *\/\n<\/script>\n","thumbnail_url":"https:\/\/memurunsesi.net\/wp-content\/uploads\/2025\/04\/AW441904_01-scaled.jpg","thumbnail_width":2560,"thumbnail_height":1920,"description":"&#8211; Ad\u0131m ad\u0131m takip edilerek kokunun kayna\u011f\u0131n\u0131n fabrikadaki akrilat malzemesi oldu\u011fu \u00f6\u011frenildi Kocaeli&#8217;de g\u00fcnd\u00fcz saatlerinde mahalleyi saran koku i\u00e7in ekipler seferber oldu. Ad\u0131m ad\u0131m iz takip edilerek kokunun bir fabrikadaki akrilat malzemesinin reaksiyon ge\u00e7irmesinden kaynakland\u0131\u011f\u0131 tespit edildi. Olay, Ba\u015fiskele Vezir\u00e7iftli\u011fi b\u00f6lgesinde meydana geldi. G\u00fcnd\u00fcz saatlerinde mahalleyi keskin bir koku sard\u0131. Kimyasal oldu\u011fu zannedilen koku i\u00e7in [&hellip;]"}