{"version":"1.0","provider_name":"Memurun Sesi","provider_url":"https:\/\/memurunsesi.net","author_name":"Memurun Sesi Haber Merkezi","author_url":"https:\/\/memurunsesi.net\/index.php\/author\/uniper\/","title":"Emekli astsubay \u00f6nce kar\u0131s\u0131n\u0131, sonra kendini vurdu - Memurun Sesi","type":"rich","width":600,"height":338,"html":"<blockquote class=\"wp-embedded-content\" data-secret=\"cJjMcb2o0x\"><a href=\"https:\/\/memurunsesi.net\/index.php\/2025\/04\/28\/emekli-astsubay-once-karisini-sonra-kendini-vurdu\/\">Emekli astsubay \u00f6nce kar\u0131s\u0131n\u0131, sonra kendini vurdu<\/a><\/blockquote><iframe sandbox=\"allow-scripts\" security=\"restricted\" src=\"https:\/\/memurunsesi.net\/index.php\/2025\/04\/28\/emekli-astsubay-once-karisini-sonra-kendini-vurdu\/embed\/#?secret=cJjMcb2o0x\" width=\"600\" height=\"338\" title=\"&#8220;Emekli astsubay \u00f6nce kar\u0131s\u0131n\u0131, sonra kendini vurdu&#8221; &#8212; Memurun Sesi\" data-secret=\"cJjMcb2o0x\" frameborder=\"0\" marginwidth=\"0\" marginheight=\"0\" scrolling=\"no\" class=\"wp-embedded-content\"><\/iframe><script type=\"text\/javascript\">\n\/* <![CDATA[ *\/\n\/*! This file is auto-generated *\/\n!function(d,l){\"use strict\";l.querySelector&&d.addEventListener&&\"undefined\"!=typeof URL&&(d.wp=d.wp||{},d.wp.receiveEmbedMessage||(d.wp.receiveEmbedMessage=function(e){var t=e.data;if((t||t.secret||t.message||t.value)&&!\/[^a-zA-Z0-9]\/.test(t.secret)){for(var s,r,n,a=l.querySelectorAll('iframe[data-secret=\"'+t.secret+'\"]'),o=l.querySelectorAll('blockquote[data-secret=\"'+t.secret+'\"]'),c=new RegExp(\"^https?:$\",\"i\"),i=0;i<o.length;i++)o[i].style.display=\"none\";for(i=0;i<a.length;i++)s=a[i],e.source===s.contentWindow&&(s.removeAttribute(\"style\"),\"height\"===t.message?(1e3<(r=parseInt(t.value,10))?r=1e3:~~r<200&&(r=200),s.height=r):\"link\"===t.message&&(r=new URL(s.getAttribute(\"src\")),n=new URL(t.value),c.test(n.protocol))&&n.host===r.host&&l.activeElement===s&&(d.top.location.href=t.value))}},d.addEventListener(\"message\",d.wp.receiveEmbedMessage,!1),l.addEventListener(\"DOMContentLoaded\",function(){for(var e,t,s=l.querySelectorAll(\"iframe.wp-embedded-content\"),r=0;r<s.length;r++)(t=(e=s[r]).getAttribute(\"data-secret\"))||(t=Math.random().toString(36).substring(2,12),e.src+=\"#?secret=\"+t,e.setAttribute(\"data-secret\",t)),e.contentWindow.postMessage({message:\"ready\",secret:t},\"*\")},!1)))}(window,document);\n\/\/# sourceURL=https:\/\/memurunsesi.net\/wp-includes\/js\/wp-embed.min.js\n\/* ]]> *\/\n<\/script>\n","thumbnail_url":"https:\/\/memurunsesi.net\/wp-content\/uploads\/2025\/04\/AW443016_01-scaled.jpg","thumbnail_width":2560,"thumbnail_height":1444,"description":"&#8211; Kar\u0131 kocan\u0131n hayat\u0131n\u0131 kaybetti\u011fi olayda polis ve sa\u011fl\u0131k\u00e7\u0131lar balkondan t\u0131rmanarak eve girdi Aksaray\u2019da e\u015fiyle tart\u0131\u015fan emekli astsubay, 14 ya\u015f\u0131ndaki \u00e7ocu\u011funu odaya kilitleyip beylik tabancas\u0131yla \u00f6nce e\u015fini, sonra kendini vurdu. Kad\u0131n olay yerinde, e\u015fi ise kald\u0131r\u0131ld\u0131\u011f\u0131 hastanede hayat\u0131n\u0131 kaybetti. Olay, \u015eeyhamit Mahallesi&#8217;nde Otuklar Kona\u011f\u0131&#8217;n\u0131n 1. kat\u0131nda ya\u015fand\u0131. Edinilen bilgiye g\u00f6re, hen\u00fcz bilinmeyen bir nedenle e\u015fi [&hellip;]"}