{"version":"1.0","provider_name":"Memurun Sesi","provider_url":"https:\/\/memurunsesi.net","author_name":"Memurun Sesi Haber Merkezi","author_url":"https:\/\/memurunsesi.net\/index.php\/author\/uniper\/","title":"Samsun'da ayn\u0131 b\u00f6lgede ikinci heyelan - Memurun Sesi","type":"rich","width":600,"height":338,"html":"<blockquote class=\"wp-embedded-content\" data-secret=\"nYov2bQonc\"><a href=\"https:\/\/memurunsesi.net\/index.php\/2025\/04\/28\/samsunda-ayni-bolgede-ikinci-heyelan\/\">Samsun&#8217;da ayn\u0131 b\u00f6lgede ikinci heyelan<\/a><\/blockquote><iframe sandbox=\"allow-scripts\" security=\"restricted\" src=\"https:\/\/memurunsesi.net\/index.php\/2025\/04\/28\/samsunda-ayni-bolgede-ikinci-heyelan\/embed\/#?secret=nYov2bQonc\" width=\"600\" height=\"338\" title=\"&#8220;Samsun&#8217;da ayn\u0131 b\u00f6lgede ikinci heyelan&#8221; &#8212; Memurun Sesi\" data-secret=\"nYov2bQonc\" frameborder=\"0\" marginwidth=\"0\" marginheight=\"0\" scrolling=\"no\" class=\"wp-embedded-content\"><\/iframe><script type=\"text\/javascript\">\n\/* <![CDATA[ *\/\n\/*! This file is auto-generated *\/\n!function(d,l){\"use strict\";l.querySelector&&d.addEventListener&&\"undefined\"!=typeof URL&&(d.wp=d.wp||{},d.wp.receiveEmbedMessage||(d.wp.receiveEmbedMessage=function(e){var t=e.data;if((t||t.secret||t.message||t.value)&&!\/[^a-zA-Z0-9]\/.test(t.secret)){for(var s,r,n,a=l.querySelectorAll('iframe[data-secret=\"'+t.secret+'\"]'),o=l.querySelectorAll('blockquote[data-secret=\"'+t.secret+'\"]'),c=new RegExp(\"^https?:$\",\"i\"),i=0;i<o.length;i++)o[i].style.display=\"none\";for(i=0;i<a.length;i++)s=a[i],e.source===s.contentWindow&&(s.removeAttribute(\"style\"),\"height\"===t.message?(1e3<(r=parseInt(t.value,10))?r=1e3:~~r<200&&(r=200),s.height=r):\"link\"===t.message&&(r=new URL(s.getAttribute(\"src\")),n=new URL(t.value),c.test(n.protocol))&&n.host===r.host&&l.activeElement===s&&(d.top.location.href=t.value))}},d.addEventListener(\"message\",d.wp.receiveEmbedMessage,!1),l.addEventListener(\"DOMContentLoaded\",function(){for(var e,t,s=l.querySelectorAll(\"iframe.wp-embedded-content\"),r=0;r<s.length;r++)(t=(e=s[r]).getAttribute(\"data-secret\"))||(t=Math.random().toString(36).substring(2,12),e.src+=\"#?secret=\"+t,e.setAttribute(\"data-secret\",t)),e.contentWindow.postMessage({message:\"ready\",secret:t},\"*\")},!1)))}(window,document);\n\/\/# sourceURL=https:\/\/memurunsesi.net\/wp-includes\/js\/wp-embed.min.js\n\/* ]]> *\/\n<\/script>\n","thumbnail_url":"https:\/\/memurunsesi.net\/wp-content\/uploads\/2025\/04\/AW443014_04-scaled.jpg","thumbnail_width":2560,"thumbnail_height":1707,"description":"&#8211; Tedbir amac\u0131yla kapat\u0131lan yoldan ge\u00e7meye \u00e7al\u0131\u015fan vatanda\u015flar polislere zorluk \u00e7\u0131kard\u0131 Samsun&#8217;da d\u00fcn bir ailenin \u00f6l\u00fcm\u00fcne yol a\u00e7an heyelan facias\u0131n\u0131n ard\u0131ndan bug\u00fcn ayn\u0131 b\u00f6lgede ikinci bir heyelan meydana geldi. Tedbir amac\u0131yla kapat\u0131lan yoldan ge\u00e7meye \u00e7al\u0131\u015fan vatanda\u015flar polislere zorluk \u00e7\u0131kard\u0131. Canik il\u00e7esi Toptepe Mahallesi Samsun-Ordu karayolu \u00fczerindeki Opet akaryak\u0131t istasyonunda meydana gelen heyelanda, baba Adem Kaya [&hellip;]"}