{"version":"1.0","provider_name":"Memurun Sesi","provider_url":"https:\/\/memurunsesi.net","author_name":"Memurun Sesi Haber Merkezi","author_url":"https:\/\/memurunsesi.net\/index.php\/author\/uniper\/","title":"Taksim\u2019de 1 May\u0131s nedeniyle g\u00fcvenlik \u00f6nlemi al\u0131nd\u0131 - Memurun Sesi","type":"rich","width":600,"height":338,"html":"<blockquote class=\"wp-embedded-content\" data-secret=\"cWMYz0rarl\"><a href=\"https:\/\/memurunsesi.net\/index.php\/2025\/04\/30\/taksimde-1-mayis-nedeniyle-guvenlik-onlemi-alindi\/\">Taksim\u2019de 1 May\u0131s nedeniyle g\u00fcvenlik \u00f6nlemi al\u0131nd\u0131<\/a><\/blockquote><iframe sandbox=\"allow-scripts\" security=\"restricted\" src=\"https:\/\/memurunsesi.net\/index.php\/2025\/04\/30\/taksimde-1-mayis-nedeniyle-guvenlik-onlemi-alindi\/embed\/#?secret=cWMYz0rarl\" width=\"600\" height=\"338\" title=\"&#8220;Taksim\u2019de 1 May\u0131s nedeniyle g\u00fcvenlik \u00f6nlemi al\u0131nd\u0131&#8221; &#8212; Memurun Sesi\" data-secret=\"cWMYz0rarl\" frameborder=\"0\" marginwidth=\"0\" marginheight=\"0\" scrolling=\"no\" class=\"wp-embedded-content\"><\/iframe><script type=\"text\/javascript\">\n\/* <![CDATA[ *\/\n\/*! This file is auto-generated *\/\n!function(d,l){\"use strict\";l.querySelector&&d.addEventListener&&\"undefined\"!=typeof URL&&(d.wp=d.wp||{},d.wp.receiveEmbedMessage||(d.wp.receiveEmbedMessage=function(e){var t=e.data;if((t||t.secret||t.message||t.value)&&!\/[^a-zA-Z0-9]\/.test(t.secret)){for(var s,r,n,a=l.querySelectorAll('iframe[data-secret=\"'+t.secret+'\"]'),o=l.querySelectorAll('blockquote[data-secret=\"'+t.secret+'\"]'),c=new RegExp(\"^https?:$\",\"i\"),i=0;i<o.length;i++)o[i].style.display=\"none\";for(i=0;i<a.length;i++)s=a[i],e.source===s.contentWindow&&(s.removeAttribute(\"style\"),\"height\"===t.message?(1e3<(r=parseInt(t.value,10))?r=1e3:~~r<200&&(r=200),s.height=r):\"link\"===t.message&&(r=new URL(s.getAttribute(\"src\")),n=new URL(t.value),c.test(n.protocol))&&n.host===r.host&&l.activeElement===s&&(d.top.location.href=t.value))}},d.addEventListener(\"message\",d.wp.receiveEmbedMessage,!1),l.addEventListener(\"DOMContentLoaded\",function(){for(var e,t,s=l.querySelectorAll(\"iframe.wp-embedded-content\"),r=0;r<s.length;r++)(t=(e=s[r]).getAttribute(\"data-secret\"))||(t=Math.random().toString(36).substring(2,12),e.src+=\"#?secret=\"+t,e.setAttribute(\"data-secret\",t)),e.contentWindow.postMessage({message:\"ready\",secret:t},\"*\")},!1)))}(window,document);\n\/\/# sourceURL=https:\/\/memurunsesi.net\/wp-includes\/js\/wp-embed.min.js\n\/* ]]> *\/\n<\/script>\n","thumbnail_url":"https:\/\/memurunsesi.net\/wp-content\/uploads\/2025\/04\/AW444282_05-scaled.jpg","thumbnail_width":2560,"thumbnail_height":1440,"description":"Taksim Meydan\u0131 ve \u00e7evresinde 1 May\u0131s Emek ve Dayan\u0131\u015fma G\u00fcn\u00fc \u00f6ncesi g\u00fcvenlik \u00f6nlemi al\u0131nd\u0131. 1 May\u0131s Emek ve Dayan\u0131\u015fma G\u00fcn\u00fc nedeniyle Taksim Meydan\u0131 ve \u00e7evresine g\u00fcvenlik bariyerleri yerle\u015ftirildi. Kutlamalara kapal\u0131 olan meydana \u00e7ok say\u0131da polis bariyeri sevk edildi. Taksim Cumhuriyet An\u0131t\u0131\u2019n\u0131n \u00e7evresi tamamen bariyerlerle kapat\u0131l\u0131rken, baz\u0131 bariyerler de b\u00f6lgede haz\u0131r \u015fekilde bekletiliyor. 30.04.2025"}