{"version":"1.0","provider_name":"Memurun Sesi","provider_url":"https:\/\/memurunsesi.net","author_name":"Memurun Sesi Haber Merkezi","author_url":"https:\/\/memurunsesi.net\/index.php\/author\/uniper\/","title":"Sivas\u2019ta otomobil devrildi: 3 yaral\u0131 - Memurun Sesi","type":"rich","width":600,"height":338,"html":"<blockquote class=\"wp-embedded-content\" data-secret=\"U6gDAsoko4\"><a href=\"https:\/\/memurunsesi.net\/index.php\/2025\/05\/05\/sivasta-otomobil-devrildi-3-yarali\/\">Sivas\u2019ta otomobil devrildi: 3 yaral\u0131<\/a><\/blockquote><iframe sandbox=\"allow-scripts\" security=\"restricted\" src=\"https:\/\/memurunsesi.net\/index.php\/2025\/05\/05\/sivasta-otomobil-devrildi-3-yarali\/embed\/#?secret=U6gDAsoko4\" width=\"600\" height=\"338\" title=\"&#8220;Sivas\u2019ta otomobil devrildi: 3 yaral\u0131&#8221; &#8212; Memurun Sesi\" data-secret=\"U6gDAsoko4\" frameborder=\"0\" marginwidth=\"0\" marginheight=\"0\" scrolling=\"no\" class=\"wp-embedded-content\"><\/iframe><script type=\"text\/javascript\">\n\/* <![CDATA[ *\/\n\/*! This file is auto-generated *\/\n!function(d,l){\"use strict\";l.querySelector&&d.addEventListener&&\"undefined\"!=typeof URL&&(d.wp=d.wp||{},d.wp.receiveEmbedMessage||(d.wp.receiveEmbedMessage=function(e){var t=e.data;if((t||t.secret||t.message||t.value)&&!\/[^a-zA-Z0-9]\/.test(t.secret)){for(var s,r,n,a=l.querySelectorAll('iframe[data-secret=\"'+t.secret+'\"]'),o=l.querySelectorAll('blockquote[data-secret=\"'+t.secret+'\"]'),c=new RegExp(\"^https?:$\",\"i\"),i=0;i<o.length;i++)o[i].style.display=\"none\";for(i=0;i<a.length;i++)s=a[i],e.source===s.contentWindow&&(s.removeAttribute(\"style\"),\"height\"===t.message?(1e3<(r=parseInt(t.value,10))?r=1e3:~~r<200&&(r=200),s.height=r):\"link\"===t.message&&(r=new URL(s.getAttribute(\"src\")),n=new URL(t.value),c.test(n.protocol))&&n.host===r.host&&l.activeElement===s&&(d.top.location.href=t.value))}},d.addEventListener(\"message\",d.wp.receiveEmbedMessage,!1),l.addEventListener(\"DOMContentLoaded\",function(){for(var e,t,s=l.querySelectorAll(\"iframe.wp-embedded-content\"),r=0;r<s.length;r++)(t=(e=s[r]).getAttribute(\"data-secret\"))||(t=Math.random().toString(36).substring(2,12),e.src+=\"#?secret=\"+t,e.setAttribute(\"data-secret\",t)),e.contentWindow.postMessage({message:\"ready\",secret:t},\"*\")},!1)))}(window,document);\n\/\/# sourceURL=https:\/\/memurunsesi.net\/wp-includes\/js\/wp-embed.min.js\n\/* ]]> *\/\n<\/script>\n","thumbnail_url":"https:\/\/memurunsesi.net\/wp-content\/uploads\/2025\/05\/AW447876_01-scaled.jpg","thumbnail_width":2560,"thumbnail_height":1920,"description":"Sivas\u2019ta meydana gelen trafik kazas\u0131nda otomobilin devrilmesi sonucu 3 ki\u015fi yaraland\u0131. Edinilen bilgilere g\u00f6re, kaza Karde\u015fler Mahallesi Sultan\u015fehir Bulvar\u0131&#8217;nda meydana geldi. F.\u015e. idaresindeki 58 AGA 123 plakal\u0131 Volkswagen marka otomobil, s\u00fcr\u00fcc\u00fcs\u00fcn\u00fcn direksiyon hakimiyetini kaybetmesi sonucu ters d\u00f6nd\u00fc. Kazada s\u00fcr\u00fcc\u00fc ile ara\u00e7ta bulunan H.Y. ve S.Y. yaraland\u0131. Kazay\u0131 g\u00f6ren vatanda\u015flar durumu 112 Acil \u00c7a\u011fr\u0131 Merkezi&#8217;ne bildirdi. [&hellip;]"}