{"version":"1.0","provider_name":"Memurun Sesi","provider_url":"https:\/\/memurunsesi.net","author_name":"Memurun Sesi Haber Merkezi","author_url":"https:\/\/memurunsesi.net\/index.php\/author\/uniper\/","title":"Ankara\u2019da tekne \"karadan\" y\u00fcr\u00fct\u00fcld\u00fc... O anlar kamerada - Memurun Sesi","type":"rich","width":600,"height":338,"html":"<blockquote class=\"wp-embedded-content\" data-secret=\"CgquNQadmw\"><a href=\"https:\/\/memurunsesi.net\/index.php\/2025\/05\/06\/ankarada-tekne-karadan-yurutuldu-o-anlar-kamerada\/\">Ankara\u2019da tekne &#8220;karadan&#8221; y\u00fcr\u00fct\u00fcld\u00fc&#8230; O anlar kamerada<\/a><\/blockquote><iframe sandbox=\"allow-scripts\" security=\"restricted\" src=\"https:\/\/memurunsesi.net\/index.php\/2025\/05\/06\/ankarada-tekne-karadan-yurutuldu-o-anlar-kamerada\/embed\/#?secret=CgquNQadmw\" width=\"600\" height=\"338\" title=\"&#8220;Ankara\u2019da tekne &#8220;karadan&#8221; y\u00fcr\u00fct\u00fcld\u00fc&#8230; O anlar kamerada&#8221; &#8212; Memurun Sesi\" data-secret=\"CgquNQadmw\" frameborder=\"0\" marginwidth=\"0\" marginheight=\"0\" scrolling=\"no\" class=\"wp-embedded-content\"><\/iframe><script type=\"text\/javascript\">\n\/* <![CDATA[ *\/\n\/*! This file is auto-generated *\/\n!function(d,l){\"use strict\";l.querySelector&&d.addEventListener&&\"undefined\"!=typeof URL&&(d.wp=d.wp||{},d.wp.receiveEmbedMessage||(d.wp.receiveEmbedMessage=function(e){var t=e.data;if((t||t.secret||t.message||t.value)&&!\/[^a-zA-Z0-9]\/.test(t.secret)){for(var s,r,n,a=l.querySelectorAll('iframe[data-secret=\"'+t.secret+'\"]'),o=l.querySelectorAll('blockquote[data-secret=\"'+t.secret+'\"]'),c=new RegExp(\"^https?:$\",\"i\"),i=0;i<o.length;i++)o[i].style.display=\"none\";for(i=0;i<a.length;i++)s=a[i],e.source===s.contentWindow&&(s.removeAttribute(\"style\"),\"height\"===t.message?(1e3<(r=parseInt(t.value,10))?r=1e3:~~r<200&&(r=200),s.height=r):\"link\"===t.message&&(r=new URL(s.getAttribute(\"src\")),n=new URL(t.value),c.test(n.protocol))&&n.host===r.host&&l.activeElement===s&&(d.top.location.href=t.value))}},d.addEventListener(\"message\",d.wp.receiveEmbedMessage,!1),l.addEventListener(\"DOMContentLoaded\",function(){for(var e,t,s=l.querySelectorAll(\"iframe.wp-embedded-content\"),r=0;r<s.length;r++)(t=(e=s[r]).getAttribute(\"data-secret\"))||(t=Math.random().toString(36).substring(2,12),e.src+=\"#?secret=\"+t,e.setAttribute(\"data-secret\",t)),e.contentWindow.postMessage({message:\"ready\",secret:t},\"*\")},!1)))}(window,document);\n\/\/# sourceURL=https:\/\/memurunsesi.net\/wp-includes\/js\/wp-embed.min.js\n\/* ]]> *\/\n<\/script>\n","description":"&#8211; T\u0131r\u0131n \u00fczerine bindirilerek kara yolu ile ta\u015f\u0131nan tekne vatanda\u015flar\u0131n ilgi oda\u011f\u0131 oldu Ankara\u2019n\u0131n G\u00f6lba\u015f\u0131 il\u00e7esinde bir tekne, t\u0131r\u0131n \u00fcst\u00fcne bindirilerek kara yolu \u00fczerinden ta\u015f\u0131nd\u0131. Teknenin adeta karadan y\u00fcr\u00fcyor gibi g\u00f6r\u00fcnd\u00fc\u011f\u00fc anlar cep telefonu kameras\u0131na yans\u0131d\u0131. Ankara\u2019n\u0131n G\u00f6lba\u015f\u0131 il\u00e7esinde bir teknenin, t\u0131r\u0131n \u00fcst\u00fcne bindirilerek kara yolu \u00fczerinden ta\u015f\u0131nd\u0131\u011f\u0131 anlar vatanda\u015flar\u0131n ilgisini \u00e7ekti. Teknenin ta\u015f\u0131nd\u0131\u011f\u0131n\u0131 g\u00f6ren [&hellip;]"}