{"version":"1.0","provider_name":"Memurun Sesi","provider_url":"https:\/\/memurunsesi.net","author_name":"Memurun Sesi Haber Merkezi","author_url":"https:\/\/memurunsesi.net\/index.php\/author\/uniper\/","title":"Damla Nur Y\u0131lmaz ve Emir Per\u00e7in Milli tak\u0131mda - Memurun Sesi","type":"rich","width":600,"height":338,"html":"<blockquote class=\"wp-embedded-content\" data-secret=\"WGxpP3xBo2\"><a href=\"https:\/\/memurunsesi.net\/index.php\/2025\/05\/06\/damla-nur-yilmaz-ve-emir-percin-milli-takimda\/\">Damla Nur Y\u0131lmaz ve Emir Per\u00e7in Milli tak\u0131mda<\/a><\/blockquote><iframe sandbox=\"allow-scripts\" security=\"restricted\" src=\"https:\/\/memurunsesi.net\/index.php\/2025\/05\/06\/damla-nur-yilmaz-ve-emir-percin-milli-takimda\/embed\/#?secret=WGxpP3xBo2\" width=\"600\" height=\"338\" title=\"&#8220;Damla Nur Y\u0131lmaz ve Emir Per\u00e7in Milli tak\u0131mda&#8221; &#8212; Memurun Sesi\" data-secret=\"WGxpP3xBo2\" frameborder=\"0\" marginwidth=\"0\" marginheight=\"0\" scrolling=\"no\" class=\"wp-embedded-content\"><\/iframe><script type=\"text\/javascript\">\n\/* <![CDATA[ *\/\n\/*! This file is auto-generated *\/\n!function(d,l){\"use strict\";l.querySelector&&d.addEventListener&&\"undefined\"!=typeof URL&&(d.wp=d.wp||{},d.wp.receiveEmbedMessage||(d.wp.receiveEmbedMessage=function(e){var t=e.data;if((t||t.secret||t.message||t.value)&&!\/[^a-zA-Z0-9]\/.test(t.secret)){for(var s,r,n,a=l.querySelectorAll('iframe[data-secret=\"'+t.secret+'\"]'),o=l.querySelectorAll('blockquote[data-secret=\"'+t.secret+'\"]'),c=new RegExp(\"^https?:$\",\"i\"),i=0;i<o.length;i++)o[i].style.display=\"none\";for(i=0;i<a.length;i++)s=a[i],e.source===s.contentWindow&&(s.removeAttribute(\"style\"),\"height\"===t.message?(1e3<(r=parseInt(t.value,10))?r=1e3:~~r<200&&(r=200),s.height=r):\"link\"===t.message&&(r=new URL(s.getAttribute(\"src\")),n=new URL(t.value),c.test(n.protocol))&&n.host===r.host&&l.activeElement===s&&(d.top.location.href=t.value))}},d.addEventListener(\"message\",d.wp.receiveEmbedMessage,!1),l.addEventListener(\"DOMContentLoaded\",function(){for(var e,t,s=l.querySelectorAll(\"iframe.wp-embedded-content\"),r=0;r<s.length;r++)(t=(e=s[r]).getAttribute(\"data-secret\"))||(t=Math.random().toString(36).substring(2,12),e.src+=\"#?secret=\"+t,e.setAttribute(\"data-secret\",t)),e.contentWindow.postMessage({message:\"ready\",secret:t},\"*\")},!1)))}(window,document);\n\/\/# sourceURL=https:\/\/memurunsesi.net\/wp-includes\/js\/wp-embed.min.js\n\/* ]]> *\/\n<\/script>\n","thumbnail_url":"https:\/\/memurunsesi.net\/wp-content\/uploads\/2025\/05\/AW447976_01.jpg","thumbnail_width":1600,"thumbnail_height":1200,"description":"D\u00fczceli Taekwondo milli sporcular\u0131 Damla Nur Y\u0131lmaz ve Emir Per\u00e7in, Avrupa Ba\u015fkanl\u0131k Kupas\u0131nda milli forma ile \u00fclkemizi temsil etmeye hak kazand\u0131lar. Samsun&#8217;da d\u00fczenlenen \u00dcmitler Milli Tak\u0131m se\u00e7melerinde D\u00fczceli sporcular Damla Nur Y\u0131lmaz ve Emir Per\u00e7in t\u00fcm rakiplerini geride b\u0131rakarak k\u00fcrs\u00fcn\u00fcn sahibi oldular. \u00dcmitler Milli Tak\u0131m se\u00e7melerinde birincilik elde eden Taekwondo milli sporcular\u0131 Damla Nur Y\u0131lmaz [&hellip;]"}