{"version":"1.0","provider_name":"Memurun Sesi","provider_url":"https:\/\/memurunsesi.net","author_name":"Memurun Sesi Haber Merkezi","author_url":"https:\/\/memurunsesi.net\/index.php\/author\/uniper\/","title":"Motosikletin \u00f6n\u00fcn\u00fc kald\u0131rd\u0131, 41 bin TL ceza yedi - Memurun Sesi","type":"rich","width":600,"height":338,"html":"<blockquote class=\"wp-embedded-content\" data-secret=\"n6dqccNa2n\"><a href=\"https:\/\/memurunsesi.net\/index.php\/2025\/05\/06\/motosikletin-onunu-kaldirdi-41-bin-tl-ceza-yedi\/\">Motosikletin \u00f6n\u00fcn\u00fc kald\u0131rd\u0131, 41 bin TL ceza yedi<\/a><\/blockquote><iframe sandbox=\"allow-scripts\" security=\"restricted\" src=\"https:\/\/memurunsesi.net\/index.php\/2025\/05\/06\/motosikletin-onunu-kaldirdi-41-bin-tl-ceza-yedi\/embed\/#?secret=n6dqccNa2n\" width=\"600\" height=\"338\" title=\"&#8220;Motosikletin \u00f6n\u00fcn\u00fc kald\u0131rd\u0131, 41 bin TL ceza yedi&#8221; &#8212; Memurun Sesi\" data-secret=\"n6dqccNa2n\" frameborder=\"0\" marginwidth=\"0\" marginheight=\"0\" scrolling=\"no\" class=\"wp-embedded-content\"><\/iframe><script type=\"text\/javascript\">\n\/* <![CDATA[ *\/\n\/*! This file is auto-generated *\/\n!function(d,l){\"use strict\";l.querySelector&&d.addEventListener&&\"undefined\"!=typeof URL&&(d.wp=d.wp||{},d.wp.receiveEmbedMessage||(d.wp.receiveEmbedMessage=function(e){var t=e.data;if((t||t.secret||t.message||t.value)&&!\/[^a-zA-Z0-9]\/.test(t.secret)){for(var s,r,n,a=l.querySelectorAll('iframe[data-secret=\"'+t.secret+'\"]'),o=l.querySelectorAll('blockquote[data-secret=\"'+t.secret+'\"]'),c=new RegExp(\"^https?:$\",\"i\"),i=0;i<o.length;i++)o[i].style.display=\"none\";for(i=0;i<a.length;i++)s=a[i],e.source===s.contentWindow&&(s.removeAttribute(\"style\"),\"height\"===t.message?(1e3<(r=parseInt(t.value,10))?r=1e3:~~r<200&&(r=200),s.height=r):\"link\"===t.message&&(r=new URL(s.getAttribute(\"src\")),n=new URL(t.value),c.test(n.protocol))&&n.host===r.host&&l.activeElement===s&&(d.top.location.href=t.value))}},d.addEventListener(\"message\",d.wp.receiveEmbedMessage,!1),l.addEventListener(\"DOMContentLoaded\",function(){for(var e,t,s=l.querySelectorAll(\"iframe.wp-embedded-content\"),r=0;r<s.length;r++)(t=(e=s[r]).getAttribute(\"data-secret\"))||(t=Math.random().toString(36).substring(2,12),e.src+=\"#?secret=\"+t,e.setAttribute(\"data-secret\",t)),e.contentWindow.postMessage({message:\"ready\",secret:t},\"*\")},!1)))}(window,document);\n\/\/# sourceURL=https:\/\/memurunsesi.net\/wp-includes\/js\/wp-embed.min.js\n\/* ]]> *\/\n<\/script>\n","thumbnail_url":"https:\/\/memurunsesi.net\/wp-content\/uploads\/2025\/05\/AW447971_01.jpg","thumbnail_width":1700,"thumbnail_height":1700,"description":"Mersin Erdemli&#8217;de motosikletin \u00f6n\u00fcn\u00fc kald\u0131rarak tehlikeli hareketler yapan s\u00fcr\u00fcc\u00fc tespit edilip 41 bin 326 TL para cezas\u0131 kesildi. Motosikletin ikinci el fiyat\u0131n\u0131n yedi\u011fi cezadan daha az oldu\u011fu \u00f6\u011frenildi. Motosiklet kullan\u0131m\u0131n\u0131n yo\u011fun oldu\u011fu Mersin&#8217;de zaman zaman gen\u00e7ler tehlikeli hareketler yap\u0131yor. O anlar\u0131 ise ya vatanda\u015flar, ya da arkada\u015flar\u0131 g\u00f6r\u00fcnt\u00fcleyerek sosyal medyada payla\u015f\u0131yor. Benzer bir \u015fekilde ehliyetsiz [&hellip;]"}