{"version":"1.0","provider_name":"Memurun Sesi","provider_url":"https:\/\/memurunsesi.net","author_name":"Memurun Sesi Haber Merkezi","author_url":"https:\/\/memurunsesi.net\/index.php\/author\/uniper\/","title":"Bodrum\u2019da fidanlar anneler i\u00e7in k\u00f6k sald\u0131 - Memurun Sesi","type":"rich","width":600,"height":338,"html":"<blockquote class=\"wp-embedded-content\" data-secret=\"d26ZMoRZfk\"><a href=\"https:\/\/memurunsesi.net\/index.php\/2025\/05\/11\/bodrumda-fidanlar-anneler-icin-kok-saldi\/\">Bodrum\u2019da fidanlar anneler i\u00e7in k\u00f6k sald\u0131<\/a><\/blockquote><iframe sandbox=\"allow-scripts\" security=\"restricted\" src=\"https:\/\/memurunsesi.net\/index.php\/2025\/05\/11\/bodrumda-fidanlar-anneler-icin-kok-saldi\/embed\/#?secret=d26ZMoRZfk\" width=\"600\" height=\"338\" title=\"&#8220;Bodrum\u2019da fidanlar anneler i\u00e7in k\u00f6k sald\u0131&#8221; &#8212; Memurun Sesi\" data-secret=\"d26ZMoRZfk\" frameborder=\"0\" marginwidth=\"0\" marginheight=\"0\" scrolling=\"no\" class=\"wp-embedded-content\"><\/iframe><script type=\"text\/javascript\">\n\/* <![CDATA[ *\/\n\/*! This file is auto-generated *\/\n!function(d,l){\"use strict\";l.querySelector&&d.addEventListener&&\"undefined\"!=typeof URL&&(d.wp=d.wp||{},d.wp.receiveEmbedMessage||(d.wp.receiveEmbedMessage=function(e){var t=e.data;if((t||t.secret||t.message||t.value)&&!\/[^a-zA-Z0-9]\/.test(t.secret)){for(var s,r,n,a=l.querySelectorAll('iframe[data-secret=\"'+t.secret+'\"]'),o=l.querySelectorAll('blockquote[data-secret=\"'+t.secret+'\"]'),c=new RegExp(\"^https?:$\",\"i\"),i=0;i<o.length;i++)o[i].style.display=\"none\";for(i=0;i<a.length;i++)s=a[i],e.source===s.contentWindow&&(s.removeAttribute(\"style\"),\"height\"===t.message?(1e3<(r=parseInt(t.value,10))?r=1e3:~~r<200&&(r=200),s.height=r):\"link\"===t.message&&(r=new URL(s.getAttribute(\"src\")),n=new URL(t.value),c.test(n.protocol))&&n.host===r.host&&l.activeElement===s&&(d.top.location.href=t.value))}},d.addEventListener(\"message\",d.wp.receiveEmbedMessage,!1),l.addEventListener(\"DOMContentLoaded\",function(){for(var e,t,s=l.querySelectorAll(\"iframe.wp-embedded-content\"),r=0;r<s.length;r++)(t=(e=s[r]).getAttribute(\"data-secret\"))||(t=Math.random().toString(36).substring(2,12),e.src+=\"#?secret=\"+t,e.setAttribute(\"data-secret\",t)),e.contentWindow.postMessage({message:\"ready\",secret:t},\"*\")},!1)))}(window,document);\n\/\/# sourceURL=https:\/\/memurunsesi.net\/wp-includes\/js\/wp-embed.min.js\n\/* ]]> *\/\n<\/script>\n","thumbnail_url":"https:\/\/memurunsesi.net\/wp-content\/uploads\/2025\/05\/AW452359_01-scaled.jpg","thumbnail_width":2560,"thumbnail_height":1920,"description":"Bodrum\u2019un Mumcular &#8211; Maz\u0131 Yolu \u00fczerinde, 2021 y\u0131l\u0131nda \u00e7\u0131kan b\u00fcy\u00fck orman yang\u0131n\u0131ndan zarar g\u00f6ren b\u00f6lgede d\u00fczenlenen fidan dikim etkinli\u011finde 300 adet f\u0131st\u0131k \u00e7am\u0131 toprakla bulu\u015fturuldu. Etkinli\u011fe AK Partili y\u00f6neticilerin yan\u0131 s\u0131ra Bodrum Orman \u0130\u015fletme \u015eefli\u011fi personeli de kat\u0131ld\u0131. Anneler G\u00fcn\u00fc ile 2025 y\u0131l\u0131n\u0131n &#8220;Aile Y\u0131l\u0131&#8221; ilan edilmesi dolay\u0131s\u0131yla d\u00fczenlenen organizasyonda konu\u015fan Bodrum Orman \u0130\u015fletme \u015eefi [&hellip;]"}