{"version":"1.0","provider_name":"Memurun Sesi","provider_url":"https:\/\/memurunsesi.net","author_name":"Memurun Sesi Haber Merkezi","author_url":"https:\/\/memurunsesi.net\/index.php\/author\/uniper\/","title":"Karab\u00fck'te camide \u00e7\u0131kan yang\u0131n s\u00f6nd\u00fcr\u00fcld\u00fc - Memurun Sesi","type":"rich","width":600,"height":338,"html":"<blockquote class=\"wp-embedded-content\" data-secret=\"GmKLBS3U5z\"><a href=\"https:\/\/memurunsesi.net\/index.php\/2025\/05\/18\/karabukte-camide-cikan-yangin-sonduruldu\/\">Karab\u00fck&#8217;te camide \u00e7\u0131kan yang\u0131n s\u00f6nd\u00fcr\u00fcld\u00fc<\/a><\/blockquote><iframe sandbox=\"allow-scripts\" security=\"restricted\" src=\"https:\/\/memurunsesi.net\/index.php\/2025\/05\/18\/karabukte-camide-cikan-yangin-sonduruldu\/embed\/#?secret=GmKLBS3U5z\" width=\"600\" height=\"338\" title=\"&#8220;Karab\u00fck&#8217;te camide \u00e7\u0131kan yang\u0131n s\u00f6nd\u00fcr\u00fcld\u00fc&#8221; &#8212; Memurun Sesi\" data-secret=\"GmKLBS3U5z\" frameborder=\"0\" marginwidth=\"0\" marginheight=\"0\" scrolling=\"no\" class=\"wp-embedded-content\"><\/iframe><script type=\"text\/javascript\">\n\/* <![CDATA[ *\/\n\/*! This file is auto-generated *\/\n!function(d,l){\"use strict\";l.querySelector&&d.addEventListener&&\"undefined\"!=typeof URL&&(d.wp=d.wp||{},d.wp.receiveEmbedMessage||(d.wp.receiveEmbedMessage=function(e){var t=e.data;if((t||t.secret||t.message||t.value)&&!\/[^a-zA-Z0-9]\/.test(t.secret)){for(var s,r,n,a=l.querySelectorAll('iframe[data-secret=\"'+t.secret+'\"]'),o=l.querySelectorAll('blockquote[data-secret=\"'+t.secret+'\"]'),c=new RegExp(\"^https?:$\",\"i\"),i=0;i<o.length;i++)o[i].style.display=\"none\";for(i=0;i<a.length;i++)s=a[i],e.source===s.contentWindow&&(s.removeAttribute(\"style\"),\"height\"===t.message?(1e3<(r=parseInt(t.value,10))?r=1e3:~~r<200&&(r=200),s.height=r):\"link\"===t.message&&(r=new URL(s.getAttribute(\"src\")),n=new URL(t.value),c.test(n.protocol))&&n.host===r.host&&l.activeElement===s&&(d.top.location.href=t.value))}},d.addEventListener(\"message\",d.wp.receiveEmbedMessage,!1),l.addEventListener(\"DOMContentLoaded\",function(){for(var e,t,s=l.querySelectorAll(\"iframe.wp-embedded-content\"),r=0;r<s.length;r++)(t=(e=s[r]).getAttribute(\"data-secret\"))||(t=Math.random().toString(36).substring(2,12),e.src+=\"#?secret=\"+t,e.setAttribute(\"data-secret\",t)),e.contentWindow.postMessage({message:\"ready\",secret:t},\"*\")},!1)))}(window,document);\n\/\/# sourceURL=https:\/\/memurunsesi.net\/wp-includes\/js\/wp-embed.min.js\n\/* ]]> *\/\n<\/script>\n","thumbnail_url":"https:\/\/memurunsesi.net\/wp-content\/uploads\/2025\/05\/AW457668_01.jpg","thumbnail_width":720,"thumbnail_height":519,"description":"Karab\u00fck&#8217;\u00fcn Yenice il\u00e7esinde camide \u00e7\u0131kan yang\u0131n, itfaiye ekiplerinin m\u00fcdahalesiyle s\u00f6nd\u00fcr\u00fcld\u00fc. Olay, il\u00e7eye ba\u011fl\u0131 Kayaarkas\u0131 k\u00f6y\u00fcnde meydana geldi. Holamano\u011flu Mahallesi Camii&#8217;nde hen\u00fcz bilinmeyen bir nedenle yang\u0131n \u00e7\u0131kt\u0131. Alevleri fark eden vatanda\u015flar\u0131n ihbar\u0131 \u00fczerine b\u00f6lgeye itfaiye ve jandarma ekipleri sevk edildi. Olay yerine gelen ekipler, yang\u0131na k\u0131sa s\u00fcrede m\u00fcdahale ederek kontrol alt\u0131na ald\u0131. Yang\u0131nda camide maddi hasar [&hellip;]"}