{"version":"1.0","provider_name":"Memurun Sesi","provider_url":"https:\/\/memurunsesi.net","author_name":"Memurun Sesi Haber Merkezi","author_url":"https:\/\/memurunsesi.net\/index.php\/author\/uniper\/","title":"Tav\u015fanl\u0131\u2019da elektrikli motosiklet devrildi: 1 yaral\u0131 - Memurun Sesi","type":"rich","width":600,"height":338,"html":"<blockquote class=\"wp-embedded-content\" data-secret=\"yHuPoldvu6\"><a href=\"https:\/\/memurunsesi.net\/index.php\/2025\/05\/19\/tavsanlida-elektrikli-motosiklet-devrildi-1-yarali\/\">Tav\u015fanl\u0131\u2019da elektrikli motosiklet devrildi: 1 yaral\u0131<\/a><\/blockquote><iframe sandbox=\"allow-scripts\" security=\"restricted\" src=\"https:\/\/memurunsesi.net\/index.php\/2025\/05\/19\/tavsanlida-elektrikli-motosiklet-devrildi-1-yarali\/embed\/#?secret=yHuPoldvu6\" width=\"600\" height=\"338\" title=\"&#8220;Tav\u015fanl\u0131\u2019da elektrikli motosiklet devrildi: 1 yaral\u0131&#8221; &#8212; Memurun Sesi\" data-secret=\"yHuPoldvu6\" frameborder=\"0\" marginwidth=\"0\" marginheight=\"0\" scrolling=\"no\" class=\"wp-embedded-content\"><\/iframe><script type=\"text\/javascript\">\n\/* <![CDATA[ *\/\n\/*! This file is auto-generated *\/\n!function(d,l){\"use strict\";l.querySelector&&d.addEventListener&&\"undefined\"!=typeof URL&&(d.wp=d.wp||{},d.wp.receiveEmbedMessage||(d.wp.receiveEmbedMessage=function(e){var t=e.data;if((t||t.secret||t.message||t.value)&&!\/[^a-zA-Z0-9]\/.test(t.secret)){for(var s,r,n,a=l.querySelectorAll('iframe[data-secret=\"'+t.secret+'\"]'),o=l.querySelectorAll('blockquote[data-secret=\"'+t.secret+'\"]'),c=new RegExp(\"^https?:$\",\"i\"),i=0;i<o.length;i++)o[i].style.display=\"none\";for(i=0;i<a.length;i++)s=a[i],e.source===s.contentWindow&&(s.removeAttribute(\"style\"),\"height\"===t.message?(1e3<(r=parseInt(t.value,10))?r=1e3:~~r<200&&(r=200),s.height=r):\"link\"===t.message&&(r=new URL(s.getAttribute(\"src\")),n=new URL(t.value),c.test(n.protocol))&&n.host===r.host&&l.activeElement===s&&(d.top.location.href=t.value))}},d.addEventListener(\"message\",d.wp.receiveEmbedMessage,!1),l.addEventListener(\"DOMContentLoaded\",function(){for(var e,t,s=l.querySelectorAll(\"iframe.wp-embedded-content\"),r=0;r<s.length;r++)(t=(e=s[r]).getAttribute(\"data-secret\"))||(t=Math.random().toString(36).substring(2,12),e.src+=\"#?secret=\"+t,e.setAttribute(\"data-secret\",t)),e.contentWindow.postMessage({message:\"ready\",secret:t},\"*\")},!1)))}(window,document);\n\/\/# sourceURL=https:\/\/memurunsesi.net\/wp-includes\/js\/wp-embed.min.js\n\/* ]]> *\/\n<\/script>\n","thumbnail_url":"https:\/\/memurunsesi.net\/wp-content\/uploads\/2025\/05\/AW458469_01.jpg","thumbnail_width":995,"thumbnail_height":591,"description":"K\u00fctahya&#8217;n\u0131n Tav\u015fanl\u0131 il\u00e7esinde elektrikli motosikletin devrilmesi sonucu s\u00fcr\u00fcc\u00fc yaraland\u0131. Edinilen bilgilere g\u00f6re, Kavakl\u0131 Mahallesi hastane rampas\u0131nda Murat A. idaresindeki 43 AHD 477 plakal\u0131 elektrikli motosiklet, \u015eehit Uzman \u00c7avu\u015f Mustafa Alt\u0131nel Caddesi \u00fczerinde bulunan kesin viraja geldi\u011fi s\u0131rada devrildi. Kaza ihbar\u0131 \u00fczerine olay yerine sa\u011fl\u0131k ve polis ekipleri sevk edildi. Kazada yaralanan motosiklet s\u00fcr\u00fcc\u00fcs\u00fc, ilk m\u00fcdahalesinin [&hellip;]"}