{"version":"1.0","provider_name":"Memurun Sesi","provider_url":"https:\/\/memurunsesi.net","author_name":"Memurun Sesi Haber Merkezi","author_url":"https:\/\/memurunsesi.net\/index.php\/author\/uniper\/","title":"\u00c7ardak Bilim \u015eenli\u011findeki projeler g\u00f6z doldurdu - Memurun Sesi","type":"rich","width":600,"height":338,"html":"<blockquote class=\"wp-embedded-content\" data-secret=\"KV131J7sjv\"><a href=\"https:\/\/memurunsesi.net\/index.php\/2025\/05\/22\/cardak-bilim-senligindeki-projeler-goz-doldurdu\/\">\u00c7ardak Bilim \u015eenli\u011findeki projeler g\u00f6z doldurdu<\/a><\/blockquote><iframe sandbox=\"allow-scripts\" security=\"restricted\" src=\"https:\/\/memurunsesi.net\/index.php\/2025\/05\/22\/cardak-bilim-senligindeki-projeler-goz-doldurdu\/embed\/#?secret=KV131J7sjv\" width=\"600\" height=\"338\" title=\"&#8220;\u00c7ardak Bilim \u015eenli\u011findeki projeler g\u00f6z doldurdu&#8221; &#8212; Memurun Sesi\" data-secret=\"KV131J7sjv\" frameborder=\"0\" marginwidth=\"0\" marginheight=\"0\" scrolling=\"no\" class=\"wp-embedded-content\"><\/iframe><script type=\"text\/javascript\">\n\/* <![CDATA[ *\/\n\/*! This file is auto-generated *\/\n!function(d,l){\"use strict\";l.querySelector&&d.addEventListener&&\"undefined\"!=typeof URL&&(d.wp=d.wp||{},d.wp.receiveEmbedMessage||(d.wp.receiveEmbedMessage=function(e){var t=e.data;if((t||t.secret||t.message||t.value)&&!\/[^a-zA-Z0-9]\/.test(t.secret)){for(var s,r,n,a=l.querySelectorAll('iframe[data-secret=\"'+t.secret+'\"]'),o=l.querySelectorAll('blockquote[data-secret=\"'+t.secret+'\"]'),c=new RegExp(\"^https?:$\",\"i\"),i=0;i<o.length;i++)o[i].style.display=\"none\";for(i=0;i<a.length;i++)s=a[i],e.source===s.contentWindow&&(s.removeAttribute(\"style\"),\"height\"===t.message?(1e3<(r=parseInt(t.value,10))?r=1e3:~~r<200&&(r=200),s.height=r):\"link\"===t.message&&(r=new URL(s.getAttribute(\"src\")),n=new URL(t.value),c.test(n.protocol))&&n.host===r.host&&l.activeElement===s&&(d.top.location.href=t.value))}},d.addEventListener(\"message\",d.wp.receiveEmbedMessage,!1),l.addEventListener(\"DOMContentLoaded\",function(){for(var e,t,s=l.querySelectorAll(\"iframe.wp-embedded-content\"),r=0;r<s.length;r++)(t=(e=s[r]).getAttribute(\"data-secret\"))||(t=Math.random().toString(36).substring(2,12),e.src+=\"#?secret=\"+t,e.setAttribute(\"data-secret\",t)),e.contentWindow.postMessage({message:\"ready\",secret:t},\"*\")},!1)))}(window,document);\n\/\/# sourceURL=https:\/\/memurunsesi.net\/wp-includes\/js\/wp-embed.min.js\n\/* ]]> *\/\n<\/script>\n","thumbnail_url":"https:\/\/memurunsesi.net\/wp-content\/uploads\/2025\/05\/AW460133_01.jpg","thumbnail_width":815,"thumbnail_height":455,"description":"Denizli\u2019nin \u00c7ardak il\u00e7esinde d\u00fczenlenen Bilim, K\u00fclt\u00fcr ve Sanat \u015eenli\u011finde yer alan \u00f6\u011frenci projeleri, ziyaret\u00e7ilerin takdirini toplad\u0131. Denizli\u2019nin \u00c7ardak il\u00e7esinde d\u00fczenlenen 2025 Bilim, K\u00fclt\u00fcr ve Sanat \u015eenli\u011fi, geni\u015f kat\u0131l\u0131ml\u0131 bir t\u00f6renle ba\u015flad\u0131. Denizli Valisi \u00d6mer Faruk Co\u015fkun, \u00c7ardak Kaymakam\u0131 Levent K\u00fc\u00e7\u00fck, \u00c7ardak Belediye Ba\u015fkan\u0131 Ali Alt\u0131ner ve il\u00e7e protokol\u00fcn\u00fcn kat\u0131l\u0131mlar\u0131yla tarihi \u00c7ardak Kervansaray\u0131nda ger\u00e7ekle\u015ftirilen \u00c7ardak Bilim, [&hellip;]"}