{"version":"1.0","provider_name":"Memurun Sesi","provider_url":"https:\/\/memurunsesi.net","author_name":"Memurun Sesi Haber Merkezi","author_url":"https:\/\/memurunsesi.net\/index.php\/author\/uniper\/","title":"Sar\u0131g\u00f6l'de tar\u0131m i\u00e7in dijital hamle - Memurun Sesi","type":"rich","width":600,"height":338,"html":"<blockquote class=\"wp-embedded-content\" data-secret=\"KEGt5dEKS7\"><a href=\"https:\/\/memurunsesi.net\/index.php\/2025\/06\/03\/sarigolde-tarim-icin-dijital-hamle\/\">Sar\u0131g\u00f6l&#8217;de tar\u0131m i\u00e7in dijital hamle<\/a><\/blockquote><iframe sandbox=\"allow-scripts\" security=\"restricted\" src=\"https:\/\/memurunsesi.net\/index.php\/2025\/06\/03\/sarigolde-tarim-icin-dijital-hamle\/embed\/#?secret=KEGt5dEKS7\" width=\"600\" height=\"338\" title=\"&#8220;Sar\u0131g\u00f6l&#8217;de tar\u0131m i\u00e7in dijital hamle&#8221; &#8212; Memurun Sesi\" data-secret=\"KEGt5dEKS7\" frameborder=\"0\" marginwidth=\"0\" marginheight=\"0\" scrolling=\"no\" class=\"wp-embedded-content\"><\/iframe><script type=\"text\/javascript\">\n\/* <![CDATA[ *\/\n\/*! This file is auto-generated *\/\n!function(d,l){\"use strict\";l.querySelector&&d.addEventListener&&\"undefined\"!=typeof URL&&(d.wp=d.wp||{},d.wp.receiveEmbedMessage||(d.wp.receiveEmbedMessage=function(e){var t=e.data;if((t||t.secret||t.message||t.value)&&!\/[^a-zA-Z0-9]\/.test(t.secret)){for(var s,r,n,a=l.querySelectorAll('iframe[data-secret=\"'+t.secret+'\"]'),o=l.querySelectorAll('blockquote[data-secret=\"'+t.secret+'\"]'),c=new RegExp(\"^https?:$\",\"i\"),i=0;i<o.length;i++)o[i].style.display=\"none\";for(i=0;i<a.length;i++)s=a[i],e.source===s.contentWindow&&(s.removeAttribute(\"style\"),\"height\"===t.message?(1e3<(r=parseInt(t.value,10))?r=1e3:~~r<200&&(r=200),s.height=r):\"link\"===t.message&&(r=new URL(s.getAttribute(\"src\")),n=new URL(t.value),c.test(n.protocol))&&n.host===r.host&&l.activeElement===s&&(d.top.location.href=t.value))}},d.addEventListener(\"message\",d.wp.receiveEmbedMessage,!1),l.addEventListener(\"DOMContentLoaded\",function(){for(var e,t,s=l.querySelectorAll(\"iframe.wp-embedded-content\"),r=0;r<s.length;r++)(t=(e=s[r]).getAttribute(\"data-secret\"))||(t=Math.random().toString(36).substring(2,12),e.src+=\"#?secret=\"+t,e.setAttribute(\"data-secret\",t)),e.contentWindow.postMessage({message:\"ready\",secret:t},\"*\")},!1)))}(window,document);\n\/\/# sourceURL=https:\/\/memurunsesi.net\/wp-includes\/js\/wp-embed.min.js\n\/* ]]> *\/\n<\/script>\n","description":"Manisa&#8217;n\u0131n Sar\u0131g\u00f6l il\u00e7esinde, tar\u0131m alanlar\u0131n\u0131n izlenmesi ve tar\u0131msal \u00fcretim planlamas\u0131n\u0131n etkin \u015fekilde yap\u0131labilmesi amac\u0131yla dijital tar\u0131m uygulamalar\u0131 kapsam\u0131nda referans parsel veri toplama \u00e7al\u0131\u015fmalar\u0131na ba\u015fland\u0131. Sar\u0131g\u00f6l \u0130l\u00e7e Tar\u0131m ve Orman M\u00fcd\u00fcrl\u00fc\u011f\u00fc ekipleri, \u00fcr\u00fcn belirleme (s\u0131n\u0131flama) analizlerinde kullan\u0131lmak \u00fczere referans parsel veri toplama \u00e7al\u0131\u015fmalar\u0131na ba\u015flad\u0131. \u0130l\u00e7e genelinde s\u00fcrd\u00fcr\u00fclen \u00e7al\u0131\u015fmalarda, tar\u0131m arazileri tek tek incelenerek dijital verilerle kay\u0131t [&hellip;]"}